{"id":14887,"date":"2022-11-04T14:30:21","date_gmt":"2022-11-04T13:30:21","guid":{"rendered":"https:\/\/www.ile-blanche.com\/location-velo\/"},"modified":"2022-11-08T16:09:55","modified_gmt":"2022-11-08T15:09:55","slug":"alquiler-de-bicicletas","status":"publish","type":"page","link":"https:\/\/www.ile-blanche.com\/es\/alquiler-de-bicicletas\/","title":{"rendered":"Location v\u00e9lo"},"content":{"rendered":"<section id=\"ls-section-block_a383732974cb6ba81afb3d2e261d5aa1\" class=\"ls-section  page-one home-fourth m-b-0\" >\n        <div class=\"container container--wide\">\n        \n\n<div class=\"wp-block-columns is-layout-flex wp-container-core-columns-is-layout-9d6595d7 wp-block-columns-is-layout-flex\">\n<div class=\"wp-block-column is-vertically-aligned-center is-layout-flow wp-block-column-is-layout-flow\">\n<figure class=\"wp-block-image size-full\"><a href=\"https:\/\/www.ile-blanche.com\/wp-content\/uploads\/2022\/08\/balade-velo-charente-maritime.jpg\"><img decoding=\"async\" width=\"990\" height=\"634\" src=\"https:\/\/www.ile-blanche.com\/wp-content\/uploads\/2022\/08\/balade-velo-charente-maritime.jpg\" alt=\"paseo en bicicleta por la charente mar\u00edtima\" class=\"wp-image-8914\" srcset=\"https:\/\/www.ile-blanche.com\/wp-content\/uploads\/2022\/08\/balade-velo-charente-maritime.jpg 990w, https:\/\/www.ile-blanche.com\/wp-content\/uploads\/2022\/08\/balade-velo-charente-maritime-300x192.jpg 300w, https:\/\/www.ile-blanche.com\/wp-content\/uploads\/2022\/08\/balade-velo-charente-maritime-768x492.jpg 768w\" sizes=\"(max-width: 990px) 100vw, 990px\" \/><\/a><\/figure>\n<\/div>\n\n\n\n<div class=\"wp-block-column is-vertically-aligned-center is-layout-flow wp-block-column-is-layout-flow\">\n<h1 class=\"ls-heading wp-block-heading\">ALQUILER DE BICICLETAS EN LA ISLA DE RE<\/h1>\n\n\n\n<h2 class=\"ls-heading wp-block-heading\">\u00bfPor qu\u00e9 alquilar una bicicleta en la isla de R\u00e9?<\/h2>\n\n\n\n<p class=\"ls-paragraph\">Ideal para su estancia con amigos o en familia, <strong>el alquiler de bicicletas<\/strong> en Ile de R\u00e9 sigue siendo la mejor alternativa para explorar La Flotte en R\u00e9 y sus alrededores.<\/p>\n\n\n\n<p class=\"ls-paragraph\">L\u2019\u00eele Blanche, <a href=\"\/es\/\">Camping de 4 estrellas en la Isla de R\u00e9<\/a> Ofrecemos alquiler de bicicletas: la forma ideal de moverse y descubrir el sublime paisaje de la isla, el ciclismo de carretera se puede hacer en m\u00e1s de 100 km de carril bici que tiene la isla de R\u00e9, lo que permite combinar el turismo y el respeto al medio ambiente durante los paseos en bicicleta por las v\u00edas verdes.<\/p>\n\n\n\n<p class=\"ls-paragraph\">Cerca del <strong>Mus\u00e9e du Platin<\/strong>, la <strong>playa de Arnerault<\/strong>, por ejemplo, se puede alcanzar en un pu\u00f1ado de minutos en bicicleta urbana, mientras que las tiendas m\u00e1s cercanas est\u00e1n a s\u00f3lo 1 kil\u00f3metro.<\/p>\n<\/div>\n<\/div>\n\n\n    <\/div>\n<\/section>\n\n<section id=\"ls-section-block_75993e6aa7700b968bb7578a4539930d\" class=\"ls-section  page-two home-second has-background has-color-4-background-color\" >\n        <div class=\"container container--full\">\n        \n\n<div class=\"wp-block-columns m-b-8 is-layout-flex wp-container-core-columns-is-layout-9d6595d7 wp-block-columns-is-layout-flex\">\n<div class=\"wp-block-column is-vertically-aligned-center column-left is-layout-flow wp-block-column-is-layout-flow\" style=\"flex-basis:33.33%\">\n<p class=\"ls-paragraph\">Al elegir este medio de transporte, combinar\u00e1 deporte y relajaci\u00f3n y har\u00e1 que sus viajes sean amenos al rodar en grupo como un pelot\u00f3n en el Tour de Francia. Adem\u00e1s, no tendr\u00e1 ninguna dificultad para llegar a cualquier parte de la isla, ya que el cicloturismo est\u00e1 muy desarrollado, ofreciendo carriles bici por toda la isla.<\/p>\n\n\n\n<p class=\"ls-paragraph\">Tambi\u00e9n ser\u00e1 agradable y \u00fatil la posibilidad de caminar por los numerosos senderos cercanos, algunos de los cuales pueden utilizarse como atajo, como el <strong>Chemin des Bardonni\u00e8res.<\/strong><\/p>\n<\/div>\n\n\n\n<div class=\"wp-block-column is-vertically-aligned-center is-layout-flow wp-block-column-is-layout-flow\" style=\"flex-basis:66.66%\">\n<figure class=\"wp-block-gallery has-nested-images columns-1 is-cropped galerie-image wp-block-gallery-1 is-layout-flex wp-block-gallery-is-layout-flex\">\n<figure class=\"wp-block-image size-full\"><a href=\"https:\/\/www.ile-blanche.com\/wp-content\/uploads\/2022\/08\/activite-velo-charente-maritime.jpg\"><img decoding=\"async\" width=\"990\" height=\"634\" data-id=\"8930\" src=\"https:\/\/www.ile-blanche.com\/wp-content\/uploads\/2022\/08\/activite-velo-charente-maritime.jpg\" alt=\"activite velo charente maritime\" class=\"wp-image-8930\" srcset=\"https:\/\/www.ile-blanche.com\/wp-content\/uploads\/2022\/08\/activite-velo-charente-maritime.jpg 990w, https:\/\/www.ile-blanche.com\/wp-content\/uploads\/2022\/08\/activite-velo-charente-maritime-300x192.jpg 300w, https:\/\/www.ile-blanche.com\/wp-content\/uploads\/2022\/08\/activite-velo-charente-maritime-768x492.jpg 768w\" sizes=\"(max-width: 990px) 100vw, 990px\" \/><\/a><\/figure>\n\n\n\n<figure class=\"wp-block-image size-full\"><a href=\"https:\/\/www.ile-blanche.com\/wp-content\/uploads\/2022\/08\/pistes-cyclables-charente-maritime.jpg\"><img decoding=\"async\" width=\"990\" height=\"634\" data-id=\"8898\" src=\"https:\/\/www.ile-blanche.com\/wp-content\/uploads\/2022\/08\/pistes-cyclables-charente-maritime.jpg\" alt=\"pistes cyclables charente maritime\" class=\"wp-image-8898\" srcset=\"https:\/\/www.ile-blanche.com\/wp-content\/uploads\/2022\/08\/pistes-cyclables-charente-maritime.jpg 990w, https:\/\/www.ile-blanche.com\/wp-content\/uploads\/2022\/08\/pistes-cyclables-charente-maritime-300x192.jpg 300w, https:\/\/www.ile-blanche.com\/wp-content\/uploads\/2022\/08\/pistes-cyclables-charente-maritime-768x492.jpg 768w\" sizes=\"(max-width: 990px) 100vw, 990px\" \/><\/a><\/figure>\n\n\n\n<figure class=\"wp-block-image size-full\"><a href=\"https:\/\/www.ile-blanche.com\/wp-content\/uploads\/2022\/08\/activite-velo-ile-de-re.jpg\"><img decoding=\"async\" width=\"990\" height=\"634\" data-id=\"8934\" src=\"https:\/\/www.ile-blanche.com\/wp-content\/uploads\/2022\/08\/activite-velo-ile-de-re.jpg\" alt=\"activite velo ile de re\" class=\"wp-image-8934\" srcset=\"https:\/\/www.ile-blanche.com\/wp-content\/uploads\/2022\/08\/activite-velo-ile-de-re.jpg 990w, https:\/\/www.ile-blanche.com\/wp-content\/uploads\/2022\/08\/activite-velo-ile-de-re-300x192.jpg 300w, https:\/\/www.ile-blanche.com\/wp-content\/uploads\/2022\/08\/activite-velo-ile-de-re-768x492.jpg 768w\" sizes=\"(max-width: 990px) 100vw, 990px\" \/><\/a><\/figure>\n\n\n\n<figure class=\"wp-block-image size-full\"><a href=\"https:\/\/www.ile-blanche.com\/wp-content\/uploads\/2022\/08\/louer-velo-charente-maritime.jpg\"><img decoding=\"async\" width=\"990\" height=\"634\" data-id=\"8921\" src=\"https:\/\/www.ile-blanche.com\/wp-content\/uploads\/2022\/08\/louer-velo-charente-maritime.jpg\" alt=\"louer velo charente maritime\" class=\"wp-image-8921\" srcset=\"https:\/\/www.ile-blanche.com\/wp-content\/uploads\/2022\/08\/louer-velo-charente-maritime.jpg 990w, https:\/\/www.ile-blanche.com\/wp-content\/uploads\/2022\/08\/louer-velo-charente-maritime-300x192.jpg 300w, https:\/\/www.ile-blanche.com\/wp-content\/uploads\/2022\/08\/louer-velo-charente-maritime-768x492.jpg 768w\" sizes=\"(max-width: 990px) 100vw, 990px\" \/><\/a><\/figure>\n<\/figure>\n<\/div>\n<\/div>\n\n\n    <\/div>\n<\/section>\n\n<section id=\"ls-section-block_921a93766f3ba6afd3fca1b88e549144\" class=\"ls-section \" >\n        <div class=\"container \">\n        \n\n<h2 class=\"ls__heading has-text-align-center p-b-4 wp-block-heading\">Tarifas de alquiler en Ile de R\u00e9<\/h2>\n\n\n\n<table id=\"tablepress-7\" class=\"tablepress tablepress-id-7\">\n<thead>\n<tr class=\"row-1\">\n\t<td class=\"column-1\"><\/td><th class=\"column-2\">1 d\u00eda<\/th><th class=\"column-3\">2 d\u00edas<\/th><th class=\"column-4\">3 d\u00edas<\/th><th class=\"column-5\">4 d\u00edas<\/th><th class=\"column-6\">5 d\u00edas<\/th><th class=\"column-7\">6 d\u00edas<\/th><th class=\"column-8\">d\u00edas adicionales<\/th>\n<\/tr>\n<\/thead>\n<tbody class=\"row-striping row-hover\">\n<tr class=\"row-2\">\n\t<td class=\"column-1\">Seguidor<\/td><td class=\"column-2\">11\u20ac<\/td><td class=\"column-3\">18\u20ac<\/td><td class=\"column-4\">25\u20ac<\/td><td class=\"column-5\">31\u20ac<\/td><td class=\"column-6\">36\u20ac<\/td><td class=\"column-7\">41\u20ac<\/td><td class=\"column-8\">5\/D\u00cdA<\/td>\n<\/tr>\n<tr class=\"row-3\">\n\t<td class=\"column-1\">Adulto<\/td><td class=\"column-2\">15\u20ac<\/td><td class=\"column-3\">23\u20ac<\/td><td class=\"column-4\">31\u20ac<\/td><td class=\"column-5\">38\u20ac<\/td><td class=\"column-6\">44\u20ac<\/td><td class=\"column-7\">50\u20ac<\/td><td class=\"column-8\">12\/D\u00cdA<\/td>\n<\/tr>\n<tr class=\"row-4\">\n\t<td class=\"column-1\">Remolque<\/td><td class=\"column-2\">15\u20ac<\/td><td class=\"column-3\">22\u20ac<\/td><td class=\"column-4\">28\u20ac<\/td><td class=\"column-5\">34\u20ac<\/td><td class=\"column-6\">39\u20ac<\/td><td class=\"column-7\">45\u20ac<\/td><td class=\"column-8\">5\/D\u00cdA<\/td>\n<\/tr>\n<tr class=\"row-5\">\n\t<td class=\"column-1\">Asiento de beb\u00e9<\/td><td class=\"column-2\">2\u20ac<\/td><td class=\"column-3\">4\u20ac<\/td><td class=\"column-4\">6\u20ac<\/td><td class=\"column-5\">8\u20ac<\/td><td class=\"column-6\">10\u20ac<\/td><td class=\"column-7\">12\u20ac<\/td><td class=\"column-8\">1\/D\u00cdA<\/td>\n<\/tr>\n<tr class=\"row-6\">\n\t<td class=\"column-1\">El\u00e9ctrico<\/td><td class=\"column-2\">29\u20ac<\/td><td class=\"column-3\">49\u20ac<\/td><td class=\"column-4\">69\u20ac<\/td><td class=\"column-5\">85\u20ac<\/td><td class=\"column-6\">99\u20ac<\/td><td class=\"column-7\">112\u20ac<\/td><td class=\"column-8\">18\/D\u00cdA<\/td>\n<\/tr>\n<\/tbody>\n<\/table>\n<!-- #tablepress-7 from cache -->\n\n\n    <\/div>\n<\/section>\n\n<section id=\"ls-section-block_e242a8d41e763e62014a15d1e2a0ea7c\" class=\"ls-section  home-seventh\" >\n        <div class=\"container container--full\">\n        \n\n<div class=\"wp-block-columns are-vertically-aligned-center is-layout-flex wp-container-core-columns-is-layout-9d6595d7 wp-block-columns-is-layout-flex\">\n<div class=\"wp-block-column is-vertically-aligned-center is-layout-flow wp-block-column-is-layout-flow\" style=\"flex-basis:66.66%\">\n<figure class=\"wp-block-image size-full\"><img decoding=\"async\" width=\"990\" height=\"634\" src=\"https:\/\/www.ile-blanche.com\/wp-content\/uploads\/2022\/08\/pistes-cyclables-ile-de-re.jpg\" alt=\"pistes cyclables ile de re\" class=\"wp-image-8939\" srcset=\"https:\/\/www.ile-blanche.com\/wp-content\/uploads\/2022\/08\/pistes-cyclables-ile-de-re.jpg 990w, https:\/\/www.ile-blanche.com\/wp-content\/uploads\/2022\/08\/pistes-cyclables-ile-de-re-300x192.jpg 300w, https:\/\/www.ile-blanche.com\/wp-content\/uploads\/2022\/08\/pistes-cyclables-ile-de-re-768x492.jpg 768w\" sizes=\"(max-width: 990px) 100vw, 990px\" \/><\/figure>\n<\/div>\n\n\n\n<div class=\"wp-block-column is-vertically-aligned-center column-right is-layout-flow wp-block-column-is-layout-flow\" style=\"flex-basis:33.33%\">\n<h2 class=\"ls-heading wp-block-heading\">Itinerario ciclista en la Isla de R\u00e9<\/h2>\n\n\n\n<p class=\"ls-paragraph\">Para aprovechar al m\u00e1ximo su <strong>alquiler de bicicletas<\/strong> en la Isla de R\u00e9, consulte nuestros <strong>recorridos<\/strong> e <strong>itinerarios<\/strong>.<\/p>\n\n\n\n<p class=\"ls-paragraph\">Para los turistas, existen varios itinerarios para recorrer la isla de R\u00e9 en bicicleta, partiendo del camping de La Flotte en R\u00e9.<\/p>\n\n\n\n<ul class=\"ls-list wp-block-list\">\n<li>De Ars-en-R\u00e9 a Sainte-Marie-de-R\u00e9, pasando por Le Bois-Plage, Saint-Martin-de-R\u00e9 o Les Portes-en-R\u00e9, an\u00edmese a pedalear para viajar de forma econ\u00f3mica y ecol\u00f3gica.<br><br><\/li>\n\n\n\n<li>No olvide pasar por La Couarde-sur-Mer, Saint-Cl\u00e9ment-des-Baleines y Rivedoux-Plage si quiere recorrer en bicicleta todo el archipi\u00e9lago de la Charente.<\/li>\n<\/ul>\n<\/div>\n<\/div>\n\n\n    <\/div>\n<\/section>\n\n<section id=\"ls-section-block_e0d6afff474c38a2c68172e718922ed8\" class=\"ls-section  page-four has-background-image\" >\n    <div class=\"ls-section__background-image opacity-100\"><img decoding=\"async\" src=\"https:\/\/www.ile-blanche.com\/wp-content\/uploads\/2022\/08\/location-velo-charente-maritime.jpg\" alt=\"location velo charente maritime\"><\/div>    <div class=\"container container--wide\">\n        \n\n<div class=\"wp-block-columns is-layout-flex wp-container-core-columns-is-layout-9d6595d7 wp-block-columns-is-layout-flex\">\n<div class=\"wp-block-column is-layout-flow wp-block-column-is-layout-flow\">\n<p class=\"ls-paragraph\">Si quiere subirse al sill\u00edn, venga a alquilar una bicicleta con asistencia el\u00e9ctrica en el camping \u00cele Blanche **** y disfrute del ciclismo. Nunca dejar\u00e1s de lado tu veh\u00edculo de dos ruedas en tus viajes porque ser\u00e1 muy divertido conducirlo durante las vacaciones.<\/p>\n\n\n\n<p class=\"ls-paragraph\">Las tarifas de alquiler se encuentran en la tabla de al lado y var\u00edan en funci\u00f3n de las especificidades de cada tipo de bicicleta que se alquila.<\/p>\n\n\n\n<p class=\"ls-paragraph\">Tenga en cuenta que se requiere un dep\u00f3sito de 200\u20ac para cada <strong>alquiler de bicicletas en la Isla de Re<\/strong>. Y se requerir\u00e1 un dep\u00f3sito de 1000\u20ac para el alquiler de una bicicleta el\u00e9ctrica.<\/p>\n<\/div>\n<\/div>\n\n\n    <\/div>\n<\/section>\n\n<section id=\"ls-section-block_c4a9c1a9fe21a557a92864b115e5bcf2\" class=\"ls-section  home-eighth m-b-0\" >\n        <div class=\"container container--wide\">\n        \n\n<div id=\"ls-heading ls-titre-div-block_cdc07f7ebcdd191d6719159f9114665a\" class=\"ls-titre-div aligncenter h2-like\" >\n    Nuestro restaurante y actividades en la isla de R\u00e9<\/div>\n\n\n<div id=\"ls-maillage-block_30a469edfefaae1a32e1d8417cb6a096\" class=\"ls-maillage cta-style-normal\" data-rows=\"3\">\r\n    <div class=\"wp-block-columns\"><div class=\"wp-block-column\"><div class=\"ls-cta\">\n\n<a href=\"https:\/\/www.ile-blanche.com\/es\/cafeteria-y-restaurante\/\" target=\"\" rel=\"noopener\" class=\"ls-cta__link\">\n\n\t<div class=\"ls-cta__image\"><img decoding=\"async\" src=\"https:\/\/www.ile-blanche.com\/wp-content\/uploads\/2022\/08\/restaurant-terasse-ile-de-re.jpg\" alt=\"restaurant-terrasse-ile-de-re\"><\/div>\t<span class=\"ile-blanche-right-arrow\"><\/span>\n\t<div class=\"ls-cta__title\">\n\t\t> Merienda y catering\t<\/div>\n\n\t\n<\/a><\/div><\/div><div class=\"wp-block-column\"><div class=\"ls-cta\">\n\n<a href=\"https:\/\/www.ile-blanche.com\/es\/actividades-ile-de-re\/\" target=\"\" rel=\"noopener\" class=\"ls-cta__link\">\n\n\t<div class=\"ls-cta__image\"><img decoding=\"async\" src=\"https:\/\/www.ile-blanche.com\/wp-content\/uploads\/2022\/09\/decouvrir-st-clement-baleines-a-re.jpg\" alt=\"decouvrir st clement-baleines a re\"><\/div>\t<span class=\"ile-blanche-right-arrow\"><\/span>\n\t<div class=\"ls-cta__title\">\n\t\t> Actividades en la isla de R\u00e9\t<\/div>\n\n\t\n<\/a><\/div><\/div><\/div><\/div>\n\n    <\/div>\n<\/section>","protected":false},"excerpt":{"rendered":"","protected":false},"author":1,"featured_media":8883,"parent":0,"menu_order":0,"comment_status":"closed","ping_status":"closed","template":"","meta":{"_acf_changed":false,"footnotes":""},"sujet":[],"class_list":["post-14887","page","type-page","status-publish","has-post-thumbnail","hentry"],"acf":[],"yoast_head":"<!-- This site is optimized with the Yoast SEO plugin v25.3 - https:\/\/yoast.com\/wordpress\/plugins\/seo\/ -->\n<title>Alquiler de bicicletas \u00eele de R\u00e9 | CharenteMaritime | La Flotte en R\u00e9<\/title>\n<meta name=\"description\" content=\"Descubra los diferentes alquileres del camping Ile Blanche: descubra nuestro alquiler de bicicletas, la barbacoa y otros servicios.\" \/>\n<meta name=\"robots\" content=\"index, follow, max-snippet:-1, max-image-preview:large, max-video-preview:-1\" \/>\n<link rel=\"canonical\" href=\"https:\/\/www.ile-blanche.com\/es\/alquiler-de-bicicletas\/\" \/>\n<meta property=\"og:locale\" content=\"es_ES\" \/>\n<meta property=\"og:type\" content=\"article\" \/>\n<meta property=\"og:title\" content=\"Alquiler de bicicletas \u00eele de R\u00e9 | CharenteMaritime | La Flotte en R\u00e9\" \/>\n<meta property=\"og:description\" content=\"Descubra los diferentes alquileres del camping Ile Blanche: descubra nuestro alquiler de bicicletas, la barbacoa y otros servicios.\" \/>\n<meta property=\"og:url\" content=\"https:\/\/www.ile-blanche.com\/es\/alquiler-de-bicicletas\/\" \/>\n<meta property=\"og:site_name\" content=\"L&#039;\u00cele Blanche\" \/>\n<meta property=\"article:modified_time\" content=\"2022-11-08T15:09:55+00:00\" \/>\n<meta property=\"og:image\" content=\"https:\/\/www.ile-blanche.com\/wp-content\/uploads\/2022\/08\/louer-velo-ile-de-re.jpg\" \/>\n\t<meta property=\"og:image:width\" content=\"1920\" \/>\n\t<meta property=\"og:image:height\" content=\"480\" \/>\n\t<meta property=\"og:image:type\" content=\"image\/jpeg\" \/>\n<meta name=\"twitter:card\" content=\"summary_large_image\" \/>\n<meta name=\"twitter:label1\" content=\"Tiempo de lectura\" \/>\n\t<meta name=\"twitter:data1\" content=\"4 minutos\" \/>\n<script type=\"application\/ld+json\" class=\"yoast-schema-graph\">{\"@context\":\"https:\/\/schema.org\",\"@graph\":[{\"@type\":\"WebPage\",\"@id\":\"https:\/\/www.ile-blanche.com\/es\/alquiler-de-bicicletas\/\",\"url\":\"https:\/\/www.ile-blanche.com\/es\/alquiler-de-bicicletas\/\",\"name\":\"Alquiler de bicicletas \u00eele de R\u00e9 | CharenteMaritime | La Flotte en R\u00e9\",\"isPartOf\":{\"@id\":\"https:\/\/www.ile-blanche.com\/es\/#website\"},\"primaryImageOfPage\":{\"@id\":\"https:\/\/www.ile-blanche.com\/es\/alquiler-de-bicicletas\/#primaryimage\"},\"image\":{\"@id\":\"https:\/\/www.ile-blanche.com\/es\/alquiler-de-bicicletas\/#primaryimage\"},\"thumbnailUrl\":\"https:\/\/www.ile-blanche.com\/wp-content\/uploads\/2022\/08\/louer-velo-ile-de-re.jpg\",\"datePublished\":\"2022-11-04T13:30:21+00:00\",\"dateModified\":\"2022-11-08T15:09:55+00:00\",\"description\":\"Descubra los diferentes alquileres del camping Ile Blanche: descubra nuestro alquiler de bicicletas, la barbacoa y otros servicios.\",\"breadcrumb\":{\"@id\":\"https:\/\/www.ile-blanche.com\/es\/alquiler-de-bicicletas\/#breadcrumb\"},\"inLanguage\":\"es\",\"potentialAction\":[{\"@type\":\"ReadAction\",\"target\":[\"https:\/\/www.ile-blanche.com\/es\/alquiler-de-bicicletas\/\"]}]},{\"@type\":\"ImageObject\",\"inLanguage\":\"es\",\"@id\":\"https:\/\/www.ile-blanche.com\/es\/alquiler-de-bicicletas\/#primaryimage\",\"url\":\"https:\/\/www.ile-blanche.com\/wp-content\/uploads\/2022\/08\/louer-velo-ile-de-re.jpg\",\"contentUrl\":\"https:\/\/www.ile-blanche.com\/wp-content\/uploads\/2022\/08\/louer-velo-ile-de-re.jpg\",\"width\":1920,\"height\":480,\"caption\":\"louer velo ile de re\"},{\"@type\":\"BreadcrumbList\",\"@id\":\"https:\/\/www.ile-blanche.com\/es\/alquiler-de-bicicletas\/#breadcrumb\",\"itemListElement\":[{\"@type\":\"ListItem\",\"position\":1,\"name\":\"Camping Isla de Re\",\"item\":\"https:\/\/www.ile-blanche.com\/es\/\"},{\"@type\":\"ListItem\",\"position\":2,\"name\":\"Alquilar una bicicleta en la Isla de R\u00e9\"}]},{\"@type\":\"WebSite\",\"@id\":\"https:\/\/www.ile-blanche.com\/es\/#website\",\"url\":\"https:\/\/www.ile-blanche.com\/es\/\",\"name\":\"L'\u00cele Blanche\",\"description\":\"\",\"publisher\":{\"@id\":\"https:\/\/www.ile-blanche.com\/es\/#organization\"},\"potentialAction\":[{\"@type\":\"SearchAction\",\"target\":{\"@type\":\"EntryPoint\",\"urlTemplate\":\"https:\/\/www.ile-blanche.com\/es\/?s={search_term_string}\"},\"query-input\":{\"@type\":\"PropertyValueSpecification\",\"valueRequired\":true,\"valueName\":\"search_term_string\"}}],\"inLanguage\":\"es\"},{\"@type\":\"Organization\",\"@id\":\"https:\/\/www.ile-blanche.com\/es\/#organization\",\"name\":\"L'\u00cele Blanche\",\"url\":\"https:\/\/www.ile-blanche.com\/es\/\",\"logo\":{\"@type\":\"ImageObject\",\"inLanguage\":\"es\",\"@id\":\"https:\/\/www.ile-blanche.com\/es\/#\/schema\/logo\/image\/\",\"url\":\"https:\/\/www.ile-blanche.com\/wp-content\/uploads\/2022\/06\/cropped-logo-alt-ile-blanche.png\",\"contentUrl\":\"https:\/\/www.ile-blanche.com\/wp-content\/uploads\/2022\/06\/cropped-logo-alt-ile-blanche.png\",\"width\":512,\"height\":512,\"caption\":\"L'\u00cele Blanche\"},\"image\":{\"@id\":\"https:\/\/www.ile-blanche.com\/es\/#\/schema\/logo\/image\/\"}}]}<\/script>\n<!-- \/ Yoast SEO plugin. -->","yoast_head_json":{"title":"Alquiler de bicicletas \u00eele de R\u00e9 | CharenteMaritime | La Flotte en R\u00e9","description":"Descubra los diferentes alquileres del camping Ile Blanche: descubra nuestro alquiler de bicicletas, la barbacoa y otros servicios.","robots":{"index":"index","follow":"follow","max-snippet":"max-snippet:-1","max-image-preview":"max-image-preview:large","max-video-preview":"max-video-preview:-1"},"canonical":"https:\/\/www.ile-blanche.com\/es\/alquiler-de-bicicletas\/","og_locale":"es_ES","og_type":"article","og_title":"Alquiler de bicicletas \u00eele de R\u00e9 | CharenteMaritime | La Flotte en R\u00e9","og_description":"Descubra los diferentes alquileres del camping Ile Blanche: descubra nuestro alquiler de bicicletas, la barbacoa y otros servicios.","og_url":"https:\/\/www.ile-blanche.com\/es\/alquiler-de-bicicletas\/","og_site_name":"L&#039;\u00cele Blanche","article_modified_time":"2022-11-08T15:09:55+00:00","og_image":[{"width":1920,"height":480,"url":"https:\/\/www.ile-blanche.com\/wp-content\/uploads\/2022\/08\/louer-velo-ile-de-re.jpg","type":"image\/jpeg"}],"twitter_card":"summary_large_image","twitter_misc":{"Tiempo de lectura":"4 minutos"},"schema":{"@context":"https:\/\/schema.org","@graph":[{"@type":"WebPage","@id":"https:\/\/www.ile-blanche.com\/es\/alquiler-de-bicicletas\/","url":"https:\/\/www.ile-blanche.com\/es\/alquiler-de-bicicletas\/","name":"Alquiler de bicicletas \u00eele de R\u00e9 | CharenteMaritime | La Flotte en R\u00e9","isPartOf":{"@id":"https:\/\/www.ile-blanche.com\/es\/#website"},"primaryImageOfPage":{"@id":"https:\/\/www.ile-blanche.com\/es\/alquiler-de-bicicletas\/#primaryimage"},"image":{"@id":"https:\/\/www.ile-blanche.com\/es\/alquiler-de-bicicletas\/#primaryimage"},"thumbnailUrl":"https:\/\/www.ile-blanche.com\/wp-content\/uploads\/2022\/08\/louer-velo-ile-de-re.jpg","datePublished":"2022-11-04T13:30:21+00:00","dateModified":"2022-11-08T15:09:55+00:00","description":"Descubra los diferentes alquileres del camping Ile Blanche: descubra nuestro alquiler de bicicletas, la barbacoa y otros servicios.","breadcrumb":{"@id":"https:\/\/www.ile-blanche.com\/es\/alquiler-de-bicicletas\/#breadcrumb"},"inLanguage":"es","potentialAction":[{"@type":"ReadAction","target":["https:\/\/www.ile-blanche.com\/es\/alquiler-de-bicicletas\/"]}]},{"@type":"ImageObject","inLanguage":"es","@id":"https:\/\/www.ile-blanche.com\/es\/alquiler-de-bicicletas\/#primaryimage","url":"https:\/\/www.ile-blanche.com\/wp-content\/uploads\/2022\/08\/louer-velo-ile-de-re.jpg","contentUrl":"https:\/\/www.ile-blanche.com\/wp-content\/uploads\/2022\/08\/louer-velo-ile-de-re.jpg","width":1920,"height":480,"caption":"louer velo ile de re"},{"@type":"BreadcrumbList","@id":"https:\/\/www.ile-blanche.com\/es\/alquiler-de-bicicletas\/#breadcrumb","itemListElement":[{"@type":"ListItem","position":1,"name":"Camping Isla de Re","item":"https:\/\/www.ile-blanche.com\/es\/"},{"@type":"ListItem","position":2,"name":"Alquilar una bicicleta en la Isla de R\u00e9"}]},{"@type":"WebSite","@id":"https:\/\/www.ile-blanche.com\/es\/#website","url":"https:\/\/www.ile-blanche.com\/es\/","name":"L'\u00cele Blanche","description":"","publisher":{"@id":"https:\/\/www.ile-blanche.com\/es\/#organization"},"potentialAction":[{"@type":"SearchAction","target":{"@type":"EntryPoint","urlTemplate":"https:\/\/www.ile-blanche.com\/es\/?s={search_term_string}"},"query-input":{"@type":"PropertyValueSpecification","valueRequired":true,"valueName":"search_term_string"}}],"inLanguage":"es"},{"@type":"Organization","@id":"https:\/\/www.ile-blanche.com\/es\/#organization","name":"L'\u00cele Blanche","url":"https:\/\/www.ile-blanche.com\/es\/","logo":{"@type":"ImageObject","inLanguage":"es","@id":"https:\/\/www.ile-blanche.com\/es\/#\/schema\/logo\/image\/","url":"https:\/\/www.ile-blanche.com\/wp-content\/uploads\/2022\/06\/cropped-logo-alt-ile-blanche.png","contentUrl":"https:\/\/www.ile-blanche.com\/wp-content\/uploads\/2022\/06\/cropped-logo-alt-ile-blanche.png","width":512,"height":512,"caption":"L'\u00cele Blanche"},"image":{"@id":"https:\/\/www.ile-blanche.com\/es\/#\/schema\/logo\/image\/"}}]}},"_links":{"self":[{"href":"https:\/\/www.ile-blanche.com\/es\/wp-json\/wp\/v2\/pages\/14887","targetHints":{"allow":["GET"]}}],"collection":[{"href":"https:\/\/www.ile-blanche.com\/es\/wp-json\/wp\/v2\/pages"}],"about":[{"href":"https:\/\/www.ile-blanche.com\/es\/wp-json\/wp\/v2\/types\/page"}],"author":[{"embeddable":true,"href":"https:\/\/www.ile-blanche.com\/es\/wp-json\/wp\/v2\/users\/1"}],"replies":[{"embeddable":true,"href":"https:\/\/www.ile-blanche.com\/es\/wp-json\/wp\/v2\/comments?post=14887"}],"version-history":[{"count":20,"href":"https:\/\/www.ile-blanche.com\/es\/wp-json\/wp\/v2\/pages\/14887\/revisions"}],"predecessor-version":[{"id":16146,"href":"https:\/\/www.ile-blanche.com\/es\/wp-json\/wp\/v2\/pages\/14887\/revisions\/16146"}],"wp:featuredmedia":[{"embeddable":true,"href":"https:\/\/www.ile-blanche.com\/es\/wp-json\/wp\/v2\/media\/8883"}],"wp:attachment":[{"href":"https:\/\/www.ile-blanche.com\/es\/wp-json\/wp\/v2\/media?parent=14887"}],"wp:term":[{"taxonomy":"sujet","embeddable":true,"href":"https:\/\/www.ile-blanche.com\/es\/wp-json\/wp\/v2\/sujet?post=14887"}],"curies":[{"name":"wp","href":"https:\/\/api.w.org\/{rel}","templated":true}]}}