{"id":14846,"date":"2022-11-04T13:13:47","date_gmt":"2022-11-04T12:13:47","guid":{"rendered":"https:\/\/www.ile-blanche.com\/snack-et-restauration\/"},"modified":"2022-11-08T15:56:10","modified_gmt":"2022-11-08T14:56:10","slug":"cafeteria-y-restaurante","status":"publish","type":"page","link":"https:\/\/www.ile-blanche.com\/es\/cafeteria-y-restaurante\/","title":{"rendered":"Snack et restauration"},"content":{"rendered":"<section id=\"ls-section-block_cc434e66e29345c695fbf0d7a84139fd\" class=\"ls-section  page-one home-fourth m-b-0\" >\n        <div class=\"container container--wide\">\n        \n\n<div class=\"wp-block-columns is-layout-flex wp-container-core-columns-is-layout-9d6595d7 wp-block-columns-is-layout-flex\">\n<div class=\"wp-block-column is-vertically-aligned-center is-layout-flow wp-block-column-is-layout-flow\">\n<figure class=\"wp-block-image size-full\"><a href=\"https:\/\/www.ile-blanche.com\/wp-content\/uploads\/2022\/08\/bar-ile-de-re.jpg\"><img decoding=\"async\" width=\"990\" height=\"634\" src=\"https:\/\/www.ile-blanche.com\/wp-content\/uploads\/2022\/08\/bar-ile-de-re.jpg\" alt=\"bar ile de re\" class=\"wp-image-9020\" srcset=\"https:\/\/www.ile-blanche.com\/wp-content\/uploads\/2022\/08\/bar-ile-de-re.jpg 990w, https:\/\/www.ile-blanche.com\/wp-content\/uploads\/2022\/08\/bar-ile-de-re-300x192.jpg 300w, https:\/\/www.ile-blanche.com\/wp-content\/uploads\/2022\/08\/bar-ile-de-re-768x492.jpg 768w\" sizes=\"(max-width: 990px) 100vw, 990px\" \/><\/a><\/figure>\n<\/div>\n\n\n\n<div class=\"wp-block-column is-vertically-aligned-center is-layout-flow wp-block-column-is-layout-flow\">\n<h1 class=\"ls-heading wp-block-heading\">RESTAURANTE A LA FLOTA EN RE<\/h1>\n\n\n\n<h2 class=\"ls-heading wp-block-heading\">Su restaurante en la Isla de R\u00e9 en La Flotte<\/h2>\n\n\n\n<p class=\"ls-paragraph\">\u00bfBuscas un <strong>restaurante en La Flotte en R\u00e9<\/strong>?<\/p>\n\n\n\n<p class=\"ls-paragraph\">En el <strong>Poseid\u00f3n<\/strong> le espera una <strong>c\u00e1lida y cordial bienvenida<\/strong>.<\/p>\n\n\n\n<p class=\"ls-paragraph\">Podr\u00e1 disfrutar de refrescos y comidas mientras observa el <strong>parque infantil<\/strong> y la <strong>piscina<\/strong> en la terraza o en nuestra amplia sala panor\u00e1mica.<\/p>\n\n\n\n<p class=\"ls-paragraph\">Todos los d\u00edas se expone el men\u00fa del restaurante La Flotte en R\u00e9, as\u00ed como la carta de pizzas caseras y peque\u00f1os aperitivos. Para los m\u00e1s golosos: hay postres caseros y helados. Vaya a tomar un helado y disfr\u00fatelo en una de las playas del Oc\u00e9ano Atl\u00e1ntico.<\/p>\n<\/div>\n<\/div>\n\n\n    <\/div>\n<\/section>\n\n<section id=\"ls-section-block_4a3cafb63fdca3c6964aece72ebd7bdb\" class=\"ls-section  page-two home-second has-background has-color-4-background-color\" >\n        <div class=\"container container--full\">\n        \n\n<div class=\"wp-block-columns m-b-8 is-layout-flex wp-container-core-columns-is-layout-9d6595d7 wp-block-columns-is-layout-flex\">\n<div class=\"wp-block-column is-vertically-aligned-center column-left is-layout-flow wp-block-column-is-layout-flow\" style=\"flex-basis:33.33%\">\n<p class=\"ls-paragraph\">Por supuesto, tambi\u00e9n podr\u00e1 disfrutar de la <strong>terraza<\/strong> del restaurante La Flotte en R\u00e9, no muy lejos del centro del pueblo.<\/p>\n\n\n\n<p class=\"ls-paragraph\">\u00a1\u00a1\u00a1\u00a1No dude en pedirnos sus aperitivos: un \u00e9xito garantizado para sus veladas con amigos o en familia !!!!<\/p>\n\n\n\n<p class=\"ls-paragraph\">Para sus baguettes matutinas, el <a href=\"\/es\/\">camping Ile Blanche, en la isla de R\u00e9<\/a>, tiene un dep\u00f3sito de pan y boller\u00eda a su disposici\u00f3n durante las vacaciones escolares.<\/p>\n<\/div>\n\n\n\n<div class=\"wp-block-column is-vertically-aligned-center is-layout-flow wp-block-column-is-layout-flow\" style=\"flex-basis:66.66%\">\n<figure class=\"wp-block-gallery has-nested-images columns-1 is-cropped galerie-image wp-block-gallery-1 is-layout-flex wp-block-gallery-is-layout-flex\">\n<figure class=\"wp-block-image size-full\"><a href=\"https:\/\/www.ile-blanche.com\/wp-content\/uploads\/2022\/08\/snack-charente-maritime.jpg\"><img decoding=\"async\" width=\"990\" height=\"634\" data-id=\"9030\" src=\"https:\/\/www.ile-blanche.com\/wp-content\/uploads\/2022\/08\/snack-charente-maritime.jpg\" alt=\"snack bar charente maritime\" class=\"wp-image-9030\" srcset=\"https:\/\/www.ile-blanche.com\/wp-content\/uploads\/2022\/08\/snack-charente-maritime.jpg 990w, https:\/\/www.ile-blanche.com\/wp-content\/uploads\/2022\/08\/snack-charente-maritime-300x192.jpg 300w, https:\/\/www.ile-blanche.com\/wp-content\/uploads\/2022\/08\/snack-charente-maritime-768x492.jpg 768w\" sizes=\"(max-width: 990px) 100vw, 990px\" \/><\/a><\/figure>\n\n\n\n<figure class=\"wp-block-image size-full\"><a href=\"https:\/\/www.ile-blanche.com\/wp-content\/uploads\/2022\/08\/restaurant-local-ile-de-re.jpg\"><img decoding=\"async\" data-id=\"9045\" src=\"https:\/\/www.ile-blanche.com\/wp-content\/uploads\/2022\/08\/restaurant-local-ile-de-re.jpg\" alt=\"restaurante local ile de re\" class=\"wp-image-9045\"\/><\/a><\/figure>\n\n\n\n<figure class=\"wp-block-image size-full\"><a href=\"https:\/\/www.ile-blanche.com\/wp-content\/uploads\/2022\/08\/restauration-ile-de-re.jpg\"><img decoding=\"async\" width=\"990\" height=\"634\" data-id=\"9026\" src=\"https:\/\/www.ile-blanche.com\/wp-content\/uploads\/2022\/08\/restauration-ile-de-re.jpg\" alt=\"restauraci\u00f3n ile de re\" class=\"wp-image-9026\" srcset=\"https:\/\/www.ile-blanche.com\/wp-content\/uploads\/2022\/08\/restauration-ile-de-re.jpg 990w, https:\/\/www.ile-blanche.com\/wp-content\/uploads\/2022\/08\/restauration-ile-de-re-300x192.jpg 300w, https:\/\/www.ile-blanche.com\/wp-content\/uploads\/2022\/08\/restauration-ile-de-re-768x492.jpg 768w\" sizes=\"(max-width: 990px) 100vw, 990px\" \/><\/a><\/figure>\n\n\n\n<figure class=\"wp-block-image size-full\"><a href=\"https:\/\/www.ile-blanche.com\/wp-content\/uploads\/2022\/08\/bar-charente-maritime.jpg\"><img decoding=\"async\" width=\"990\" height=\"634\" data-id=\"9038\" src=\"https:\/\/www.ile-blanche.com\/wp-content\/uploads\/2022\/08\/bar-charente-maritime.jpg\" alt=\"bar charente maritime\" class=\"wp-image-9038\" srcset=\"https:\/\/www.ile-blanche.com\/wp-content\/uploads\/2022\/08\/bar-charente-maritime.jpg 990w, https:\/\/www.ile-blanche.com\/wp-content\/uploads\/2022\/08\/bar-charente-maritime-300x192.jpg 300w, https:\/\/www.ile-blanche.com\/wp-content\/uploads\/2022\/08\/bar-charente-maritime-768x492.jpg 768w\" sizes=\"(max-width: 990px) 100vw, 990px\" \/><\/a><\/figure>\n<\/figure>\n<\/div>\n<\/div>\n\n\n    <\/div>\n<\/section>\n\n<section id=\"ls-section-block_179990cd8b10fdd45371c3bedf2b7270\" class=\"ls-section  home-seventh\" >\n        <div class=\"container container--full\">\n        \n\n<div class=\"wp-block-columns are-vertically-aligned-center is-layout-flex wp-container-core-columns-is-layout-9d6595d7 wp-block-columns-is-layout-flex\">\n<div class=\"wp-block-column is-vertically-aligned-center is-layout-flow wp-block-column-is-layout-flow\" style=\"flex-basis:66.66%\">\n<figure class=\"wp-block-image size-full\"><img decoding=\"async\" width=\"990\" height=\"634\" src=\"https:\/\/www.ile-blanche.com\/wp-content\/uploads\/2022\/08\/snack-ile-de-re.jpg\" alt=\"snack ile de re\" class=\"wp-image-9002\" srcset=\"https:\/\/www.ile-blanche.com\/wp-content\/uploads\/2022\/08\/snack-ile-de-re.jpg 990w, https:\/\/www.ile-blanche.com\/wp-content\/uploads\/2022\/08\/snack-ile-de-re-300x192.jpg 300w, https:\/\/www.ile-blanche.com\/wp-content\/uploads\/2022\/08\/snack-ile-de-re-768x492.jpg 768w\" sizes=\"(max-width: 990px) 100vw, 990px\" \/><\/figure>\n<\/div>\n\n\n\n<div class=\"wp-block-column is-vertically-aligned-center column-right is-layout-flow wp-block-column-is-layout-flow\" style=\"flex-basis:33.33%\">\n<h2 class=\"ls-heading wp-block-heading\">Restaurante La Flotte en R\u00e9 : men\u00fas y f\u00f3rmulas<\/h2>\n\n\n\n<p class=\"ls-paragraph\">En nuestro restaurante de Flotte en R\u00e9, los gourmets encontrar\u00e1n una apetitosa carta de aperitivos y comida para llevar: \u00a1sabores que evocan las vacaciones!<\/p>\n\n\n\n<p class=\"ls-paragraph\">La hamburguesa de pescado, el pescado o la carne a la parrilla, los mejillones a la marinera, enriquecen la carta junto a las inevitables patatas fritas.<\/p>\n\n\n\n<p class=\"ls-paragraph\">Nuestra carta de pizzas tambi\u00e9n es muy variada, para complacer a todo el mundo: 3 quesos, chorizo o reina, con una docena de propuestas diferentes, el gusto de todos quedar\u00e1 satisfecho.<\/p>\n\n\n\n<p class=\"ls-paragraph\">Platos para compartir con la <strong>familia<\/strong> de buen humor en nuestra agradable y soleada terraza bordeada de palmeras.<\/p>\n<\/div>\n<\/div>\n\n\n    <\/div>\n<\/section>\n\n<section id=\"ls-section-block_ed8bad3a5cb1ebe5926fb859a1e1ffbd\" class=\"ls-section  page-four has-background-image\" >\n    <div class=\"ls-section__background-image opacity-100\"><img decoding=\"async\" src=\"https:\/\/www.ile-blanche.com\/wp-content\/uploads\/2022\/08\/gastronomie-charente-maritime.jpg\" alt=\"gastronomie charente maritime\"><\/div>    <div class=\"container container--wide\">\n        \n\n<div class=\"wp-block-columns is-layout-flex wp-container-core-columns-is-layout-9d6595d7 wp-block-columns-is-layout-flex\">\n<div class=\"wp-block-column is-layout-flow wp-block-column-is-layout-flow\">\n<h2 class=\"ls-heading wp-block-heading\">Pruebe los sabores locales de la Isla de R\u00e9<\/h2>\n\n\n\n<p class=\"ls-paragraph\">En el exterior y en la sala del bar, el <strong>billar<\/strong> y el <strong>futbol\u00edn<\/strong> invitan a esperar las comidas con una partida.<\/p>\n\n\n\n<p class=\"ls-paragraph\">Nuestro chef ofrece una cocina m\u00e1s elaborada si desea disfrutar de una verdadera comida y degustar los sabores locales: el men\u00fa diario, elaborado con productos frescos y preparaciones caseras, var\u00eda seg\u00fan las llegadas y la inspiraci\u00f3n del chef.<\/p>\n\n\n\n<p class=\"ls-paragraph\">Para combinar <strong>sabor y convivencia<\/strong>, se ofrecen regularmente comidas tem\u00e1ticas por la noche durante las vacaciones escolares (noche de tortitas, noche de mejillones, etc.).<\/p>\n<\/div>\n<\/div>\n\n\n    <\/div>\n<\/section>\n\n<section id=\"ls-section-block_cc434e66e29345c695fbf0d7a84139fd\" class=\"ls-section  page-one home-fourth m-b-0\" >\n        <div class=\"container container--wide\">\n        \n\n<div class=\"wp-block-columns is-layout-flex wp-container-core-columns-is-layout-9d6595d7 wp-block-columns-is-layout-flex\">\n<div class=\"wp-block-column is-vertically-aligned-center is-layout-flow wp-block-column-is-layout-flow\">\n<figure class=\"wp-block-image size-full\"><a href=\"https:\/\/www.ile-blanche.com\/wp-content\/uploads\/2022\/08\/restaurant-charente-maritime.jpg\"><img decoding=\"async\" width=\"990\" height=\"634\" src=\"https:\/\/www.ile-blanche.com\/wp-content\/uploads\/2022\/08\/restaurant-charente-maritime.jpg\" alt=\"restaurante charente maritime\" class=\"wp-image-8958\" srcset=\"https:\/\/www.ile-blanche.com\/wp-content\/uploads\/2022\/08\/restaurant-charente-maritime.jpg 990w, https:\/\/www.ile-blanche.com\/wp-content\/uploads\/2022\/08\/restaurant-charente-maritime-300x192.jpg 300w, https:\/\/www.ile-blanche.com\/wp-content\/uploads\/2022\/08\/restaurant-charente-maritime-768x492.jpg 768w\" sizes=\"(max-width: 990px) 100vw, 990px\" \/><\/a><\/figure>\n<\/div>\n\n\n\n<div class=\"wp-block-column is-vertically-aligned-center is-layout-flow wp-block-column-is-layout-flow\">\n<h2 class=\"ls-heading wp-block-heading\">Alquiler de barbacoas y planchas<\/h2>\n\n\n\n<p class=\"ls-paragraph\">Para disfrutar de una comida con su familia o amigos al aire libre durante las noches de verano, le ofrecemos el alquiler de barbacoas y planchas por 5\u20ac al d\u00eda o 25\u20ac a la semana.<\/p>\n\n\n\n<p class=\"ls-paragraph\">Es la ocasi\u00f3n perfecta para reunirse para hacer una barbacoa delante de su casa m\u00f3vil en el camping de Ile-de-R\u00e9.<\/p>\n<\/div>\n<\/div>\n\n\n    <\/div>\n<\/section>\n\n<section id=\"ls-section-block_9e6c5fcedd11acbb9ce961aa698a4824\" class=\"ls-section  home-eighth m-b-0\" >\n        <div class=\"container container--wide\">\n        \n    <\/div>\n<\/section>","protected":false},"excerpt":{"rendered":"","protected":false},"author":1,"featured_media":8996,"parent":0,"menu_order":0,"comment_status":"closed","ping_status":"closed","template":"","meta":{"_acf_changed":false,"footnotes":""},"sujet":[],"class_list":["post-14846","page","type-page","status-publish","has-post-thumbnail","hentry"],"acf":[],"yoast_head":"<!-- This site is optimized with the Yoast SEO plugin v25.3 - https:\/\/yoast.com\/wordpress\/plugins\/seo\/ -->\n<title>Restaurante La Flotte en R\u00e9 en la isla de R\u00e9 | Men\u00fa, horarios y precios<\/title>\n<meta name=\"description\" content=\"Descubra el restaurante del camping Ile Blanche, situado en la isla de R\u00e9. Disfruta de la amplia terraza y de los platos regionales.\" \/>\n<meta name=\"robots\" content=\"index, follow, max-snippet:-1, max-image-preview:large, max-video-preview:-1\" \/>\n<link rel=\"canonical\" href=\"https:\/\/www.ile-blanche.com\/es\/cafeteria-y-restaurante\/\" \/>\n<meta property=\"og:locale\" content=\"es_ES\" \/>\n<meta property=\"og:type\" content=\"article\" \/>\n<meta property=\"og:title\" content=\"Restaurante La Flotte en R\u00e9 en la isla de R\u00e9 | Men\u00fa, horarios y precios\" \/>\n<meta property=\"og:description\" content=\"Descubra el restaurante del camping Ile Blanche, situado en la isla de R\u00e9. Disfruta de la amplia terraza y de los platos regionales.\" \/>\n<meta property=\"og:url\" content=\"https:\/\/www.ile-blanche.com\/es\/cafeteria-y-restaurante\/\" \/>\n<meta property=\"og:site_name\" content=\"L&#039;\u00cele Blanche\" \/>\n<meta property=\"article:modified_time\" content=\"2022-11-08T14:56:10+00:00\" \/>\n<meta property=\"og:image\" content=\"https:\/\/www.ile-blanche.com\/wp-content\/uploads\/2022\/08\/restaurant-ile-de-re.jpg\" \/>\n\t<meta property=\"og:image:width\" content=\"1920\" \/>\n\t<meta property=\"og:image:height\" content=\"480\" \/>\n\t<meta property=\"og:image:type\" content=\"image\/jpeg\" \/>\n<meta name=\"twitter:card\" content=\"summary_large_image\" \/>\n<meta name=\"twitter:label1\" content=\"Tiempo de lectura\" \/>\n\t<meta name=\"twitter:data1\" content=\"4 minutos\" \/>\n<script type=\"application\/ld+json\" class=\"yoast-schema-graph\">{\"@context\":\"https:\/\/schema.org\",\"@graph\":[{\"@type\":\"WebPage\",\"@id\":\"https:\/\/www.ile-blanche.com\/es\/cafeteria-y-restaurante\/\",\"url\":\"https:\/\/www.ile-blanche.com\/es\/cafeteria-y-restaurante\/\",\"name\":\"Restaurante La Flotte en R\u00e9 en la isla de R\u00e9 | Men\u00fa, horarios y precios\",\"isPartOf\":{\"@id\":\"https:\/\/www.ile-blanche.com\/es\/#website\"},\"primaryImageOfPage\":{\"@id\":\"https:\/\/www.ile-blanche.com\/es\/cafeteria-y-restaurante\/#primaryimage\"},\"image\":{\"@id\":\"https:\/\/www.ile-blanche.com\/es\/cafeteria-y-restaurante\/#primaryimage\"},\"thumbnailUrl\":\"https:\/\/www.ile-blanche.com\/wp-content\/uploads\/2022\/08\/restaurant-ile-de-re.jpg\",\"datePublished\":\"2022-11-04T12:13:47+00:00\",\"dateModified\":\"2022-11-08T14:56:10+00:00\",\"description\":\"Descubra el restaurante del camping Ile Blanche, situado en la isla de R\u00e9. Disfruta de la amplia terraza y de los platos regionales.\",\"breadcrumb\":{\"@id\":\"https:\/\/www.ile-blanche.com\/es\/cafeteria-y-restaurante\/#breadcrumb\"},\"inLanguage\":\"es\",\"potentialAction\":[{\"@type\":\"ReadAction\",\"target\":[\"https:\/\/www.ile-blanche.com\/es\/cafeteria-y-restaurante\/\"]}]},{\"@type\":\"ImageObject\",\"inLanguage\":\"es\",\"@id\":\"https:\/\/www.ile-blanche.com\/es\/cafeteria-y-restaurante\/#primaryimage\",\"url\":\"https:\/\/www.ile-blanche.com\/wp-content\/uploads\/2022\/08\/restaurant-ile-de-re.jpg\",\"contentUrl\":\"https:\/\/www.ile-blanche.com\/wp-content\/uploads\/2022\/08\/restaurant-ile-de-re.jpg\",\"width\":1920,\"height\":480,\"caption\":\"restaurant ile de re\"},{\"@type\":\"BreadcrumbList\",\"@id\":\"https:\/\/www.ile-blanche.com\/es\/cafeteria-y-restaurante\/#breadcrumb\",\"itemListElement\":[{\"@type\":\"ListItem\",\"position\":1,\"name\":\"Camping Isla de Re\",\"item\":\"https:\/\/www.ile-blanche.com\/es\/\"},{\"@type\":\"ListItem\",\"position\":2,\"name\":\"Restaurante La Flotte en R\u00e9\"}]},{\"@type\":\"WebSite\",\"@id\":\"https:\/\/www.ile-blanche.com\/es\/#website\",\"url\":\"https:\/\/www.ile-blanche.com\/es\/\",\"name\":\"L'\u00cele Blanche\",\"description\":\"\",\"publisher\":{\"@id\":\"https:\/\/www.ile-blanche.com\/es\/#organization\"},\"potentialAction\":[{\"@type\":\"SearchAction\",\"target\":{\"@type\":\"EntryPoint\",\"urlTemplate\":\"https:\/\/www.ile-blanche.com\/es\/?s={search_term_string}\"},\"query-input\":{\"@type\":\"PropertyValueSpecification\",\"valueRequired\":true,\"valueName\":\"search_term_string\"}}],\"inLanguage\":\"es\"},{\"@type\":\"Organization\",\"@id\":\"https:\/\/www.ile-blanche.com\/es\/#organization\",\"name\":\"L'\u00cele Blanche\",\"url\":\"https:\/\/www.ile-blanche.com\/es\/\",\"logo\":{\"@type\":\"ImageObject\",\"inLanguage\":\"es\",\"@id\":\"https:\/\/www.ile-blanche.com\/es\/#\/schema\/logo\/image\/\",\"url\":\"https:\/\/www.ile-blanche.com\/wp-content\/uploads\/2022\/06\/cropped-logo-alt-ile-blanche.png\",\"contentUrl\":\"https:\/\/www.ile-blanche.com\/wp-content\/uploads\/2022\/06\/cropped-logo-alt-ile-blanche.png\",\"width\":512,\"height\":512,\"caption\":\"L'\u00cele Blanche\"},\"image\":{\"@id\":\"https:\/\/www.ile-blanche.com\/es\/#\/schema\/logo\/image\/\"}}]}<\/script>\n<!-- \/ Yoast SEO plugin. -->","yoast_head_json":{"title":"Restaurante La Flotte en R\u00e9 en la isla de R\u00e9 | Men\u00fa, horarios y precios","description":"Descubra el restaurante del camping Ile Blanche, situado en la isla de R\u00e9. Disfruta de la amplia terraza y de los platos regionales.","robots":{"index":"index","follow":"follow","max-snippet":"max-snippet:-1","max-image-preview":"max-image-preview:large","max-video-preview":"max-video-preview:-1"},"canonical":"https:\/\/www.ile-blanche.com\/es\/cafeteria-y-restaurante\/","og_locale":"es_ES","og_type":"article","og_title":"Restaurante La Flotte en R\u00e9 en la isla de R\u00e9 | Men\u00fa, horarios y precios","og_description":"Descubra el restaurante del camping Ile Blanche, situado en la isla de R\u00e9. Disfruta de la amplia terraza y de los platos regionales.","og_url":"https:\/\/www.ile-blanche.com\/es\/cafeteria-y-restaurante\/","og_site_name":"L&#039;\u00cele Blanche","article_modified_time":"2022-11-08T14:56:10+00:00","og_image":[{"width":1920,"height":480,"url":"https:\/\/www.ile-blanche.com\/wp-content\/uploads\/2022\/08\/restaurant-ile-de-re.jpg","type":"image\/jpeg"}],"twitter_card":"summary_large_image","twitter_misc":{"Tiempo de lectura":"4 minutos"},"schema":{"@context":"https:\/\/schema.org","@graph":[{"@type":"WebPage","@id":"https:\/\/www.ile-blanche.com\/es\/cafeteria-y-restaurante\/","url":"https:\/\/www.ile-blanche.com\/es\/cafeteria-y-restaurante\/","name":"Restaurante La Flotte en R\u00e9 en la isla de R\u00e9 | Men\u00fa, horarios y precios","isPartOf":{"@id":"https:\/\/www.ile-blanche.com\/es\/#website"},"primaryImageOfPage":{"@id":"https:\/\/www.ile-blanche.com\/es\/cafeteria-y-restaurante\/#primaryimage"},"image":{"@id":"https:\/\/www.ile-blanche.com\/es\/cafeteria-y-restaurante\/#primaryimage"},"thumbnailUrl":"https:\/\/www.ile-blanche.com\/wp-content\/uploads\/2022\/08\/restaurant-ile-de-re.jpg","datePublished":"2022-11-04T12:13:47+00:00","dateModified":"2022-11-08T14:56:10+00:00","description":"Descubra el restaurante del camping Ile Blanche, situado en la isla de R\u00e9. Disfruta de la amplia terraza y de los platos regionales.","breadcrumb":{"@id":"https:\/\/www.ile-blanche.com\/es\/cafeteria-y-restaurante\/#breadcrumb"},"inLanguage":"es","potentialAction":[{"@type":"ReadAction","target":["https:\/\/www.ile-blanche.com\/es\/cafeteria-y-restaurante\/"]}]},{"@type":"ImageObject","inLanguage":"es","@id":"https:\/\/www.ile-blanche.com\/es\/cafeteria-y-restaurante\/#primaryimage","url":"https:\/\/www.ile-blanche.com\/wp-content\/uploads\/2022\/08\/restaurant-ile-de-re.jpg","contentUrl":"https:\/\/www.ile-blanche.com\/wp-content\/uploads\/2022\/08\/restaurant-ile-de-re.jpg","width":1920,"height":480,"caption":"restaurant ile de re"},{"@type":"BreadcrumbList","@id":"https:\/\/www.ile-blanche.com\/es\/cafeteria-y-restaurante\/#breadcrumb","itemListElement":[{"@type":"ListItem","position":1,"name":"Camping Isla de Re","item":"https:\/\/www.ile-blanche.com\/es\/"},{"@type":"ListItem","position":2,"name":"Restaurante La Flotte en R\u00e9"}]},{"@type":"WebSite","@id":"https:\/\/www.ile-blanche.com\/es\/#website","url":"https:\/\/www.ile-blanche.com\/es\/","name":"L'\u00cele Blanche","description":"","publisher":{"@id":"https:\/\/www.ile-blanche.com\/es\/#organization"},"potentialAction":[{"@type":"SearchAction","target":{"@type":"EntryPoint","urlTemplate":"https:\/\/www.ile-blanche.com\/es\/?s={search_term_string}"},"query-input":{"@type":"PropertyValueSpecification","valueRequired":true,"valueName":"search_term_string"}}],"inLanguage":"es"},{"@type":"Organization","@id":"https:\/\/www.ile-blanche.com\/es\/#organization","name":"L'\u00cele Blanche","url":"https:\/\/www.ile-blanche.com\/es\/","logo":{"@type":"ImageObject","inLanguage":"es","@id":"https:\/\/www.ile-blanche.com\/es\/#\/schema\/logo\/image\/","url":"https:\/\/www.ile-blanche.com\/wp-content\/uploads\/2022\/06\/cropped-logo-alt-ile-blanche.png","contentUrl":"https:\/\/www.ile-blanche.com\/wp-content\/uploads\/2022\/06\/cropped-logo-alt-ile-blanche.png","width":512,"height":512,"caption":"L'\u00cele Blanche"},"image":{"@id":"https:\/\/www.ile-blanche.com\/es\/#\/schema\/logo\/image\/"}}]}},"_links":{"self":[{"href":"https:\/\/www.ile-blanche.com\/es\/wp-json\/wp\/v2\/pages\/14846","targetHints":{"allow":["GET"]}}],"collection":[{"href":"https:\/\/www.ile-blanche.com\/es\/wp-json\/wp\/v2\/pages"}],"about":[{"href":"https:\/\/www.ile-blanche.com\/es\/wp-json\/wp\/v2\/types\/page"}],"author":[{"embeddable":true,"href":"https:\/\/www.ile-blanche.com\/es\/wp-json\/wp\/v2\/users\/1"}],"replies":[{"embeddable":true,"href":"https:\/\/www.ile-blanche.com\/es\/wp-json\/wp\/v2\/comments?post=14846"}],"version-history":[{"count":6,"href":"https:\/\/www.ile-blanche.com\/es\/wp-json\/wp\/v2\/pages\/14846\/revisions"}],"predecessor-version":[{"id":16109,"href":"https:\/\/www.ile-blanche.com\/es\/wp-json\/wp\/v2\/pages\/14846\/revisions\/16109"}],"wp:featuredmedia":[{"embeddable":true,"href":"https:\/\/www.ile-blanche.com\/es\/wp-json\/wp\/v2\/media\/8996"}],"wp:attachment":[{"href":"https:\/\/www.ile-blanche.com\/es\/wp-json\/wp\/v2\/media?parent=14846"}],"wp:term":[{"taxonomy":"sujet","embeddable":true,"href":"https:\/\/www.ile-blanche.com\/es\/wp-json\/wp\/v2\/sujet?post=14846"}],"curies":[{"name":"wp","href":"https:\/\/api.w.org\/{rel}","templated":true}]}}