{"id":14897,"date":"2022-11-04T14:38:38","date_gmt":"2022-11-04T13:38:38","guid":{"rendered":"https:\/\/www.ile-blanche.com\/location-velo\/"},"modified":"2022-11-10T17:30:20","modified_gmt":"2022-11-10T16:30:20","slug":"vermietung-fahrrad","status":"publish","type":"page","link":"https:\/\/www.ile-blanche.com\/de\/vermietung-fahrrad\/","title":{"rendered":"Location v\u00e9lo"},"content":{"rendered":"<section id=\"ls-section-block_807365668d054e061f3087918217299b\" class=\"ls-section  page-one home-fourth m-b-0\" >\n        <div class=\"container container--wide\">\n        \n\n<div class=\"wp-block-columns is-layout-flex wp-container-core-columns-is-layout-9d6595d7 wp-block-columns-is-layout-flex\">\n<div class=\"wp-block-column is-vertically-aligned-center is-layout-flow wp-block-column-is-layout-flow\">\n<figure class=\"wp-block-image size-full\"><a href=\"https:\/\/www.ile-blanche.com\/wp-content\/uploads\/2022\/08\/balade-velo-charente-maritime.jpg\"><img decoding=\"async\" width=\"990\" height=\"634\" src=\"https:\/\/www.ile-blanche.com\/wp-content\/uploads\/2022\/08\/balade-velo-charente-maritime.jpg\" alt=\"radtour charente maritime\" class=\"wp-image-8914\" srcset=\"https:\/\/www.ile-blanche.com\/wp-content\/uploads\/2022\/08\/balade-velo-charente-maritime.jpg 990w, https:\/\/www.ile-blanche.com\/wp-content\/uploads\/2022\/08\/balade-velo-charente-maritime-300x192.jpg 300w, https:\/\/www.ile-blanche.com\/wp-content\/uploads\/2022\/08\/balade-velo-charente-maritime-768x492.jpg 768w\" sizes=\"(max-width: 990px) 100vw, 990px\" \/><\/a><\/figure>\n<\/div>\n\n\n\n<div class=\"wp-block-column is-vertically-aligned-center is-layout-flow wp-block-column-is-layout-flow\">\n<h1 class=\"ls-heading wp-block-heading\">FAHRRADVERLEIH AUF DER \u00ceLE DE R\u00c9<\/h1>\n\n\n\n<h2 class=\"ls-heading wp-block-heading\">Warum sollte man auf der \u00cele de R\u00e9 ein Fahrrad mieten?<\/h2>\n\n\n\n<p class=\"ls-paragraph\">Die <strong>Fahrradvermietung<\/strong> Ile de R\u00e9 ist ideal f\u00fcr Ihren Aufenthalt mit Freunden oder der Familie und die beste Alternative, um La Flotte en R\u00e9 und seine Umgebung zu erkunden!<\/p>\n\n\n\n<p class=\"ls-paragraph\">L\u2019\u00eele Blanche, <a href=\"\/de\/\">4-Sterne-Campingplatz auf der \u00cele de R\u00e9<\/a> Das ideale Mittel, um sich fortzubewegen und die erhabene Landschaft der Insel zu entdecken, ist das Rennrad. 100 km Fahrradwege die es auf der \u00cele de R\u00e9 gibt. So k\u00f6nnen Sie bei Fahrradtouren entlang der gr\u00fcnen Wege Tourismus und Umweltschutz miteinander verbinden.<\/p>\n\n\n\n<p class=\"ls-paragraph\">In der N\u00e4he des <strong>Mus\u00e9e du Platin<\/strong> ist der <strong>Strand von Arnerault<\/strong> zum Beispiel in einer Handvoll Minuten mit dem Citybike erreichbar, w\u00e4hrend die n\u00e4chsten Gesch\u00e4fte nur einen Kilometer entfernt sind.<\/p>\n<\/div>\n<\/div>\n\n\n    <\/div>\n<\/section>\n\n<section id=\"ls-section-block_41bda856209e4f694366b59ffc903c92\" class=\"ls-section  page-two home-second has-background has-color-4-background-color\" >\n        <div class=\"container container--full\">\n        \n\n<div class=\"wp-block-columns m-b-8 is-layout-flex wp-container-core-columns-is-layout-9d6595d7 wp-block-columns-is-layout-flex\">\n<div class=\"wp-block-column is-vertically-aligned-center column-left is-layout-flow wp-block-column-is-layout-flow\" style=\"flex-basis:33.33%\">\n<p class=\"ls-paragraph\">Wenn Sie sich f\u00fcr dieses Verkehrsmittel entscheiden, k\u00f6nnen Sie Sport und Entspannung miteinander verbinden und Ihre Fahrten gesellig gestalten, indem Sie in einer Gruppe wie ein Peloton der Tour de France unterwegs sind. Au\u00dferdem werden Sie keine Probleme haben, jeden Teil der Insel zu erreichen, da der Fahrradtourismus so weit entwickelt ist und Radwege auf der ganzen Insel zur Verf\u00fcgung stehen.<\/p>\n\n\n\n<p class=\"ls-paragraph\">Die M\u00f6glichkeit, auf den vielen umliegenden Wegen zu wandern, wird Ihnen ebenfalls angenehm und n\u00fctzlich sein, wobei einige davon als Abk\u00fcrzung dienen k\u00f6nnen, wie der <strong>Chemin des Bardonni\u00e8res.<\/strong><\/p>\n<\/div>\n\n\n\n<div class=\"wp-block-column is-vertically-aligned-center is-layout-flow wp-block-column-is-layout-flow\" style=\"flex-basis:66.66%\">\n<figure class=\"wp-block-gallery has-nested-images columns-1 is-cropped galerie-image wp-block-gallery-1 is-layout-flex wp-block-gallery-is-layout-flex\">\n<figure class=\"wp-block-image size-full\"><a href=\"https:\/\/www.ile-blanche.com\/wp-content\/uploads\/2022\/08\/activite-velo-charente-maritime.jpg\"><img decoding=\"async\" width=\"990\" height=\"634\" data-id=\"8930\" src=\"https:\/\/www.ile-blanche.com\/wp-content\/uploads\/2022\/08\/activite-velo-charente-maritime.jpg\" alt=\"activite velo charente maritime\" class=\"wp-image-8930\" srcset=\"https:\/\/www.ile-blanche.com\/wp-content\/uploads\/2022\/08\/activite-velo-charente-maritime.jpg 990w, https:\/\/www.ile-blanche.com\/wp-content\/uploads\/2022\/08\/activite-velo-charente-maritime-300x192.jpg 300w, https:\/\/www.ile-blanche.com\/wp-content\/uploads\/2022\/08\/activite-velo-charente-maritime-768x492.jpg 768w\" sizes=\"(max-width: 990px) 100vw, 990px\" \/><\/a><\/figure>\n\n\n\n<figure class=\"wp-block-image size-full\"><a href=\"https:\/\/www.ile-blanche.com\/wp-content\/uploads\/2022\/08\/pistes-cyclables-charente-maritime.jpg\"><img decoding=\"async\" width=\"990\" height=\"634\" data-id=\"8898\" src=\"https:\/\/www.ile-blanche.com\/wp-content\/uploads\/2022\/08\/pistes-cyclables-charente-maritime.jpg\" alt=\"pistes cyclables charente maritime\" class=\"wp-image-8898\" srcset=\"https:\/\/www.ile-blanche.com\/wp-content\/uploads\/2022\/08\/pistes-cyclables-charente-maritime.jpg 990w, https:\/\/www.ile-blanche.com\/wp-content\/uploads\/2022\/08\/pistes-cyclables-charente-maritime-300x192.jpg 300w, https:\/\/www.ile-blanche.com\/wp-content\/uploads\/2022\/08\/pistes-cyclables-charente-maritime-768x492.jpg 768w\" sizes=\"(max-width: 990px) 100vw, 990px\" \/><\/a><\/figure>\n\n\n\n<figure class=\"wp-block-image size-full\"><a href=\"https:\/\/www.ile-blanche.com\/wp-content\/uploads\/2022\/08\/activite-velo-ile-de-re.jpg\"><img decoding=\"async\" width=\"990\" height=\"634\" data-id=\"8934\" src=\"https:\/\/www.ile-blanche.com\/wp-content\/uploads\/2022\/08\/activite-velo-ile-de-re.jpg\" alt=\"activite velo ile de re\" class=\"wp-image-8934\" srcset=\"https:\/\/www.ile-blanche.com\/wp-content\/uploads\/2022\/08\/activite-velo-ile-de-re.jpg 990w, https:\/\/www.ile-blanche.com\/wp-content\/uploads\/2022\/08\/activite-velo-ile-de-re-300x192.jpg 300w, https:\/\/www.ile-blanche.com\/wp-content\/uploads\/2022\/08\/activite-velo-ile-de-re-768x492.jpg 768w\" sizes=\"(max-width: 990px) 100vw, 990px\" \/><\/a><\/figure>\n\n\n\n<figure class=\"wp-block-image size-full\"><a href=\"https:\/\/www.ile-blanche.com\/wp-content\/uploads\/2022\/08\/louer-velo-charente-maritime.jpg\"><img decoding=\"async\" width=\"990\" height=\"634\" data-id=\"8921\" src=\"https:\/\/www.ile-blanche.com\/wp-content\/uploads\/2022\/08\/louer-velo-charente-maritime.jpg\" alt=\"louer velo charente maritime\" class=\"wp-image-8921\" srcset=\"https:\/\/www.ile-blanche.com\/wp-content\/uploads\/2022\/08\/louer-velo-charente-maritime.jpg 990w, https:\/\/www.ile-blanche.com\/wp-content\/uploads\/2022\/08\/louer-velo-charente-maritime-300x192.jpg 300w, https:\/\/www.ile-blanche.com\/wp-content\/uploads\/2022\/08\/louer-velo-charente-maritime-768x492.jpg 768w\" sizes=\"(max-width: 990px) 100vw, 990px\" \/><\/a><\/figure>\n<\/figure>\n<\/div>\n<\/div>\n\n\n    <\/div>\n<\/section>\n\n<section id=\"ls-section-block_be97efd1fc7060a74f7e6d37aaeceaab\" class=\"ls-section \" >\n        <div class=\"container \">\n        \n\n<h2 class=\"ls__heading has-text-align-center p-b-4 wp-block-heading\">Preise Vermietung \u00cele de R\u00e9<\/h2>\n\n\n\n<table id=\"tablepress-9\" class=\"tablepress tablepress-id-9\">\n<thead>\n<tr class=\"row-1\">\n\t<td class=\"column-1\"><\/td><th class=\"column-2\">1 Tag<\/th><th class=\"column-3\">2 Tage<\/th><th class=\"column-4\">3 Tage<\/th><th class=\"column-5\">4 Tage<\/th><th class=\"column-6\">5 Tage<\/th><th class=\"column-7\">6 Tage<\/th><th class=\"column-8\">zus\u00e4tzliche Tage<\/th>\n<\/tr>\n<\/thead>\n<tbody class=\"row-striping row-hover\">\n<tr class=\"row-2\">\n\t<td class=\"column-1\">Follower<\/td><td class=\"column-2\">11\u20ac<\/td><td class=\"column-3\">18\u20ac<\/td><td class=\"column-4\">25\u20ac<\/td><td class=\"column-5\">31\u20ac<\/td><td class=\"column-6\">36\u20ac<\/td><td class=\"column-7\">41\u20ac<\/td><td class=\"column-8\">5\/TAG<\/td>\n<\/tr>\n<tr class=\"row-3\">\n\t<td class=\"column-1\">Erwachsener<\/td><td class=\"column-2\">15\u20ac<\/td><td class=\"column-3\">23\u20ac<\/td><td class=\"column-4\">31\u20ac<\/td><td class=\"column-5\">38\u20ac<\/td><td class=\"column-6\">44\u20ac<\/td><td class=\"column-7\">50\u20ac<\/td><td class=\"column-8\">12\/TAG<\/td>\n<\/tr>\n<tr class=\"row-4\">\n\t<td class=\"column-1\">Anh\u00e4nger<\/td><td class=\"column-2\">15\u20ac<\/td><td class=\"column-3\">22\u20ac<\/td><td class=\"column-4\">28\u20ac<\/td><td class=\"column-5\">34\u20ac<\/td><td class=\"column-6\">39\u20ac<\/td><td class=\"column-7\">45\u20ac<\/td><td class=\"column-8\">5\/TAG<\/td>\n<\/tr>\n<tr class=\"row-5\">\n\t<td class=\"column-1\">Baby-Sitz<\/td><td class=\"column-2\">2\u20ac<\/td><td class=\"column-3\">4\u20ac<\/td><td class=\"column-4\">6\u20ac<\/td><td class=\"column-5\">8\u20ac<\/td><td class=\"column-6\">10\u20ac<\/td><td class=\"column-7\">12\u20ac<\/td><td class=\"column-8\">1\/TAG<\/td>\n<\/tr>\n<tr class=\"row-6\">\n\t<td class=\"column-1\">Elektrisch<\/td><td class=\"column-2\">29\u20ac<\/td><td class=\"column-3\">49\u20ac<\/td><td class=\"column-4\">69\u20ac<\/td><td class=\"column-5\">85\u20ac<\/td><td class=\"column-6\">99\u20ac<\/td><td class=\"column-7\">112\u20ac<\/td><td class=\"column-8\">18\/TAG<\/td>\n<\/tr>\n<\/tbody>\n<\/table>\n<!-- #tablepress-9 from cache -->\n\n\n    <\/div>\n<\/section>\n\n<section id=\"ls-section-block_6b1fe7482fe9575e22d5feec024528f0\" class=\"ls-section  home-seventh\" >\n        <div class=\"container container--full\">\n        \n\n<div class=\"wp-block-columns are-vertically-aligned-center is-layout-flex wp-container-core-columns-is-layout-9d6595d7 wp-block-columns-is-layout-flex\">\n<div class=\"wp-block-column is-vertically-aligned-center is-layout-flow wp-block-column-is-layout-flow\" style=\"flex-basis:66.66%\">\n<figure class=\"wp-block-image size-full\"><img decoding=\"async\" width=\"990\" height=\"634\" src=\"https:\/\/www.ile-blanche.com\/wp-content\/uploads\/2022\/08\/pistes-cyclables-ile-de-re.jpg\" alt=\"pistes cyclables ile de re\" class=\"wp-image-8939\" srcset=\"https:\/\/www.ile-blanche.com\/wp-content\/uploads\/2022\/08\/pistes-cyclables-ile-de-re.jpg 990w, https:\/\/www.ile-blanche.com\/wp-content\/uploads\/2022\/08\/pistes-cyclables-ile-de-re-300x192.jpg 300w, https:\/\/www.ile-blanche.com\/wp-content\/uploads\/2022\/08\/pistes-cyclables-ile-de-re-768x492.jpg 768w\" sizes=\"(max-width: 990px) 100vw, 990px\" \/><\/figure>\n<\/div>\n\n\n\n<div class=\"wp-block-column is-vertically-aligned-center column-right is-layout-flow wp-block-column-is-layout-flow\" style=\"flex-basis:33.33%\">\n<h2 class=\"ls-heading wp-block-heading\">Fahrradroute auf der \u00cele de R\u00e9<\/h2>\n\n\n\n<p class=\"ls-paragraph\">Um das Beste aus einem <strong>Fahrradverleih<\/strong> auf der Ile de R\u00e9 herauszuholen, sollten Sie sich unsere <strong>Touren<\/strong> und <strong>Routen<\/strong> ansehen.<\/p>\n\n\n\n<p class=\"ls-paragraph\">Auf touristischer Ebene gibt es mehrere Routen, die Sie vom Campingplatz in La Flotte en R\u00e9 aus mit dem Fahrrad um die Ile de R\u00e9 fahren k\u00f6nnen.<\/p>\n\n\n\n<ul class=\"ls-list wp-block-list\"><li>Von Ars-en-R\u00e9 \u00fcber Le Bois-Plage, Saint-Martin-de-R\u00e9, Les Portes-en-R\u00e9 bis hin zu Sainte-Marie-de-R\u00e9 k\u00f6nnen Sie also mit dem Kopf durch die Wand und in die Pedale treten, um sich kosteng\u00fcnstig und umweltfreundlich fortzubewegen.<br\/><br\/><\/li><li>Vergessen Sie nicht, auch an La Couarde-sur-Mer, Saint-Cl\u00e9ment-des-Baleines und Rivedoux-Plage vorbeizufahren, wenn Sie den gesamten Archipel der Charente mit dem Fahrrad umrunden m\u00f6chten.<\/li><\/ul>\n<\/div>\n<\/div>\n\n\n    <\/div>\n<\/section>\n\n<section id=\"ls-section-block_4b8e0667d7dca44cb475747e978824e2\" class=\"ls-section  page-four has-background-image\" >\n    <div class=\"ls-section__background-image opacity-100\"><img decoding=\"async\" src=\"https:\/\/www.ile-blanche.com\/wp-content\/uploads\/2022\/08\/location-velo-charente-maritime.jpg\" alt=\"location velo charente maritime\"><\/div>    <div class=\"container container--wide\">\n        \n\n<div class=\"wp-block-columns is-layout-flex wp-container-core-columns-is-layout-9d6595d7 wp-block-columns-is-layout-flex\">\n<div class=\"wp-block-column is-layout-flow wp-block-column-is-layout-flow\">\n<p class=\"ls-paragraph\">Um sich in den Sattel zu schwingen, k\u00f6nnen Sie sich auf dem campingplatz l&#8217;\u00cele Blanche **** ein Fahrrad mit Elektrounterst\u00fctzung ausleihen und sich den Freuden des Radfahrens hingeben. Sie werden Ihr Zweirad auf Reisen nicht mehr aus der Hand geben, so angenehm wird es sein, im Urlaub zu fahren.<\/p>\n\n\n\n<p class=\"ls-paragraph\">Die Mietpreise sind in der nebenstehenden Tabelle einsehbar und variieren je nach den Besonderheiten des jeweiligen Fahrradtyps, der gemietet werden soll.<\/p>\n\n\n\n<p class=\"ls-paragraph\">Bitte beachten Sie, dass Sie f\u00fcr jedes Fahrrad, das Sie auf der Insel <strong>R\u00e9tel mieten<\/strong>, eine Kaution von 200\u20ac hinterlegen m\u00fcssen, au\u00dfer f\u00fcr ein Mountainbike. Und f\u00fcr das Ausleihen eines Elektrofahrrads m\u00fcssen Sie eine Kaution von 1000\u20ac hinterlegen.<\/p>\n<\/div>\n<\/div>\n\n\n    <\/div>\n<\/section>\n\n<section id=\"ls-section-block_3a40f213f7fe974d12f574e1ba01fc15\" class=\"ls-section  home-eighth m-b-0\" >\n        <div class=\"container container--wide\">\n        \n\n<div id=\"ls-heading ls-titre-div-block_0dd1429b95e408f96f091af857981553\" class=\"ls-titre-div aligncenter h2-like\" >\n    Unsere Gastst\u00e4tte und unsere Aktivit\u00e4ten auf der \u00cele de R\u00e9<\/div>\n\n\n<div id=\"ls-maillage-block_265f733ffdeeddaf6cf759ca8d3efba1\" class=\"ls-maillage cta-style-normal\" data-rows=\"3\">\r\n    <div class=\"wp-block-columns\"><div class=\"wp-block-column\"><div class=\"ls-cta\">\n\n<a href=\"https:\/\/www.ile-blanche.com\/de\/der-wasserpark\/\" target=\"\" rel=\"noopener\" class=\"ls-cta__link\">\n\n\t<div class=\"ls-cta__image\"><img decoding=\"async\" src=\"https:\/\/www.ile-blanche.com\/wp-content\/uploads\/2022\/09\/pataugeoire-camping-re.jpg\" alt=\"pataugeoire camping re\"><\/div>\t<span class=\"ile-blanche-right-arrow\"><\/span>\n\t<div class=\"ls-cta__title\">\n\t\t> Wasserpark\t<\/div>\n\n\t\n<\/a><\/div><\/div><div class=\"wp-block-column\"><div class=\"ls-cta\">\n\n<a href=\"https:\/\/www.ile-blanche.com\/de\/snack-und-gastronomie\/\" target=\"\" rel=\"noopener\" class=\"ls-cta__link\">\n\n\t<div class=\"ls-cta__image\"><img decoding=\"async\" src=\"https:\/\/www.ile-blanche.com\/wp-content\/uploads\/2022\/08\/restaurant-terasse-ile-de-re.jpg\" alt=\"restaurant-terrasse-ile-de-re\"><\/div>\t<span class=\"ile-blanche-right-arrow\"><\/span>\n\t<div class=\"ls-cta__title\">\n\t\t> Snacks und Gastst\u00e4tten\t<\/div>\n\n\t\n<\/a><\/div><\/div><div class=\"wp-block-column\"><div class=\"ls-cta\">\n\n<a href=\"https:\/\/www.ile-blanche.com\/de\/freizeit-und-unterhaltung\/\" target=\"\" rel=\"noopener\" class=\"ls-cta__link\">\n\n\t<div class=\"ls-cta__image\"><img decoding=\"async\" src=\"https:\/\/www.ile-blanche.com\/wp-content\/uploads\/2022\/09\/animation-camping-re.jpg\" alt=\"animation camping re\"><\/div>\t<span class=\"ile-blanche-right-arrow\"><\/span>\n\t<div class=\"ls-cta__title\">\n\t\t> Freizeit und Aktivit\u00e4ten\t<\/div>\n\n\t\n<\/a><\/div><\/div><\/div><\/div>\n\n    <\/div>\n<\/section>","protected":false},"excerpt":{"rendered":"","protected":false},"author":1,"featured_media":8882,"parent":0,"menu_order":0,"comment_status":"closed","ping_status":"closed","template":"","meta":{"_acf_changed":false,"footnotes":""},"sujet":[],"class_list":["post-14897","page","type-page","status-publish","has-post-thumbnail","hentry"],"acf":[],"yoast_head":"<!-- This site is optimized with the Yoast SEO plugin v25.3 - https:\/\/yoast.com\/wordpress\/plugins\/seo\/ -->\n<title>Fahrradverleih auf der Ile de R\u00e9 im Charente-Maritime in La Flotte en R\u00e9<\/title>\n<meta name=\"description\" content=\"Erfahren Sie mehr \u00fcber die verschiedenen Mietm\u00f6glichkeiten auf dem campingplatz l&#039;Ile Blanche: Entdecken Sie unseren Fahrradverleih, Grill und andere Dienstleistungen.\" \/>\n<meta name=\"robots\" content=\"index, follow, max-snippet:-1, max-image-preview:large, max-video-preview:-1\" \/>\n<link rel=\"canonical\" href=\"https:\/\/www.ile-blanche.com\/de\/vermietung-fahrrad\/\" \/>\n<meta property=\"og:locale\" content=\"de_DE\" \/>\n<meta property=\"og:type\" content=\"article\" \/>\n<meta property=\"og:title\" content=\"Fahrradverleih auf der Ile de R\u00e9 im Charente-Maritime in La Flotte en R\u00e9\" \/>\n<meta property=\"og:description\" content=\"Erfahren Sie mehr \u00fcber die verschiedenen Mietm\u00f6glichkeiten auf dem campingplatz l&#039;Ile Blanche: Entdecken Sie unseren Fahrradverleih, Grill und andere Dienstleistungen.\" \/>\n<meta property=\"og:url\" content=\"https:\/\/www.ile-blanche.com\/de\/vermietung-fahrrad\/\" \/>\n<meta property=\"og:site_name\" content=\"L&#039;\u00cele Blanche\" \/>\n<meta property=\"article:modified_time\" content=\"2022-11-10T16:30:20+00:00\" \/>\n<meta property=\"og:image\" content=\"https:\/\/www.ile-blanche.com\/wp-content\/uploads\/2022\/08\/louer-velo-ile-de-re.jpg\" \/>\n\t<meta property=\"og:image:width\" content=\"1920\" \/>\n\t<meta property=\"og:image:height\" content=\"480\" \/>\n\t<meta property=\"og:image:type\" content=\"image\/jpeg\" \/>\n<meta name=\"twitter:card\" content=\"summary_large_image\" \/>\n<meta name=\"twitter:label1\" content=\"Gesch\u00e4tzte Lesezeit\" \/>\n\t<meta name=\"twitter:data1\" content=\"4\u00a0Minuten\" \/>\n<script type=\"application\/ld+json\" class=\"yoast-schema-graph\">{\"@context\":\"https:\/\/schema.org\",\"@graph\":[{\"@type\":\"WebPage\",\"@id\":\"https:\/\/www.ile-blanche.com\/de\/vermietung-fahrrad\/\",\"url\":\"https:\/\/www.ile-blanche.com\/de\/vermietung-fahrrad\/\",\"name\":\"Fahrradverleih auf der Ile de R\u00e9 im Charente-Maritime in La Flotte en R\u00e9\",\"isPartOf\":{\"@id\":\"https:\/\/www.ile-blanche.com\/de\/#website\"},\"primaryImageOfPage\":{\"@id\":\"https:\/\/www.ile-blanche.com\/de\/vermietung-fahrrad\/#primaryimage\"},\"image\":{\"@id\":\"https:\/\/www.ile-blanche.com\/de\/vermietung-fahrrad\/#primaryimage\"},\"thumbnailUrl\":\"https:\/\/www.ile-blanche.com\/wp-content\/uploads\/2022\/08\/louer-velo-ile-de-re.jpg\",\"datePublished\":\"2022-11-04T13:38:38+00:00\",\"dateModified\":\"2022-11-10T16:30:20+00:00\",\"description\":\"Erfahren Sie mehr \u00fcber die verschiedenen Mietm\u00f6glichkeiten auf dem campingplatz l'Ile Blanche: Entdecken Sie unseren Fahrradverleih, Grill und andere Dienstleistungen.\",\"breadcrumb\":{\"@id\":\"https:\/\/www.ile-blanche.com\/de\/vermietung-fahrrad\/#breadcrumb\"},\"inLanguage\":\"de\",\"potentialAction\":[{\"@type\":\"ReadAction\",\"target\":[\"https:\/\/www.ile-blanche.com\/de\/vermietung-fahrrad\/\"]}]},{\"@type\":\"ImageObject\",\"inLanguage\":\"de\",\"@id\":\"https:\/\/www.ile-blanche.com\/de\/vermietung-fahrrad\/#primaryimage\",\"url\":\"https:\/\/www.ile-blanche.com\/wp-content\/uploads\/2022\/08\/louer-velo-ile-de-re.jpg\",\"contentUrl\":\"https:\/\/www.ile-blanche.com\/wp-content\/uploads\/2022\/08\/louer-velo-ile-de-re.jpg\",\"width\":1920,\"height\":480,\"caption\":\"louer velo ile de re\"},{\"@type\":\"BreadcrumbList\",\"@id\":\"https:\/\/www.ile-blanche.com\/de\/vermietung-fahrrad\/#breadcrumb\",\"itemListElement\":[{\"@type\":\"ListItem\",\"position\":1,\"name\":\"Campingplatz \u00cele de R\u00e9\",\"item\":\"https:\/\/www.ile-blanche.com\/de\/\"},{\"@type\":\"ListItem\",\"position\":2,\"name\":\"Fahrradverleih auf der \u00cele de R\u00e9\"}]},{\"@type\":\"WebSite\",\"@id\":\"https:\/\/www.ile-blanche.com\/de\/#website\",\"url\":\"https:\/\/www.ile-blanche.com\/de\/\",\"name\":\"L'\u00cele Blanche\",\"description\":\"\",\"publisher\":{\"@id\":\"https:\/\/www.ile-blanche.com\/de\/#organization\"},\"potentialAction\":[{\"@type\":\"SearchAction\",\"target\":{\"@type\":\"EntryPoint\",\"urlTemplate\":\"https:\/\/www.ile-blanche.com\/de\/?s={search_term_string}\"},\"query-input\":{\"@type\":\"PropertyValueSpecification\",\"valueRequired\":true,\"valueName\":\"search_term_string\"}}],\"inLanguage\":\"de\"},{\"@type\":\"Organization\",\"@id\":\"https:\/\/www.ile-blanche.com\/de\/#organization\",\"name\":\"L'\u00cele Blanche\",\"url\":\"https:\/\/www.ile-blanche.com\/de\/\",\"logo\":{\"@type\":\"ImageObject\",\"inLanguage\":\"de\",\"@id\":\"https:\/\/www.ile-blanche.com\/de\/#\/schema\/logo\/image\/\",\"url\":\"https:\/\/www.ile-blanche.com\/wp-content\/uploads\/2022\/06\/cropped-logo-alt-ile-blanche.png\",\"contentUrl\":\"https:\/\/www.ile-blanche.com\/wp-content\/uploads\/2022\/06\/cropped-logo-alt-ile-blanche.png\",\"width\":512,\"height\":512,\"caption\":\"L'\u00cele Blanche\"},\"image\":{\"@id\":\"https:\/\/www.ile-blanche.com\/de\/#\/schema\/logo\/image\/\"}}]}<\/script>\n<!-- \/ Yoast SEO plugin. -->","yoast_head_json":{"title":"Fahrradverleih auf der Ile de R\u00e9 im Charente-Maritime in La Flotte en R\u00e9","description":"Erfahren Sie mehr \u00fcber die verschiedenen Mietm\u00f6glichkeiten auf dem campingplatz l'Ile Blanche: Entdecken Sie unseren Fahrradverleih, Grill und andere Dienstleistungen.","robots":{"index":"index","follow":"follow","max-snippet":"max-snippet:-1","max-image-preview":"max-image-preview:large","max-video-preview":"max-video-preview:-1"},"canonical":"https:\/\/www.ile-blanche.com\/de\/vermietung-fahrrad\/","og_locale":"de_DE","og_type":"article","og_title":"Fahrradverleih auf der Ile de R\u00e9 im Charente-Maritime in La Flotte en R\u00e9","og_description":"Erfahren Sie mehr \u00fcber die verschiedenen Mietm\u00f6glichkeiten auf dem campingplatz l'Ile Blanche: Entdecken Sie unseren Fahrradverleih, Grill und andere Dienstleistungen.","og_url":"https:\/\/www.ile-blanche.com\/de\/vermietung-fahrrad\/","og_site_name":"L&#039;\u00cele Blanche","article_modified_time":"2022-11-10T16:30:20+00:00","og_image":[{"width":1920,"height":480,"url":"https:\/\/www.ile-blanche.com\/wp-content\/uploads\/2022\/08\/louer-velo-ile-de-re.jpg","type":"image\/jpeg"}],"twitter_card":"summary_large_image","twitter_misc":{"Gesch\u00e4tzte Lesezeit":"4\u00a0Minuten"},"schema":{"@context":"https:\/\/schema.org","@graph":[{"@type":"WebPage","@id":"https:\/\/www.ile-blanche.com\/de\/vermietung-fahrrad\/","url":"https:\/\/www.ile-blanche.com\/de\/vermietung-fahrrad\/","name":"Fahrradverleih auf der Ile de R\u00e9 im Charente-Maritime in La Flotte en R\u00e9","isPartOf":{"@id":"https:\/\/www.ile-blanche.com\/de\/#website"},"primaryImageOfPage":{"@id":"https:\/\/www.ile-blanche.com\/de\/vermietung-fahrrad\/#primaryimage"},"image":{"@id":"https:\/\/www.ile-blanche.com\/de\/vermietung-fahrrad\/#primaryimage"},"thumbnailUrl":"https:\/\/www.ile-blanche.com\/wp-content\/uploads\/2022\/08\/louer-velo-ile-de-re.jpg","datePublished":"2022-11-04T13:38:38+00:00","dateModified":"2022-11-10T16:30:20+00:00","description":"Erfahren Sie mehr \u00fcber die verschiedenen Mietm\u00f6glichkeiten auf dem campingplatz l'Ile Blanche: Entdecken Sie unseren Fahrradverleih, Grill und andere Dienstleistungen.","breadcrumb":{"@id":"https:\/\/www.ile-blanche.com\/de\/vermietung-fahrrad\/#breadcrumb"},"inLanguage":"de","potentialAction":[{"@type":"ReadAction","target":["https:\/\/www.ile-blanche.com\/de\/vermietung-fahrrad\/"]}]},{"@type":"ImageObject","inLanguage":"de","@id":"https:\/\/www.ile-blanche.com\/de\/vermietung-fahrrad\/#primaryimage","url":"https:\/\/www.ile-blanche.com\/wp-content\/uploads\/2022\/08\/louer-velo-ile-de-re.jpg","contentUrl":"https:\/\/www.ile-blanche.com\/wp-content\/uploads\/2022\/08\/louer-velo-ile-de-re.jpg","width":1920,"height":480,"caption":"louer velo ile de re"},{"@type":"BreadcrumbList","@id":"https:\/\/www.ile-blanche.com\/de\/vermietung-fahrrad\/#breadcrumb","itemListElement":[{"@type":"ListItem","position":1,"name":"Campingplatz \u00cele de R\u00e9","item":"https:\/\/www.ile-blanche.com\/de\/"},{"@type":"ListItem","position":2,"name":"Fahrradverleih auf der \u00cele de R\u00e9"}]},{"@type":"WebSite","@id":"https:\/\/www.ile-blanche.com\/de\/#website","url":"https:\/\/www.ile-blanche.com\/de\/","name":"L'\u00cele Blanche","description":"","publisher":{"@id":"https:\/\/www.ile-blanche.com\/de\/#organization"},"potentialAction":[{"@type":"SearchAction","target":{"@type":"EntryPoint","urlTemplate":"https:\/\/www.ile-blanche.com\/de\/?s={search_term_string}"},"query-input":{"@type":"PropertyValueSpecification","valueRequired":true,"valueName":"search_term_string"}}],"inLanguage":"de"},{"@type":"Organization","@id":"https:\/\/www.ile-blanche.com\/de\/#organization","name":"L'\u00cele Blanche","url":"https:\/\/www.ile-blanche.com\/de\/","logo":{"@type":"ImageObject","inLanguage":"de","@id":"https:\/\/www.ile-blanche.com\/de\/#\/schema\/logo\/image\/","url":"https:\/\/www.ile-blanche.com\/wp-content\/uploads\/2022\/06\/cropped-logo-alt-ile-blanche.png","contentUrl":"https:\/\/www.ile-blanche.com\/wp-content\/uploads\/2022\/06\/cropped-logo-alt-ile-blanche.png","width":512,"height":512,"caption":"L'\u00cele Blanche"},"image":{"@id":"https:\/\/www.ile-blanche.com\/de\/#\/schema\/logo\/image\/"}}]}},"_links":{"self":[{"href":"https:\/\/www.ile-blanche.com\/de\/wp-json\/wp\/v2\/pages\/14897","targetHints":{"allow":["GET"]}}],"collection":[{"href":"https:\/\/www.ile-blanche.com\/de\/wp-json\/wp\/v2\/pages"}],"about":[{"href":"https:\/\/www.ile-blanche.com\/de\/wp-json\/wp\/v2\/types\/page"}],"author":[{"embeddable":true,"href":"https:\/\/www.ile-blanche.com\/de\/wp-json\/wp\/v2\/users\/1"}],"replies":[{"embeddable":true,"href":"https:\/\/www.ile-blanche.com\/de\/wp-json\/wp\/v2\/comments?post=14897"}],"version-history":[{"count":16,"href":"https:\/\/www.ile-blanche.com\/de\/wp-json\/wp\/v2\/pages\/14897\/revisions"}],"predecessor-version":[{"id":16454,"href":"https:\/\/www.ile-blanche.com\/de\/wp-json\/wp\/v2\/pages\/14897\/revisions\/16454"}],"wp:featuredmedia":[{"embeddable":true,"href":"https:\/\/www.ile-blanche.com\/de\/wp-json\/wp\/v2\/media\/8882"}],"wp:attachment":[{"href":"https:\/\/www.ile-blanche.com\/de\/wp-json\/wp\/v2\/media?parent=14897"}],"wp:term":[{"taxonomy":"sujet","embeddable":true,"href":"https:\/\/www.ile-blanche.com\/de\/wp-json\/wp\/v2\/sujet?post=14897"}],"curies":[{"name":"wp","href":"https:\/\/api.w.org\/{rel}","templated":true}]}}