{"id":14840,"date":"2022-11-04T12:19:27","date_gmt":"2022-11-04T11:19:27","guid":{"rendered":"https:\/\/www.ile-blanche.com\/tarifs-et-offres\/"},"modified":"2022-11-08T15:54:03","modified_gmt":"2022-11-08T14:54:03","slug":"tarif-und-angebotsliste","status":"publish","type":"page","link":"https:\/\/www.ile-blanche.com\/de\/tarif-und-angebotsliste\/","title":{"rendered":"Tarifs et offres"},"content":{"rendered":"<section id=\"ls-section-block_70f8666eed994fb08ce5d24604493bc4\" class=\"ls-section \" >\n        <div class=\"container container--wide\">\n        \n\n<h1 class=\"ls__heading has-text-align-center p-b-4 wp-block-heading\">G\u00dcNSTIGER CAMPINGPLATZ AUF DER \u00ceLE DE R\u00c9<\/h1>\n\n\n\n<script>\n    window.ctoutvert = {\n\t\tid: 14055, \n\t\tlang: 'auto', \n\t\turl: 'https:\/\/bookingpremium.secureholiday.net\/widgets\/'\n    };\n\n    (function (w, d, s, ctv, r, js, fjs) {\n        r=new XMLHttpRequest();r.open('GET',w[ctv].url+'js\/src.json');\n        r.responseType='json';r.json=true;r.send();\n        r.onload=function(){w[ctv].src=r.responseType=='json'?r.response:JSON.parse(r.response);\n        js.src=w[ctv].src[0];fjs.parentNode.insertBefore(js, fjs);}\n        js=d.createElement(s),fjs=d.getElementsByTagName(s)[0];\n        js.id='ctvwidget';js.async=1;\n    }(window, document, 'script', 'ctoutvert'));\n<\/script>\n<ctv-availability data-background-color=\"#FFFFFFFF\"><\/ctv-availability>\n\n\n    <\/div>\n<\/section>\n\n<section id=\"ls-section-block_74de79d458be4d4f86d5e133dbecba7c\" class=\"ls-section  page-one home-fourth m-b-0\" >\n        <div class=\"container container--wide\">\n        \n\n<div class=\"wp-block-columns is-layout-flex wp-container-core-columns-is-layout-9d6595d7 wp-block-columns-is-layout-flex\">\n<div class=\"wp-block-column is-vertically-aligned-center is-layout-flow wp-block-column-is-layout-flow\">\n<figure class=\"wp-block-image size-full\"><a href=\"https:\/\/www.ile-blanche.com\/wp-content\/uploads\/2022\/08\/camping-meilleur-prix-charente-maritime.jpg\"><img decoding=\"async\" width=\"990\" height=\"634\" src=\"https:\/\/www.ile-blanche.com\/wp-content\/uploads\/2022\/08\/camping-meilleur-prix-charente-maritime.jpg\" alt=\"campingplatz beste preis charente maritime\" class=\"wp-image-9370\" srcset=\"https:\/\/www.ile-blanche.com\/wp-content\/uploads\/2022\/08\/camping-meilleur-prix-charente-maritime.jpg 990w, https:\/\/www.ile-blanche.com\/wp-content\/uploads\/2022\/08\/camping-meilleur-prix-charente-maritime-300x192.jpg 300w, https:\/\/www.ile-blanche.com\/wp-content\/uploads\/2022\/08\/camping-meilleur-prix-charente-maritime-768x492.jpg 768w\" sizes=\"(max-width: 990px) 100vw, 990px\" \/><\/a><\/figure>\n<\/div>\n\n\n\n<div class=\"wp-block-column is-vertically-aligned-center is-layout-flow wp-block-column-is-layout-flow\">\n<h2 class=\"ls-heading wp-block-heading\">G\u00fcnstiger Campingplatz auf der Ile de R\u00e9<\/h2>\n\n\n\n<p class=\"ls-paragraph\">Wer sagt, dass es keinen g\u00fcnstigen <strong>Campingplatz auf der \u00cele de R\u00e9 gibt<\/strong>?<\/p>\n\n\n\n<p class=\"ls-paragraph\">Unser <a href=\"\/de\/\">Campingplatz Ile de R\u00e9<\/a> zeigt regelm\u00e4\u00dfig reduzierte <strong>Preise f\u00fcr die Anmietung von Unterk\u00fcnften<\/strong> f\u00fcr Ihren Aufenthalt in der Charente-Maritime, ganz in der N\u00e4he der Sandstr\u00e4nde der Insel.<\/p>\n\n\n\n<p class=\"ls-paragraph\">Hier k\u00f6nnen Sie eine preisg\u00fcnstige Unterkunft finden, um Ihr Urlaubsbudget zu schonen und <strong>Ihre Finanzen zu sch\u00fctzen<\/strong>, w\u00e4hrend Sie sich selbst, aber auch Ihrer Familie etwas Gutes tun.<\/p>\n<\/div>\n<\/div>\n\n\n    <\/div>\n<\/section>\n\n<section id=\"ls-section-block_dc12f9f9f17bc70bb3a8e3b1c4843b5f\" class=\"ls-section  page-two home-second has-background has-color-4-background-color\" >\n        <div class=\"container container--full\">\n        \n\n<div class=\"wp-block-columns m-b-8 is-layout-flex wp-container-core-columns-is-layout-9d6595d7 wp-block-columns-is-layout-flex\">\n<div class=\"wp-block-column is-vertically-aligned-center column-left is-layout-flow wp-block-column-is-layout-flow\" style=\"flex-basis:33.33%\">\n<p class=\"ls-paragraph\">Unser Campingplatz auf der \u00cele de R\u00e9 ist dank seiner Mobilheime, die zu sehr g\u00fcnstigen Preisen vermietet werden, preisg\u00fcnstig. Au\u00dferdem bietet er Rabatte und Verg\u00fcnstigungen \u00fcber Sonderangebote und Sondertarife, die Sie sich nicht entgehen lassen sollten.<\/p>\n\n\n\n<p class=\"ls-paragraph\">Die Qualit\u00e4t unseres 4-Sterne-Service bleibt auch bei g\u00fcnstigen Preisen erhalten.<\/p>\n\n\n\n<p class=\"ls-paragraph\">Unser Ziel ist es, Ihren Aufenthalt auf dem Campingplatz zu einem echten Erfolg zu machen und Ihnen die M\u00f6glichkeit zu geben, die \u00cele de R\u00e9 unter den besten Bedingungen zu entdecken.<\/p>\n<\/div>\n\n\n\n<div class=\"wp-block-column is-vertically-aligned-center is-layout-flow wp-block-column-is-layout-flow\" style=\"flex-basis:66.66%\">\n<figure class=\"wp-block-gallery has-nested-images columns-1 is-cropped galerie-image wp-block-gallery-1 is-layout-flex wp-block-gallery-is-layout-flex\">\n<figure class=\"wp-block-image size-full\"><a href=\"https:\/\/www.ile-blanche.com\/wp-content\/uploads\/2022\/08\/location-mobil-home-petit-prix-ile-de-re.jpg\"><img decoding=\"async\" width=\"990\" height=\"634\" data-id=\"9378\" src=\"https:\/\/www.ile-blanche.com\/wp-content\/uploads\/2022\/08\/location-mobil-home-petit-prix-ile-de-re.jpg\" alt=\"vermietung mobilheim kleiner preis ile de re\" class=\"wp-image-9378\" srcset=\"https:\/\/www.ile-blanche.com\/wp-content\/uploads\/2022\/08\/location-mobil-home-petit-prix-ile-de-re.jpg 990w, https:\/\/www.ile-blanche.com\/wp-content\/uploads\/2022\/08\/location-mobil-home-petit-prix-ile-de-re-300x192.jpg 300w, https:\/\/www.ile-blanche.com\/wp-content\/uploads\/2022\/08\/location-mobil-home-petit-prix-ile-de-re-768x492.jpg 768w\" sizes=\"(max-width: 990px) 100vw, 990px\" \/><\/a><\/figure>\n\n\n\n<figure class=\"wp-block-image size-full\"><a href=\"https:\/\/www.ile-blanche.com\/wp-content\/uploads\/2022\/08\/louer-mobil-home-pas-cher-ile-de-re.jpg\"><img decoding=\"async\" width=\"990\" height=\"634\" data-id=\"9382\" src=\"https:\/\/www.ile-blanche.com\/wp-content\/uploads\/2022\/08\/louer-mobil-home-pas-cher-ile-de-re.jpg\" alt=\"mieten mobilheim billig ile de re\" class=\"wp-image-9382\" srcset=\"https:\/\/www.ile-blanche.com\/wp-content\/uploads\/2022\/08\/louer-mobil-home-pas-cher-ile-de-re.jpg 990w, https:\/\/www.ile-blanche.com\/wp-content\/uploads\/2022\/08\/louer-mobil-home-pas-cher-ile-de-re-300x192.jpg 300w, https:\/\/www.ile-blanche.com\/wp-content\/uploads\/2022\/08\/louer-mobil-home-pas-cher-ile-de-re-768x492.jpg 768w\" sizes=\"(max-width: 990px) 100vw, 990px\" \/><\/a><\/figure>\n\n\n\n<figure class=\"wp-block-image size-full\"><a href=\"https:\/\/www.ile-blanche.com\/wp-content\/uploads\/2022\/08\/mobil-home-pas-cher-ile-de-re.jpg\"><img decoding=\"async\" width=\"990\" height=\"634\" data-id=\"9386\" src=\"https:\/\/www.ile-blanche.com\/wp-content\/uploads\/2022\/08\/mobil-home-pas-cher-ile-de-re.jpg\" alt=\"mobilheim billig ile de re\" class=\"wp-image-9386\" srcset=\"https:\/\/www.ile-blanche.com\/wp-content\/uploads\/2022\/08\/mobil-home-pas-cher-ile-de-re.jpg 990w, https:\/\/www.ile-blanche.com\/wp-content\/uploads\/2022\/08\/mobil-home-pas-cher-ile-de-re-300x192.jpg 300w, https:\/\/www.ile-blanche.com\/wp-content\/uploads\/2022\/08\/mobil-home-pas-cher-ile-de-re-768x492.jpg 768w\" sizes=\"(max-width: 990px) 100vw, 990px\" \/><\/a><\/figure>\n\n\n\n<figure class=\"wp-block-image size-full\"><a href=\"https:\/\/www.ile-blanche.com\/wp-content\/uploads\/2022\/08\/location-mobil-home-pas-cher-ile-de-re.jpg\"><img decoding=\"async\" width=\"990\" height=\"634\" data-id=\"9374\" src=\"https:\/\/www.ile-blanche.com\/wp-content\/uploads\/2022\/08\/location-mobil-home-pas-cher-ile-de-re.jpg\" alt=\"vermietung mobil home-pas cher ile de re\" class=\"wp-image-9374\" srcset=\"https:\/\/www.ile-blanche.com\/wp-content\/uploads\/2022\/08\/location-mobil-home-pas-cher-ile-de-re.jpg 990w, https:\/\/www.ile-blanche.com\/wp-content\/uploads\/2022\/08\/location-mobil-home-pas-cher-ile-de-re-300x192.jpg 300w, https:\/\/www.ile-blanche.com\/wp-content\/uploads\/2022\/08\/location-mobil-home-pas-cher-ile-de-re-768x492.jpg 768w\" sizes=\"(max-width: 990px) 100vw, 990px\" \/><\/a><\/figure>\n<\/figure>\n<\/div>\n<\/div>\n\n\n    <\/div>\n<\/section>\n\n<section id=\"ls-section-block_d013fdd306ecf4ca53ca319a90d64062\" class=\"ls-section  page-three home-seventh p-t-2\" >\n        <div class=\"container container--full\">\n        \n\n<div class=\"wp-block-columns are-vertically-aligned-center is-layout-flex wp-container-core-columns-is-layout-9d6595d7 wp-block-columns-is-layout-flex\">\n<div class=\"wp-block-column is-vertically-aligned-center is-layout-flow wp-block-column-is-layout-flow\" style=\"flex-basis:66.66%\">\n<figure class=\"wp-block-image size-full\"><img decoding=\"async\" width=\"990\" height=\"634\" src=\"https:\/\/www.ile-blanche.com\/wp-content\/uploads\/2022\/08\/mobil-home-meilleur-prix-ile-de-re.jpg\" alt=\"mobilheim preiswert ile de re\" class=\"wp-image-9397\" srcset=\"https:\/\/www.ile-blanche.com\/wp-content\/uploads\/2022\/08\/mobil-home-meilleur-prix-ile-de-re.jpg 990w, https:\/\/www.ile-blanche.com\/wp-content\/uploads\/2022\/08\/mobil-home-meilleur-prix-ile-de-re-300x192.jpg 300w, https:\/\/www.ile-blanche.com\/wp-content\/uploads\/2022\/08\/mobil-home-meilleur-prix-ile-de-re-768x492.jpg 768w\" sizes=\"(max-width: 990px) 100vw, 990px\" \/><\/figure>\n<\/div>\n\n\n\n<div class=\"wp-block-column is-vertically-aligned-center column-right is-layout-flow wp-block-column-is-layout-flow\" style=\"flex-basis:33.33%\">\n<p class=\"ls-paragraph\">Wenn Sie eine <strong>g\u00fcnstige Unterkunft auf der Ile de R\u00e9<\/strong> suchen, um Ihre Ausgaben zu senken, ohne auf Qualit\u00e4t verzichten zu m\u00fcssen, ist der campingplatz L&#8217;\u00eele Blanche genau das Richtige f\u00fcr Sie!<\/p>\n\n\n\n<p class=\"ls-paragraph\">Genie\u00dfen Sie das beheizte Hallenbad und halten Sie Ausschau nach Sonderangeboten auf unserem familienfreundlichen Campingplatz, auf dem <strong>sogar Haustiere kostenlos erlaubt sind<\/strong> (vorbehaltlich guter F\u00fchrung). Machen Sie Spazierg\u00e4nge entlang der feinen Sandstr\u00e4nde des Atlantiks und wohnen Sie dabei in einem g\u00fcnstigen und ideal gelegenen Freilufthotel auf der \u00cele de R\u00e9.<\/p>\n<\/div>\n<\/div>\n\n\n    <\/div>\n<\/section>\n\n<section id=\"ls-section-block_653abce44d7c9e733b435f97a6429c78\" class=\"ls-section  page-four has-background-image has-m-b m-b-0\" >\n    <div class=\"ls-section__background-image opacity-100\"><img decoding=\"async\" src=\"https:\/\/www.ile-blanche.com\/wp-content\/uploads\/2022\/08\/camping-pas-che-charente-maritime.jpg\" alt=\"camping pas cher charente maritime\"><\/div>    <div class=\"container container--wide\">\n        \n\n<h2 class=\"ls__heading has-text-align-left wp-block-heading\">Mobilheimvermietung auf der \u00cele de R\u00e9 f\u00fcr wenig Geld<\/h2>\n\n\n\n<p class=\"ls-paragraph has-text-align-left\">Sind Sie auf der Suche nach <strong>einem g\u00fcnstigen Mobilheim auf der Ile de R\u00e9<\/strong> an der Atlantikk\u00fcste?<\/p>\n\n\n\n<p class=\"ls-paragraph has-text-align-left\">Auf dem Campingplatz L&#8217;\u00eele Blanche finden Sie eine gro\u00dfe Auswahl an <a href=\"\/de\/unsere-mobilheime-und-bungalows\/\">Mobilheimen<\/a> oder Cottages f\u00fcr 2 bis 6 Personen zu sehr g\u00fcnstigen Preisen. Die Mietunterk\u00fcnfte sind ger\u00e4umig, hell, neu (-7 Jahre) und perfekt ausgestattet, sodass Sie alleine, zu zweit oder zu mehreren, mit der Familie oder mit Freunden dort wohnen k\u00f6nnen.<\/p>\n\n\n\n<p class=\"ls-paragraph has-text-align-left\">Dank dieser Discount-Unterk\u00fcnfte wird Ihr <strong>g\u00fcnstiger Urlaub<\/strong> zu einem komfortablen Erlebnis: Jedes <strong>g\u00fcnstige Mobilheim<\/strong> bietet ein hervorragendes Preis-Leistungs-Verh\u00e4ltnis.<\/p>\n\n\n    <\/div>\n<\/section>\n\n<section id=\"ls-section-block_4e84e51ae6f055b52e319d912cdce956\" class=\"ls-section  page-five home-second m-b-0 has-background has-color-4-background-color\" >\n        <div class=\"container container--full\">\n        \n\n<div class=\"wp-block-columns are-vertically-aligned-center m-b-8 is-layout-flex wp-container-core-columns-is-layout-9d6595d7 wp-block-columns-is-layout-flex\">\n<div class=\"wp-block-column is-vertically-aligned-center column-left is-layout-flow wp-block-column-is-layout-flow\" style=\"flex-basis:33.33%\">\n<p class=\"ls-paragraph\">Die Lage Ihrer <strong>Ferienunterkunft auf der \u00cele de R\u00e9<\/strong> erm\u00f6glicht es Ihnen auch, Sightseeing zu betreiben oder die Sonne, die Str\u00e4nde und die Seeluft zu genie\u00dfen.<\/p>\n\n\n\n<p class=\"ls-paragraph\">Ihre Unterkunft befindet sich n\u00e4mlich in idealer Lage in La Flotte-en-R\u00e9.<\/p>\n\n\n\n<p class=\"ls-paragraph\">Auch mit den Werbeangeboten des campingplatzes werden die Mieter alle verf\u00fcgbaren Dienstleistungen in Anspruch nehmen.<\/p>\n\n\n\n<p class=\"ls-paragraph\">Bleiben Sie zu den niedrigsten Tarifen und entdecken Sie die <strong>Ile de R\u00e9 zum kleinen Preis<\/strong>, indem Sie schnell Ihr Mobilheim mit unseren Sonderangeboten buchen!<\/p>\n\n\n\n<p class=\"ls-paragraph\">Was die Babyausstattung betrifft, so werden Kinderbetten, Hochst\u00fchle und Badewannen auf Anfrage KOSTENLOS zur Verf\u00fcgung gestellt.<\/p>\n<\/div>\n\n\n\n<div class=\"wp-block-column is-vertically-aligned-center is-layout-flow wp-block-column-is-layout-flow\" style=\"flex-basis:66.66%\">\n<figure class=\"wp-block-gallery has-nested-images columns-1 is-cropped galerie-image wp-block-gallery-2 is-layout-flex wp-block-gallery-is-layout-flex\">\n<figure class=\"wp-block-image size-full\"><a href=\"https:\/\/www.ile-blanche.com\/wp-content\/uploads\/2022\/08\/camping-petit-prix-ile-de-re.jpg\"><img decoding=\"async\" width=\"990\" height=\"634\" data-id=\"9418\" src=\"https:\/\/www.ile-blanche.com\/wp-content\/uploads\/2022\/08\/camping-petit-prix-ile-de-re.jpg\" alt=\"campingplatz mit kleinem preis ile de re\" class=\"wp-image-9418\" srcset=\"https:\/\/www.ile-blanche.com\/wp-content\/uploads\/2022\/08\/camping-petit-prix-ile-de-re.jpg 990w, https:\/\/www.ile-blanche.com\/wp-content\/uploads\/2022\/08\/camping-petit-prix-ile-de-re-300x192.jpg 300w, https:\/\/www.ile-blanche.com\/wp-content\/uploads\/2022\/08\/camping-petit-prix-ile-de-re-768x492.jpg 768w\" sizes=\"(max-width: 990px) 100vw, 990px\" \/><\/a><\/figure>\n\n\n\n<figure class=\"wp-block-image size-full\"><a href=\"https:\/\/www.ile-blanche.com\/wp-content\/uploads\/2022\/08\/camping-meilleur-prix-ile-de-re.jpg\"><img decoding=\"async\" width=\"990\" height=\"634\" data-id=\"9408\" src=\"https:\/\/www.ile-blanche.com\/wp-content\/uploads\/2022\/08\/camping-meilleur-prix-ile-de-re.jpg\" alt=\"campingplatz beste preis ile de re\" class=\"wp-image-9408\" srcset=\"https:\/\/www.ile-blanche.com\/wp-content\/uploads\/2022\/08\/camping-meilleur-prix-ile-de-re.jpg 990w, https:\/\/www.ile-blanche.com\/wp-content\/uploads\/2022\/08\/camping-meilleur-prix-ile-de-re-300x192.jpg 300w, https:\/\/www.ile-blanche.com\/wp-content\/uploads\/2022\/08\/camping-meilleur-prix-ile-de-re-768x492.jpg 768w\" sizes=\"(max-width: 990px) 100vw, 990px\" \/><\/a><\/figure>\n\n\n\n<figure class=\"wp-block-image size-full\"><a href=\"https:\/\/www.ile-blanche.com\/wp-content\/uploads\/2022\/08\/mobil-home-meilleur-prix-charente-maritime.jpg\"><img decoding=\"async\" width=\"990\" height=\"634\" data-id=\"9403\" src=\"https:\/\/www.ile-blanche.com\/wp-content\/uploads\/2022\/08\/mobil-home-meilleur-prix-charente-maritime.jpg\" alt=\"mobilheim bester preis charente maritime\" class=\"wp-image-9403\" srcset=\"https:\/\/www.ile-blanche.com\/wp-content\/uploads\/2022\/08\/mobil-home-meilleur-prix-charente-maritime.jpg 990w, https:\/\/www.ile-blanche.com\/wp-content\/uploads\/2022\/08\/mobil-home-meilleur-prix-charente-maritime-300x192.jpg 300w, https:\/\/www.ile-blanche.com\/wp-content\/uploads\/2022\/08\/mobil-home-meilleur-prix-charente-maritime-768x492.jpg 768w\" sizes=\"(max-width: 990px) 100vw, 990px\" \/><\/a><\/figure>\n\n\n\n<figure class=\"wp-block-image size-full\"><a href=\"https:\/\/www.ile-blanche.com\/wp-content\/uploads\/2022\/08\/vacances-petit-prix-ile-de-re.jpg\"><img decoding=\"async\" width=\"990\" height=\"634\" data-id=\"9428\" src=\"https:\/\/www.ile-blanche.com\/wp-content\/uploads\/2022\/08\/vacances-petit-prix-ile-de-re.jpg\" alt=\"urlaub kleiner preis ile de re\" class=\"wp-image-9428\" srcset=\"https:\/\/www.ile-blanche.com\/wp-content\/uploads\/2022\/08\/vacances-petit-prix-ile-de-re.jpg 990w, https:\/\/www.ile-blanche.com\/wp-content\/uploads\/2022\/08\/vacances-petit-prix-ile-de-re-300x192.jpg 300w, https:\/\/www.ile-blanche.com\/wp-content\/uploads\/2022\/08\/vacances-petit-prix-ile-de-re-768x492.jpg 768w\" sizes=\"(max-width: 990px) 100vw, 990px\" \/><\/a><\/figure>\n<\/figure>\n<\/div>\n<\/div>\n\n\n    <\/div>\n<\/section>\n\n<section id=\"ls-section-block_a33eace2c0b6cbe01155389f87b99537\" class=\"ls-section  home-seventh p-t-2\" >\n        <div class=\"container container--full\">\n        \n\n<div class=\"wp-block-columns are-vertically-aligned-center is-layout-flex wp-container-core-columns-is-layout-9d6595d7 wp-block-columns-is-layout-flex\">\n<div class=\"wp-block-column is-vertically-aligned-center is-layout-flow wp-block-column-is-layout-flow\" style=\"flex-basis:66.66%\">\n<figure class=\"wp-block-image size-full\"><img decoding=\"async\" width=\"1250\" height=\"830\" src=\"https:\/\/www.ile-blanche.com\/wp-content\/uploads\/2022\/09\/camping-avec-piscine-ile-de-re-2.jpg\" alt=\"campingplatz mit pool ile de re\" class=\"wp-image-12685\" srcset=\"https:\/\/www.ile-blanche.com\/wp-content\/uploads\/2022\/09\/camping-avec-piscine-ile-de-re-2.jpg 1250w, https:\/\/www.ile-blanche.com\/wp-content\/uploads\/2022\/09\/camping-avec-piscine-ile-de-re-2-300x199.jpg 300w, https:\/\/www.ile-blanche.com\/wp-content\/uploads\/2022\/09\/camping-avec-piscine-ile-de-re-2-1024x680.jpg 1024w, https:\/\/www.ile-blanche.com\/wp-content\/uploads\/2022\/09\/camping-avec-piscine-ile-de-re-2-768x510.jpg 768w\" sizes=\"(max-width: 1250px) 100vw, 1250px\" \/><\/figure>\n<\/div>\n\n\n\n<div class=\"wp-block-column is-vertically-aligned-center column-right is-layout-flow wp-block-column-is-layout-flow\" style=\"flex-basis:33.33%\">\n<h2 class=\"ls-heading wp-block-heading\">Campingplatz auf der \u00cele de R\u00e9 mit Pool zum kleinen Preis<\/h2>\n\n\n\n<p class=\"ls-paragraph\">Der Campingplatz L&#8217;\u00eele Blanche ist ein idyllisch gelegener Platz, der Urlauber in einer sch\u00f6nen Naturlandschaft am Atlantik empf\u00e4ngt.<\/p>\n\n\n\n<p class=\"ls-paragraph\">Die 4-Sterne-Einrichtung hebt auch die Qualit\u00e4t ihrer Einrichtungen hervor, angefangen bei denen, die zu ihrem <strong>Wasserbereich geh\u00f6ren<\/strong>.<\/p>\n\n\n\n<p class=\"ls-paragraph has-text-align-left\">W\u00e4hrend ihres Familienurlaubs k\u00f6nnen die Camper unter anderem ein gro\u00dfes <a href=\"\/de\/der-wasserpark\/\">Hallenbad nutzen<\/a>.<\/p>\n\n\n\n<p class=\"ls-paragraph has-text-align-left\">Mit seinem von Ostern bis Ende September auf <strong>28\u00b0C erw\u00e4rmten Wasser<\/strong> eignet sich das Becken f\u00fcr verschiedene Wasseraktivit\u00e4ten wie Schwimmen, aber auch f\u00fcr Wassergymnastik und Wasserballturniere, die im Sommer von unseren freundlichen Animateuren organisiert werden.<\/p>\n\n\n\n<p class=\"ls-paragraph has-text-align-left\">Das Hallenbad auf dem campingplatz ist gleichzeitig ein Ort der Entspannung f\u00fcr die ganze Familie. Camper k\u00f6nnen ihre Entspannungsmomente auf den Sonnenliegen genie\u00dfen, die am Rand des Beckens aufgestellt sind.<\/p>\n\n\n\n<p class=\"ls-paragraph has-text-align-left\">Auch f\u00fcr Kinder gibt es ein Kinderbecken mit geringer Tiefe, in dem sie <strong>sicher baden k\u00f6nnen<\/strong>.<\/p>\n<\/div>\n<\/div>\n\n\n    <\/div>\n<\/section>\n\n<section id=\"ls-section-block_7c29c293388e4f0ae30b9a84abdf353f\" class=\"ls-section  home-eighth m-b-0\" >\n        <div class=\"container container--wide\">\n        \n\n<div id=\"ls-heading ls-titre-div-block_01d42a83e21c6e5f491c49f433f7e65a\" class=\"ls-titre-div aligncenter h2-like\" >\n    Unsere Mobilheime zur Vermietung und zum Verkauf auf der \u00cele de R\u00e9<\/div>\n\n\n<div id=\"ls-maillage-block_38e559d1a3f2294db972c31a5661ed5f\" class=\"ls-maillage cta-style-normal\" data-rows=\"3\">\r\n    <div class=\"wp-block-columns\"><div class=\"wp-block-column\"><div class=\"ls-cta\">\n\n<a href=\"https:\/\/www.ile-blanche.com\/de\/unsere-mobilheime-und-bungalows\/\" target=\"\" rel=\"noopener\" class=\"ls-cta__link\">\n\n\t<div class=\"ls-cta__image\"><img decoding=\"async\" src=\"https:\/\/www.ile-blanche.com\/wp-content\/uploads\/2022\/08\/louer-mobil-home-charente-maritime.jpg\" alt=\"louer mobil-home charente maritime\"><\/div>\t<span class=\"ile-blanche-right-arrow\"><\/span>\n\t<div class=\"ls-cta__title\">\n\t\t> VERMIETUNG MOBILHEIM ILE DE R\u00c9\t<\/div>\n\n\t\n<\/a><\/div><\/div><div class=\"wp-block-column\"><div class=\"ls-cta\">\n\n<a href=\"https:\/\/www.ile-blanche.com\/de\/eigentuemer-werden\/\" target=\"\" rel=\"noopener\" class=\"ls-cta__link\">\n\n\t<div class=\"ls-cta__image\"><img decoding=\"async\" src=\"https:\/\/www.ile-blanche.com\/wp-content\/uploads\/2022\/08\/achat-mobil-home-ile-de-re.jpg\" alt=\"achat mobil home ile de re\"><\/div>\t<span class=\"ile-blanche-right-arrow\"><\/span>\n\t<div class=\"ls-cta__title\">\n\t\t> Hausbesitzer werden\t<\/div>\n\n\t\n<\/a><\/div><\/div><div class=\"wp-block-column\"><div class=\"ls-cta\">\n\n<a href=\"https:\/\/www.ile-blanche.com\/de\/freizeit-und-unterhaltung\/\" target=\"\" rel=\"noopener\" class=\"ls-cta__link\">\n\n\t<div class=\"ls-cta__image\"><img decoding=\"async\" src=\"https:\/\/www.ile-blanche.com\/wp-content\/uploads\/2022\/09\/animation-camping-re.jpg\" alt=\"animation camping re\"><\/div>\t<span class=\"ile-blanche-right-arrow\"><\/span>\n\t<div class=\"ls-cta__title\">\n\t\t> Freizeit und Aktivit\u00e4ten\t<\/div>\n\n\t\n<\/a><\/div><\/div><\/div><\/div>\n\n    <\/div>\n<\/section>","protected":false},"excerpt":{"rendered":"","protected":false},"author":1,"featured_media":9361,"parent":0,"menu_order":0,"comment_status":"closed","ping_status":"closed","template":"","meta":{"_acf_changed":false,"footnotes":""},"sujet":[],"class_list":["post-14840","page","type-page","status-publish","has-post-thumbnail","hentry"],"acf":[],"yoast_head":"<!-- This site is optimized with the Yoast SEO plugin v25.3 - https:\/\/yoast.com\/wordpress\/plugins\/seo\/ -->\n<title>G\u00fcnstige Campingpl\u00e4tze Ile de R\u00e9 | G\u00fcnstige La Flotte en R\u00e9<\/title>\n<meta name=\"description\" content=\"Sparen Sie im Urlaub! Auf dem g\u00fcnstigen campingplatz \u00cele de R\u00e9 profitieren Sie von niedrigen Preisen f\u00fcr die Vermietung von Mobilheimen, profitieren Sie davon!\" \/>\n<meta name=\"robots\" content=\"index, follow, max-snippet:-1, max-image-preview:large, max-video-preview:-1\" \/>\n<link rel=\"canonical\" href=\"https:\/\/www.ile-blanche.com\/de\/tarif-und-angebotsliste\/\" \/>\n<meta property=\"og:locale\" content=\"de_DE\" \/>\n<meta property=\"og:type\" content=\"article\" \/>\n<meta property=\"og:title\" content=\"G\u00fcnstige Campingpl\u00e4tze Ile de R\u00e9 | G\u00fcnstige La Flotte en R\u00e9\" \/>\n<meta property=\"og:description\" content=\"Sparen Sie im Urlaub! Auf dem g\u00fcnstigen campingplatz \u00cele de R\u00e9 profitieren Sie von niedrigen Preisen f\u00fcr die Vermietung von Mobilheimen, profitieren Sie davon!\" \/>\n<meta property=\"og:url\" content=\"https:\/\/www.ile-blanche.com\/de\/tarif-und-angebotsliste\/\" \/>\n<meta property=\"og:site_name\" content=\"L&#039;\u00cele Blanche\" \/>\n<meta property=\"article:modified_time\" content=\"2022-11-08T14:54:03+00:00\" \/>\n<meta property=\"og:image\" content=\"https:\/\/www.ile-blanche.com\/wp-content\/uploads\/2022\/08\/camping-pas-cher-ile-de-re.jpg\" \/>\n\t<meta property=\"og:image:width\" content=\"1899\" \/>\n\t<meta property=\"og:image:height\" content=\"500\" \/>\n\t<meta property=\"og:image:type\" content=\"image\/jpeg\" \/>\n<meta name=\"twitter:card\" content=\"summary_large_image\" \/>\n<meta name=\"twitter:label1\" content=\"Gesch\u00e4tzte Lesezeit\" \/>\n\t<meta name=\"twitter:data1\" content=\"6\u00a0Minuten\" \/>\n<script type=\"application\/ld+json\" class=\"yoast-schema-graph\">{\"@context\":\"https:\/\/schema.org\",\"@graph\":[{\"@type\":\"WebPage\",\"@id\":\"https:\/\/www.ile-blanche.com\/de\/tarif-und-angebotsliste\/\",\"url\":\"https:\/\/www.ile-blanche.com\/de\/tarif-und-angebotsliste\/\",\"name\":\"G\u00fcnstige Campingpl\u00e4tze Ile de R\u00e9 | G\u00fcnstige La Flotte en R\u00e9\",\"isPartOf\":{\"@id\":\"https:\/\/www.ile-blanche.com\/de\/#website\"},\"primaryImageOfPage\":{\"@id\":\"https:\/\/www.ile-blanche.com\/de\/tarif-und-angebotsliste\/#primaryimage\"},\"image\":{\"@id\":\"https:\/\/www.ile-blanche.com\/de\/tarif-und-angebotsliste\/#primaryimage\"},\"thumbnailUrl\":\"https:\/\/www.ile-blanche.com\/wp-content\/uploads\/2022\/08\/camping-pas-cher-ile-de-re.jpg\",\"datePublished\":\"2022-11-04T11:19:27+00:00\",\"dateModified\":\"2022-11-08T14:54:03+00:00\",\"description\":\"Sparen Sie im Urlaub! Auf dem g\u00fcnstigen campingplatz \u00cele de R\u00e9 profitieren Sie von niedrigen Preisen f\u00fcr die Vermietung von Mobilheimen, profitieren Sie davon!\",\"breadcrumb\":{\"@id\":\"https:\/\/www.ile-blanche.com\/de\/tarif-und-angebotsliste\/#breadcrumb\"},\"inLanguage\":\"de\",\"potentialAction\":[{\"@type\":\"ReadAction\",\"target\":[\"https:\/\/www.ile-blanche.com\/de\/tarif-und-angebotsliste\/\"]}]},{\"@type\":\"ImageObject\",\"inLanguage\":\"de\",\"@id\":\"https:\/\/www.ile-blanche.com\/de\/tarif-und-angebotsliste\/#primaryimage\",\"url\":\"https:\/\/www.ile-blanche.com\/wp-content\/uploads\/2022\/08\/camping-pas-cher-ile-de-re.jpg\",\"contentUrl\":\"https:\/\/www.ile-blanche.com\/wp-content\/uploads\/2022\/08\/camping-pas-cher-ile-de-re.jpg\",\"width\":1899,\"height\":500,\"caption\":\"camping pas cher ile de re\"},{\"@type\":\"BreadcrumbList\",\"@id\":\"https:\/\/www.ile-blanche.com\/de\/tarif-und-angebotsliste\/#breadcrumb\",\"itemListElement\":[{\"@type\":\"ListItem\",\"position\":1,\"name\":\"Campingplatz \u00cele de R\u00e9\",\"item\":\"https:\/\/www.ile-blanche.com\/de\/\"},{\"@type\":\"ListItem\",\"position\":2,\"name\":\"Ile de R\u00e9 g\u00fcnstiger campingplatz\"}]},{\"@type\":\"WebSite\",\"@id\":\"https:\/\/www.ile-blanche.com\/de\/#website\",\"url\":\"https:\/\/www.ile-blanche.com\/de\/\",\"name\":\"L'\u00cele Blanche\",\"description\":\"\",\"publisher\":{\"@id\":\"https:\/\/www.ile-blanche.com\/de\/#organization\"},\"potentialAction\":[{\"@type\":\"SearchAction\",\"target\":{\"@type\":\"EntryPoint\",\"urlTemplate\":\"https:\/\/www.ile-blanche.com\/de\/?s={search_term_string}\"},\"query-input\":{\"@type\":\"PropertyValueSpecification\",\"valueRequired\":true,\"valueName\":\"search_term_string\"}}],\"inLanguage\":\"de\"},{\"@type\":\"Organization\",\"@id\":\"https:\/\/www.ile-blanche.com\/de\/#organization\",\"name\":\"L'\u00cele Blanche\",\"url\":\"https:\/\/www.ile-blanche.com\/de\/\",\"logo\":{\"@type\":\"ImageObject\",\"inLanguage\":\"de\",\"@id\":\"https:\/\/www.ile-blanche.com\/de\/#\/schema\/logo\/image\/\",\"url\":\"https:\/\/www.ile-blanche.com\/wp-content\/uploads\/2022\/06\/cropped-logo-alt-ile-blanche.png\",\"contentUrl\":\"https:\/\/www.ile-blanche.com\/wp-content\/uploads\/2022\/06\/cropped-logo-alt-ile-blanche.png\",\"width\":512,\"height\":512,\"caption\":\"L'\u00cele Blanche\"},\"image\":{\"@id\":\"https:\/\/www.ile-blanche.com\/de\/#\/schema\/logo\/image\/\"}}]}<\/script>\n<!-- \/ Yoast SEO plugin. -->","yoast_head_json":{"title":"G\u00fcnstige Campingpl\u00e4tze Ile de R\u00e9 | G\u00fcnstige La Flotte en R\u00e9","description":"Sparen Sie im Urlaub! Auf dem g\u00fcnstigen campingplatz \u00cele de R\u00e9 profitieren Sie von niedrigen Preisen f\u00fcr die Vermietung von Mobilheimen, profitieren Sie davon!","robots":{"index":"index","follow":"follow","max-snippet":"max-snippet:-1","max-image-preview":"max-image-preview:large","max-video-preview":"max-video-preview:-1"},"canonical":"https:\/\/www.ile-blanche.com\/de\/tarif-und-angebotsliste\/","og_locale":"de_DE","og_type":"article","og_title":"G\u00fcnstige Campingpl\u00e4tze Ile de R\u00e9 | G\u00fcnstige La Flotte en R\u00e9","og_description":"Sparen Sie im Urlaub! Auf dem g\u00fcnstigen campingplatz \u00cele de R\u00e9 profitieren Sie von niedrigen Preisen f\u00fcr die Vermietung von Mobilheimen, profitieren Sie davon!","og_url":"https:\/\/www.ile-blanche.com\/de\/tarif-und-angebotsliste\/","og_site_name":"L&#039;\u00cele Blanche","article_modified_time":"2022-11-08T14:54:03+00:00","og_image":[{"width":1899,"height":500,"url":"https:\/\/www.ile-blanche.com\/wp-content\/uploads\/2022\/08\/camping-pas-cher-ile-de-re.jpg","type":"image\/jpeg"}],"twitter_card":"summary_large_image","twitter_misc":{"Gesch\u00e4tzte Lesezeit":"6\u00a0Minuten"},"schema":{"@context":"https:\/\/schema.org","@graph":[{"@type":"WebPage","@id":"https:\/\/www.ile-blanche.com\/de\/tarif-und-angebotsliste\/","url":"https:\/\/www.ile-blanche.com\/de\/tarif-und-angebotsliste\/","name":"G\u00fcnstige Campingpl\u00e4tze Ile de R\u00e9 | G\u00fcnstige La Flotte en R\u00e9","isPartOf":{"@id":"https:\/\/www.ile-blanche.com\/de\/#website"},"primaryImageOfPage":{"@id":"https:\/\/www.ile-blanche.com\/de\/tarif-und-angebotsliste\/#primaryimage"},"image":{"@id":"https:\/\/www.ile-blanche.com\/de\/tarif-und-angebotsliste\/#primaryimage"},"thumbnailUrl":"https:\/\/www.ile-blanche.com\/wp-content\/uploads\/2022\/08\/camping-pas-cher-ile-de-re.jpg","datePublished":"2022-11-04T11:19:27+00:00","dateModified":"2022-11-08T14:54:03+00:00","description":"Sparen Sie im Urlaub! Auf dem g\u00fcnstigen campingplatz \u00cele de R\u00e9 profitieren Sie von niedrigen Preisen f\u00fcr die Vermietung von Mobilheimen, profitieren Sie davon!","breadcrumb":{"@id":"https:\/\/www.ile-blanche.com\/de\/tarif-und-angebotsliste\/#breadcrumb"},"inLanguage":"de","potentialAction":[{"@type":"ReadAction","target":["https:\/\/www.ile-blanche.com\/de\/tarif-und-angebotsliste\/"]}]},{"@type":"ImageObject","inLanguage":"de","@id":"https:\/\/www.ile-blanche.com\/de\/tarif-und-angebotsliste\/#primaryimage","url":"https:\/\/www.ile-blanche.com\/wp-content\/uploads\/2022\/08\/camping-pas-cher-ile-de-re.jpg","contentUrl":"https:\/\/www.ile-blanche.com\/wp-content\/uploads\/2022\/08\/camping-pas-cher-ile-de-re.jpg","width":1899,"height":500,"caption":"camping pas cher ile de re"},{"@type":"BreadcrumbList","@id":"https:\/\/www.ile-blanche.com\/de\/tarif-und-angebotsliste\/#breadcrumb","itemListElement":[{"@type":"ListItem","position":1,"name":"Campingplatz \u00cele de R\u00e9","item":"https:\/\/www.ile-blanche.com\/de\/"},{"@type":"ListItem","position":2,"name":"Ile de R\u00e9 g\u00fcnstiger campingplatz"}]},{"@type":"WebSite","@id":"https:\/\/www.ile-blanche.com\/de\/#website","url":"https:\/\/www.ile-blanche.com\/de\/","name":"L'\u00cele Blanche","description":"","publisher":{"@id":"https:\/\/www.ile-blanche.com\/de\/#organization"},"potentialAction":[{"@type":"SearchAction","target":{"@type":"EntryPoint","urlTemplate":"https:\/\/www.ile-blanche.com\/de\/?s={search_term_string}"},"query-input":{"@type":"PropertyValueSpecification","valueRequired":true,"valueName":"search_term_string"}}],"inLanguage":"de"},{"@type":"Organization","@id":"https:\/\/www.ile-blanche.com\/de\/#organization","name":"L'\u00cele Blanche","url":"https:\/\/www.ile-blanche.com\/de\/","logo":{"@type":"ImageObject","inLanguage":"de","@id":"https:\/\/www.ile-blanche.com\/de\/#\/schema\/logo\/image\/","url":"https:\/\/www.ile-blanche.com\/wp-content\/uploads\/2022\/06\/cropped-logo-alt-ile-blanche.png","contentUrl":"https:\/\/www.ile-blanche.com\/wp-content\/uploads\/2022\/06\/cropped-logo-alt-ile-blanche.png","width":512,"height":512,"caption":"L'\u00cele Blanche"},"image":{"@id":"https:\/\/www.ile-blanche.com\/de\/#\/schema\/logo\/image\/"}}]}},"_links":{"self":[{"href":"https:\/\/www.ile-blanche.com\/de\/wp-json\/wp\/v2\/pages\/14840","targetHints":{"allow":["GET"]}}],"collection":[{"href":"https:\/\/www.ile-blanche.com\/de\/wp-json\/wp\/v2\/pages"}],"about":[{"href":"https:\/\/www.ile-blanche.com\/de\/wp-json\/wp\/v2\/types\/page"}],"author":[{"embeddable":true,"href":"https:\/\/www.ile-blanche.com\/de\/wp-json\/wp\/v2\/users\/1"}],"replies":[{"embeddable":true,"href":"https:\/\/www.ile-blanche.com\/de\/wp-json\/wp\/v2\/comments?post=14840"}],"version-history":[{"count":11,"href":"https:\/\/www.ile-blanche.com\/de\/wp-json\/wp\/v2\/pages\/14840\/revisions"}],"predecessor-version":[{"id":16090,"href":"https:\/\/www.ile-blanche.com\/de\/wp-json\/wp\/v2\/pages\/14840\/revisions\/16090"}],"wp:featuredmedia":[{"embeddable":true,"href":"https:\/\/www.ile-blanche.com\/de\/wp-json\/wp\/v2\/media\/9361"}],"wp:attachment":[{"href":"https:\/\/www.ile-blanche.com\/de\/wp-json\/wp\/v2\/media?parent=14840"}],"wp:term":[{"taxonomy":"sujet","embeddable":true,"href":"https:\/\/www.ile-blanche.com\/de\/wp-json\/wp\/v2\/sujet?post=14840"}],"curies":[{"name":"wp","href":"https:\/\/api.w.org\/{rel}","templated":true}]}}