{"id":14828,"date":"2022-11-04T11:56:54","date_gmt":"2022-11-04T10:56:54","guid":{"rendered":"https:\/\/www.ile-blanche.com\/devenir-proprietaire\/"},"modified":"2022-11-10T17:32:26","modified_gmt":"2022-11-10T16:32:26","slug":"eigentuemer-werden","status":"publish","type":"page","link":"https:\/\/www.ile-blanche.com\/de\/eigentuemer-werden\/","title":{"rendered":"Devenir propri\u00e9taire"},"content":{"rendered":"<section id=\"ls-section-block_50684ccb4553964763e923171c7efe5a\" class=\"ls-section  page-one home-fourth m-b-0\" >\n        <div class=\"container container--wide\">\n        \n\n<div class=\"wp-block-columns is-layout-flex wp-container-core-columns-is-layout-9d6595d7 wp-block-columns-is-layout-flex\">\n<div class=\"wp-block-column is-vertically-aligned-center is-layout-flow wp-block-column-is-layout-flow\">\n<figure class=\"wp-block-image size-full\"><a href=\"https:\/\/www.ile-blanche.com\/wp-content\/uploads\/2022\/08\/mobil-home-proprietaire.jpg\"><img decoding=\"async\" width=\"900\" height=\"506\" src=\"https:\/\/www.ile-blanche.com\/wp-content\/uploads\/2022\/08\/mobil-home-proprietaire.jpg\" alt=\"Mobilheimbesitzer\" class=\"wp-image-9464\" srcset=\"https:\/\/www.ile-blanche.com\/wp-content\/uploads\/2022\/08\/mobil-home-proprietaire.jpg 900w, https:\/\/www.ile-blanche.com\/wp-content\/uploads\/2022\/08\/mobil-home-proprietaire-300x169.jpg 300w, https:\/\/www.ile-blanche.com\/wp-content\/uploads\/2022\/08\/mobil-home-proprietaire-768x432.jpg 768w\" sizes=\"(max-width: 900px) 100vw, 900px\" \/><\/a><\/figure>\n<\/div>\n\n\n\n<div class=\"wp-block-column is-vertically-aligned-center is-layout-flow wp-block-column-is-layout-flow\">\n<h1 class=\"ls-heading wp-block-heading\">Kauf MOBIL-HOME ILE DE R\u00c9<br><\/h1>\n\n\n\n<div id=\"ls-heading ls-titre-div-block_9fe29ec2a058f77488e0c8990c8a66d6\" class=\"ls-titre-div h3-like has-text-color has-color-3-color\" >\n    In L&#8217;Ile Blanche k\u00f6nnen Sie g\u00fcnstig Hausbesitzer werden!<\/div>\n\n\n\n<p class=\"ls-paragraph\">Die wei\u00dfe Insel, <a href=\"\/de\/\">campingplatz in La Flotte en R\u00e9<\/a> Der Campingplatz ist vom 1.4. bis zum 11.11. ge\u00f6ffnet und verkauft gebrauchte und neue Mobilheime auf der Insel Re. Er bietet Zugang zu allen Einrichtungen des Campingplatzes, wie z.B. dem beheizten Hallenbad, dem Tennisplatz, der Gastst\u00e4tte, dem Spielplatz und den Sommer-, Spiel- und Sportanimationen.<\/p>\n\n\n\n<p class=\"ls-paragraph\">Wir geben Ihnen die M\u00f6glichkeit, Ihr Mobilheim auf seinem Stellplatz ohne Eintrittsgeb\u00fchr zu verkaufen.<\/p>\n\n\n\n<p class=\"ls-paragraph\">Sie suchen nach einem :<\/p>\n\n\n\n<ul class=\"ls-list wp-block-list\">\n<li>Kauf Mobilheim Ile de R\u00e9<\/li>\n\n\n\n<li>Kauf mobilheim in campingplatz Ile de R\u00e9<\/li>\n<\/ul>\n<\/div>\n<\/div>\n\n\n    <\/div>\n<\/section>\n\n<section id=\"ls-section-block_fda3d69cecdeab4041429529de5abada\" class=\"ls-section \" >\n        <div class=\"container container--full\">\n        \n\n<div class=\"wp-block-columns is-layout-flex wp-container-core-columns-is-layout-9d6595d7 wp-block-columns-is-layout-flex\">\n<div class=\"wp-block-column p-l-6 p-r-6 is-layout-flow wp-block-column-is-layout-flow\">\n<figure class=\"wp-block-image size-full\"><a href=\"\/wp-content\/uploads\/2022\/08\/vente-mobil-home-ile-blanche-1.jpg\"><img decoding=\"async\" width=\"988\" height=\"634\" src=\"\/wp-content\/uploads\/2022\/08\/vente-mobil-home-ile-blanche-1.jpg\" alt=\"verkauf mobilheim ile blanche\" class=\"wp-image-11793\" srcset=\"https:\/\/www.ile-blanche.com\/wp-content\/uploads\/2022\/08\/vente-mobil-home-ile-blanche-1.jpg 988w, https:\/\/www.ile-blanche.com\/wp-content\/uploads\/2022\/08\/vente-mobil-home-ile-blanche-1-300x193.jpg 300w, https:\/\/www.ile-blanche.com\/wp-content\/uploads\/2022\/08\/vente-mobil-home-ile-blanche-1-768x493.jpg 768w\" sizes=\"(max-width: 988px) 100vw, 988px\" \/><\/a><\/figure>\n\n\n\n<h2 class=\"ls__heading p-t-2 wp-block-heading\">Verkauf Mobilheim gebaut-Konzept, Modell Gl\u00e9nan<\/h2>\n\n\n\n<p class=\"ls-paragraph\"><strong>Jahr<\/strong>: gebraucht<\/p>\n\n\n\n<p class=\"ls-paragraph\"><strong>Fl\u00e4che<\/strong>: 31m\u00b2<\/p>\n\n\n\n<p class=\"ls-paragraph\"><strong>Beschreibungen:<\/strong><\/p>\n\n\n\n<ul class=\"ls-list wp-block-list\"><li>2 Schlafzimmer: Elternschlafzimmer mit Bett von 160*190 und 1 Kinderschlafzimmer mit 2 Betten von 80*190<\/li><li>Rolll\u00e4den<\/li><li>Badezimmer<\/li><li>Elektrischer Konvektor<\/li><li>Stellplatz Fahrzeug<\/li><li>Befestigte Terrasse<\/li><\/ul>\n<\/div>\n\n\n\n<div class=\"wp-block-column p-l-6 p-r-6 is-layout-flow wp-block-column-is-layout-flow\">\n<figure class=\"wp-block-image size-full\"><a href=\"\/wp-content\/uploads\/2022\/08\/vente-mobil-home-camping-ile-blanche-1.jpg\"><img decoding=\"async\" width=\"988\" height=\"634\" src=\"\/wp-content\/uploads\/2022\/08\/vente-mobil-home-camping-ile-blanche-1.jpg\" alt=\"vente mobil home camping ile blanche\" class=\"wp-image-11789\" srcset=\"https:\/\/www.ile-blanche.com\/wp-content\/uploads\/2022\/08\/vente-mobil-home-camping-ile-blanche-1.jpg 988w, https:\/\/www.ile-blanche.com\/wp-content\/uploads\/2022\/08\/vente-mobil-home-camping-ile-blanche-1-300x193.jpg 300w, https:\/\/www.ile-blanche.com\/wp-content\/uploads\/2022\/08\/vente-mobil-home-camping-ile-blanche-1-768x493.jpg 768w\" sizes=\"(max-width: 988px) 100vw, 988px\" \/><\/a><\/figure>\n\n\n\n<h2 class=\"ls__heading p-t-2 wp-block-heading\">Verkauf Mobilheim gebaut-Konzept, Modell Malediven<\/h2>\n\n\n\n<p class=\"ls-paragraph\"><strong>Jahr<\/strong>: gebraucht<\/p>\n\n\n\n<p class=\"ls-paragraph\"><strong>Fl\u00e4che<\/strong>: 32m\u00b2<br>2 Schlafzimmer &#8211; 4 Personen<\/p>\n\n\n\n<p class=\"ls-paragraph\"><strong>Beschreibungen:<\/strong><\/p>\n\n\n\n<ul class=\"ls-list wp-block-list\"><li>K\u00fcchenecke ,K\u00fchlschrank &#8211; Gefrierschrank, Dunstabzugshaube und Gaskochfeld<\/li><li>2 Schlafzimmer:Elternschlafzimmer mit Bett 140*190 und Kinderschlafzimmer mit 2 Betten 80*190<\/li><li>Rolll\u00e4den<\/li><li>Badezimmer<\/li><li>Elektrischer Konvektor<\/li><li>Stellplatz Fahrzeug<\/li><li>Befestigte Terrasse<\/li><\/ul>\n<\/div>\n\n\n\n<div class=\"wp-block-column p-l-6 p-r-6 is-layout-flow wp-block-column-is-layout-flow\">\n<figure class=\"wp-block-image size-full\"><a href=\"\/wp-content\/uploads\/2022\/08\/PLAN-FLORES-1.jpg\"><img decoding=\"async\" width=\"991\" height=\"634\" src=\"\/wp-content\/uploads\/2022\/08\/PLAN-FLORES-1.jpg\" alt=\"plan mobil home flores camping re\" class=\"wp-image-11785\" srcset=\"https:\/\/www.ile-blanche.com\/wp-content\/uploads\/2022\/08\/PLAN-FLORES-1.jpg 991w, https:\/\/www.ile-blanche.com\/wp-content\/uploads\/2022\/08\/PLAN-FLORES-1-300x192.jpg 300w, https:\/\/www.ile-blanche.com\/wp-content\/uploads\/2022\/08\/PLAN-FLORES-1-768x491.jpg 768w\" sizes=\"(max-width: 991px) 100vw, 991px\" \/><\/a><\/figure>\n\n\n\n<h2 class=\"ls__heading p-t-2 wp-block-heading\">Verkauf Mobilheim gebaut-Konzept, Modell Flores<\/h2>\n\n\n\n<p class=\"ls-paragraph\"><strong>Jahr<\/strong>: gebraucht<\/p>\n\n\n\n<p class=\"ls-paragraph\"><strong>Fl\u00e4che<\/strong>: 35m\u00b2<\/p>\n\n\n\n<p class=\"ls-paragraph\"><strong>Beschreibungen:<\/strong><\/p>\n\n\n\n<ul class=\"ls-list wp-block-list\"><li>3 Schlafzimmer: Elternschlafzimmer mit einem Bett von 160*190 und 2 Kinderzimmer mit 2 Betten von 80*190.<\/li><li>Rolll\u00e4den<\/li><li>Badezimmer<\/li><li>Elektrischer Konvektor<\/li><li>Stellplatz Fahrzeug<\/li><li>Befestigte Terrasse<\/li><\/ul>\n<\/div>\n<\/div>\n\n\n\n<p class=\"ls-paragraph has-text-align-center\">Weitere Informationen erhalten Sie unter <strong>05 46 09 52 43<\/strong> oder per E-Mail: contact@ile-blanche.com<\/p>\n\n\n    <\/div>\n<\/section>\n\n<section id=\"ls-section-block_ce2ae062aba4d8966a872e73c2947963\" class=\"ls-section  page-two home-second has-background has-color-4-background-color\" >\n        <div class=\"container container--full\">\n        \n\n<div class=\"wp-block-columns m-b-8 is-layout-flex wp-container-core-columns-is-layout-9d6595d7 wp-block-columns-is-layout-flex\">\n<div class=\"wp-block-column is-vertically-aligned-center column-left is-layout-flow wp-block-column-is-layout-flow\" style=\"flex-basis:33.33%\">\n<h2 class=\"ls-heading wp-block-heading\">Ihr Mobilheim &#8222;schl\u00fcsselfertig&#8220; auf der \u00cele de R\u00e9<\/h2>\n\n\n\n<p class=\"ls-paragraph\">F\u00fchlen Sie sich nicht von einem <a href=\"\/de\/unsere-mobilheime-und-bungalows\/\">Mobilheim auf der \u00cele de R\u00e9 angezogen<\/a>? Dann werden Sie Besitzer eines Mobilheims in La Flotte-en-R\u00e9!<br>L&#8217;\u00eele Blanche k\u00fcmmert sich um alles: <mark style=\"background-color:rgba(0, 0, 0, 0)\" class=\"has-inline-color has-color-black-color\"><strong>Kauf Ihres Mobilheims, Transport, Installation, Anschl\u00fcsse f\u00fcr Wasser, EDF (10A), Kanalisation.<\/strong><\/mark><\/p>\n<\/div>\n\n\n\n<div class=\"wp-block-column is-vertically-aligned-center is-layout-flow wp-block-column-is-layout-flow\" style=\"flex-basis:66.66%\">\n<figure class=\"wp-block-gallery has-nested-images columns-1 is-cropped galerie-image wp-block-gallery-1 is-layout-flex wp-block-gallery-is-layout-flex\">\n<figure class=\"wp-block-image size-full\"><a href=\"https:\/\/www.ile-blanche.com\/wp-content\/uploads\/2022\/08\/terrasse-proprie\u0301taire-mobil-home.jpg\"><img decoding=\"async\" width=\"900\" height=\"600\" data-id=\"9469\" src=\"https:\/\/www.ile-blanche.com\/wp-content\/uploads\/2022\/08\/terrasse-proprie\u0301taire-mobil-home.jpg\" alt=\"Terrasse des Eigent\u00fcmers Mobilheim\" class=\"wp-image-9469\" srcset=\"https:\/\/www.ile-blanche.com\/wp-content\/uploads\/2022\/08\/terrasse-proprie\u0301taire-mobil-home.jpg 900w, https:\/\/www.ile-blanche.com\/wp-content\/uploads\/2022\/08\/terrasse-proprie\u0301taire-mobil-home-300x200.jpg 300w, https:\/\/www.ile-blanche.com\/wp-content\/uploads\/2022\/08\/terrasse-proprie\u0301taire-mobil-home-768x512.jpg 768w\" sizes=\"(max-width: 900px) 100vw, 900px\" \/><\/a><\/figure>\n\n\n\n<figure class=\"wp-block-image size-full\"><a href=\"https:\/\/www.ile-blanche.com\/wp-content\/uploads\/2022\/08\/proprietaire-mobil-home-ile-de-re.jpg\"><img decoding=\"async\" width=\"900\" height=\"600\" data-id=\"9474\" src=\"https:\/\/www.ile-blanche.com\/wp-content\/uploads\/2022\/08\/proprietaire-mobil-home-ile-de-re.jpg\" alt=\"eigent\u00fcmer mobilheim ile de re\" class=\"wp-image-9474\" srcset=\"https:\/\/www.ile-blanche.com\/wp-content\/uploads\/2022\/08\/proprietaire-mobil-home-ile-de-re.jpg 900w, https:\/\/www.ile-blanche.com\/wp-content\/uploads\/2022\/08\/proprietaire-mobil-home-ile-de-re-300x200.jpg 300w, https:\/\/www.ile-blanche.com\/wp-content\/uploads\/2022\/08\/proprietaire-mobil-home-ile-de-re-768x512.jpg 768w\" sizes=\"(max-width: 900px) 100vw, 900px\" \/><\/a><\/figure>\n\n\n\n<figure class=\"wp-block-image size-full\"><a href=\"https:\/\/www.ile-blanche.com\/wp-content\/uploads\/2022\/08\/etre-proprietaire-ile-de-re.jpg\"><img decoding=\"async\" width=\"900\" height=\"600\" data-id=\"9479\" src=\"https:\/\/www.ile-blanche.com\/wp-content\/uploads\/2022\/08\/etre-proprietaire-ile-de-re.jpg\" alt=\"eigent\u00fcmer sein ile de re\" class=\"wp-image-9479\" srcset=\"https:\/\/www.ile-blanche.com\/wp-content\/uploads\/2022\/08\/etre-proprietaire-ile-de-re.jpg 900w, https:\/\/www.ile-blanche.com\/wp-content\/uploads\/2022\/08\/etre-proprietaire-ile-de-re-300x200.jpg 300w, https:\/\/www.ile-blanche.com\/wp-content\/uploads\/2022\/08\/etre-proprietaire-ile-de-re-768x512.jpg 768w\" sizes=\"(max-width: 900px) 100vw, 900px\" \/><\/a><\/figure>\n\n\n\n<figure class=\"wp-block-image size-full\"><a href=\"https:\/\/www.ile-blanche.com\/wp-content\/uploads\/2022\/08\/devenir-proprietaire-bungalow-ile-de-re.jpg\"><img decoding=\"async\" width=\"900\" height=\"600\" data-id=\"9484\" src=\"https:\/\/www.ile-blanche.com\/wp-content\/uploads\/2022\/08\/devenir-proprietaire-bungalow-ile-de-re.jpg\" alt=\"eigent\u00fcmer eines bungalows auf der ile de re werden\" class=\"wp-image-9484\" srcset=\"https:\/\/www.ile-blanche.com\/wp-content\/uploads\/2022\/08\/devenir-proprietaire-bungalow-ile-de-re.jpg 900w, https:\/\/www.ile-blanche.com\/wp-content\/uploads\/2022\/08\/devenir-proprietaire-bungalow-ile-de-re-300x200.jpg 300w, https:\/\/www.ile-blanche.com\/wp-content\/uploads\/2022\/08\/devenir-proprietaire-bungalow-ile-de-re-768x512.jpg 768w\" sizes=\"(max-width: 900px) 100vw, 900px\" \/><\/a><\/figure>\n<\/figure>\n<\/div>\n<\/div>\n\n\n    <\/div>\n<\/section>\n\n<section id=\"ls-section-block_1ba9c5a5084abc4fa9076d5d8699059e\" class=\"ls-section  home-seventh p-t-2 has-m-b m-b-0\" >\n        <div class=\"container container--full\">\n        \n\n<div class=\"wp-block-columns are-vertically-aligned-center is-layout-flex wp-container-core-columns-is-layout-9d6595d7 wp-block-columns-is-layout-flex\">\n<div class=\"wp-block-column is-vertically-aligned-center is-layout-flow wp-block-column-is-layout-flow\" style=\"flex-basis:66.66%\">\n<figure class=\"wp-block-image size-full\"><img decoding=\"async\" width=\"900\" height=\"600\" src=\"https:\/\/www.ile-blanche.com\/wp-content\/uploads\/2022\/08\/location-bas-prix-ile-de-re.jpg\" alt=\"vermietung preiswert ile de re\" class=\"wp-image-9489\" srcset=\"https:\/\/www.ile-blanche.com\/wp-content\/uploads\/2022\/08\/location-bas-prix-ile-de-re.jpg 900w, https:\/\/www.ile-blanche.com\/wp-content\/uploads\/2022\/08\/location-bas-prix-ile-de-re-300x200.jpg 300w, https:\/\/www.ile-blanche.com\/wp-content\/uploads\/2022\/08\/location-bas-prix-ile-de-re-768x512.jpg 768w\" sizes=\"(max-width: 900px) 100vw, 900px\" \/><\/figure>\n<\/div>\n\n\n\n<div class=\"wp-block-column is-vertically-aligned-center column-right is-layout-flow wp-block-column-is-layout-flow\" style=\"flex-basis:33.33%\">\n<p class=\"ls-paragraph\"><mark style=\"background-color:rgba(0, 0, 0, 0)\" class=\"has-inline-color has-color-3-color\"><strong>Die Wahl Ihrer Parzelle<\/strong> mark<br><\/mark>, lbElles sind zwischen 120 und 150m2 gro\u00df, M\u00f6glichkeit, eine Parzelle mehrere Monate im Voraus zu reservieren, je nach Verf\u00fcgbarkeit. Sie haben die Wahl zwischen den Mobilheimen Louisiane oder B\u00e2ti concept, die Ihnen zum Kauf angeboten werden.<\/p>\n\n\n\n<p class=\"ls-paragraph\">Die Untervermietung ist in unserer Einrichtung strengstens untersagt. Auf einfache Terminvereinbarung hin wird Ihnen ein Mitglied unseres Teams unsere zum Verkauf stehenden Mobilheime zeigen.<\/p>\n\n\n\n<h2 class=\"ls__heading m-t-6 wp-block-heading\">Kauf eines Mobilheims \u00cele de R\u00e9: Die Miete des Stellplatzes<\/h2>\n\n\n\n<p class=\"ls-paragraph\">Folgende Belastungen sind hinzuzuf\u00fcgen:<\/p>\n\n\n\n<ul class=\"ls-list wp-block-list\"><li><strong><mark style=\"background-color:rgba(0, 0, 0, 0)\" class=\"has-inline-color has-color-3-color\">Wasser und Strom<\/mark><\/strong> \u00fcber einen eigenen Z\u00e4hler (kein Abonnement)<\/li><li>Sie haben weder eine Wohn- noch eine Grundsteuer.<\/li><li>MWST. 10%.<\/li><li><strong><mark style=\"background-color:rgba(0, 0, 0, 0)\" class=\"has-inline-color has-color-3-color\">Kurtaxe<\/mark><\/strong>: 0.66\/Tag\/Personen + 18 Jahre<\/li><li><strong><mark style=\"background-color:rgba(0, 0, 0, 0)\" class=\"has-inline-color has-color-3-color\">Jahresvertrag, der jedes Jahr verl\u00e4ngert werden kann.<\/mark><\/strong><\/li><\/ul>\n\n\n\n<p class=\"ls-paragraph\"><mark style=\"background-color:rgba(0, 0, 0, 0)\" class=\"has-inline-color has-color-black-color\"><strong>L&#8217;\u00eele Blanche k\u00fcmmert sich um alles: Kauf Ihres Mobilheims, Transport, Installation, Anschl\u00fcsse f\u00fcr Wasser, EDF (10A), Kanalisation<\/strong><\/mark><strong><mark style=\"background-color:rgba(0, 0, 0, 0)\" class=\"has-inline-color has-color-black-color\">.<\/mark><\/strong><\/p>\n<\/div>\n<\/div>\n\n\n    <\/div>\n<\/section>\n\n<section id=\"ls-section-block_daed5f3fd84aeb9ca4ebfaf4fac0227e\" class=\"ls-section  page-four has-background-image\" >\n    <div class=\"ls-section__background-image opacity-100\"><img decoding=\"async\" src=\"https:\/\/www.ile-blanche.com\/wp-content\/uploads\/2022\/08\/acheter-mobil-home-ile-de-re.jpg\" alt=\"acheter mobil home ile de re\"><\/div>    <div class=\"container container--wide\">\n        \n\n<h2 class=\"ls__heading has-text-align-center wp-block-heading\">Was beinhaltet diese Miete?<\/h2>\n\n\n\n<ul class=\"ls-list wp-block-list\"><li>Freier Zugang zu Ihrem Mobilheim vom 1. April bis zum 11. November.<\/li><li>Ein Team ist das ganze Jahr \u00fcber vor Ort pr\u00e4sent, der Hausmeister lebt vor Ort.<\/li><li><strong>M\u00f6glichkeit, Ihre Parzelle durch Anpflanzungen, Ornamente und Blumen zu versch\u00f6nern.<\/strong><\/li><li>Freier Zugang f\u00fcr Sie, Ihre Familie und Ihre Freunde, die bei Ihnen \u00fcbernachten, zu allen Einrichtungen der Anlage und zu den angebotenen Aktivit\u00e4ten.<\/li><\/ul>\n\n\n    <\/div>\n<\/section>\n\n<section id=\"ls-section-block_b0dfd6808c81ea7ca28c5e461895af8b\" class=\"ls-section  home-eighth m-b-0\" >\n        <div class=\"container container--wide\">\n        \n\n<div id=\"ls-heading ls-titre-div-block_6e194429c77b38045d02056f7427f5c4\" class=\"ls-titre-div aligncenter h2-like\" >\n    Unsere Mobilheime und die Preise f\u00fcr unseren campingplatz am Meer<\/div>\n\n\n<div id=\"ls-maillage-block_79e5b8bd9ecffda7d98cb5b7cf14e63e\" class=\"ls-maillage cta-style-normal\" data-rows=\"3\">\r\n    <div class=\"wp-block-columns\"><div class=\"wp-block-column\"><div class=\"ls-cta\">\n\n<a href=\"https:\/\/www.ile-blanche.com\/de\/meereskuste\/\" target=\"\" rel=\"noopener\" class=\"ls-cta__link\">\n\n\t<div class=\"ls-cta__image\"><img decoding=\"async\" src=\"https:\/\/www.ile-blanche.com\/wp-content\/uploads\/2022\/08\/hebergement-bord-mer-ile-de-re.jpg\" alt=\"hebergement bord mer ile de re\"><\/div>\t<span class=\"ile-blanche-right-arrow\"><\/span>\n\t<div class=\"ls-cta__title\">\n\t\t> Campingpl\u00e4tze am Meer\t<\/div>\n\n\t\n<\/a><\/div><\/div><div class=\"wp-block-column\"><div class=\"ls-cta\">\n\n<a href=\"https:\/\/www.ile-blanche.com\/de\/tarif-und-angebotsliste\/\" target=\"\" rel=\"noopener\" class=\"ls-cta__link\">\n\n\t<div class=\"ls-cta__image\"><img decoding=\"async\" src=\"https:\/\/www.ile-blanche.com\/wp-content\/uploads\/2022\/08\/sejour-petit-prix-charente-maritime.jpg\" alt=\"sejour petit prix charente maritime\"><\/div>\t<span class=\"ile-blanche-right-arrow\"><\/span>\n\t<div class=\"ls-cta__title\">\n\t\t> Tarife und Angebote\t<\/div>\n\n\t\n<\/a><\/div><\/div><div class=\"wp-block-column\"><div class=\"ls-cta\">\n\n<a href=\"https:\/\/www.ile-blanche.com\/de\/unsere-mobilheime-und-bungalows\/\" target=\"\" rel=\"noopener\" class=\"ls-cta__link\">\n\n\t<div class=\"ls-cta__image\"><img decoding=\"async\" src=\"https:\/\/www.ile-blanche.com\/wp-content\/uploads\/2022\/08\/louer-mobil-home-charente-maritime.jpg\" alt=\"louer mobil-home charente maritime\"><\/div>\t<span class=\"ile-blanche-right-arrow\"><\/span>\n\t<div class=\"ls-cta__title\">\n\t\t> VERMIETUNG MOBILHEIM ILE DE R\u00c9\t<\/div>\n\n\t\n<\/a><\/div><\/div><\/div><\/div>\n\n    <\/div>\n<\/section>","protected":false},"excerpt":{"rendered":"","protected":false},"author":1,"featured_media":11298,"parent":0,"menu_order":0,"comment_status":"closed","ping_status":"closed","template":"","meta":{"_acf_changed":false,"footnotes":""},"sujet":[],"class_list":["post-14828","page","type-page","status-publish","has-post-thumbnail","hentry"],"acf":[],"yoast_head":"<!-- This site is optimized with the Yoast SEO plugin v25.3 - https:\/\/yoast.com\/wordpress\/plugins\/seo\/ -->\n<title>Verkauf von gebrauchten Mobilheimen Charente-Maritime | Kauf von Mobilheimen Ile de R\u00e9<\/title>\n<meta name=\"description\" content=\"Erfahren Sie mehr \u00fcber den Kauf eines Mobilheims auf dem Campingplatz Ile Blanche in La Flotte en R\u00e9: Werden Sie Eigent\u00fcmer Ihres eigenen Mobilheims, hier erfahren Sie alles!\" \/>\n<meta name=\"robots\" content=\"index, follow, max-snippet:-1, max-image-preview:large, max-video-preview:-1\" \/>\n<link rel=\"canonical\" href=\"https:\/\/www.ile-blanche.com\/de\/eigentuemer-werden\/\" \/>\n<meta property=\"og:locale\" content=\"de_DE\" \/>\n<meta property=\"og:type\" content=\"article\" \/>\n<meta property=\"og:title\" content=\"Verkauf von gebrauchten Mobilheimen Charente-Maritime | Kauf von Mobilheimen Ile de R\u00e9\" \/>\n<meta property=\"og:description\" content=\"Erfahren Sie mehr \u00fcber den Kauf eines Mobilheims auf dem Campingplatz Ile Blanche in La Flotte en R\u00e9: Werden Sie Eigent\u00fcmer Ihres eigenen Mobilheims, hier erfahren Sie alles!\" \/>\n<meta property=\"og:url\" content=\"https:\/\/www.ile-blanche.com\/de\/eigentuemer-werden\/\" \/>\n<meta property=\"og:site_name\" content=\"L&#039;\u00cele Blanche\" \/>\n<meta property=\"article:modified_time\" content=\"2022-11-10T16:32:26+00:00\" \/>\n<meta property=\"og:image\" content=\"https:\/\/www.ile-blanche.com\/wp-content\/uploads\/2022\/08\/acheter-mobil-home-ile-de-re-1.jpg\" \/>\n\t<meta property=\"og:image:width\" content=\"1900\" \/>\n\t<meta property=\"og:image:height\" content=\"480\" \/>\n\t<meta property=\"og:image:type\" content=\"image\/jpeg\" \/>\n<meta name=\"twitter:card\" content=\"summary_large_image\" \/>\n<meta name=\"twitter:label1\" content=\"Gesch\u00e4tzte Lesezeit\" \/>\n\t<meta name=\"twitter:data1\" content=\"5\u00a0Minuten\" \/>\n<script type=\"application\/ld+json\" class=\"yoast-schema-graph\">{\"@context\":\"https:\/\/schema.org\",\"@graph\":[{\"@type\":\"WebPage\",\"@id\":\"https:\/\/www.ile-blanche.com\/de\/eigentuemer-werden\/\",\"url\":\"https:\/\/www.ile-blanche.com\/de\/eigentuemer-werden\/\",\"name\":\"Verkauf von gebrauchten Mobilheimen Charente-Maritime | Kauf von Mobilheimen Ile de R\u00e9\",\"isPartOf\":{\"@id\":\"https:\/\/www.ile-blanche.com\/de\/#website\"},\"primaryImageOfPage\":{\"@id\":\"https:\/\/www.ile-blanche.com\/de\/eigentuemer-werden\/#primaryimage\"},\"image\":{\"@id\":\"https:\/\/www.ile-blanche.com\/de\/eigentuemer-werden\/#primaryimage\"},\"thumbnailUrl\":\"https:\/\/www.ile-blanche.com\/wp-content\/uploads\/2022\/08\/acheter-mobil-home-ile-de-re-1.jpg\",\"datePublished\":\"2022-11-04T10:56:54+00:00\",\"dateModified\":\"2022-11-10T16:32:26+00:00\",\"description\":\"Erfahren Sie mehr \u00fcber den Kauf eines Mobilheims auf dem Campingplatz Ile Blanche in La Flotte en R\u00e9: Werden Sie Eigent\u00fcmer Ihres eigenen Mobilheims, hier erfahren Sie alles!\",\"breadcrumb\":{\"@id\":\"https:\/\/www.ile-blanche.com\/de\/eigentuemer-werden\/#breadcrumb\"},\"inLanguage\":\"de\",\"potentialAction\":[{\"@type\":\"ReadAction\",\"target\":[\"https:\/\/www.ile-blanche.com\/de\/eigentuemer-werden\/\"]}]},{\"@type\":\"ImageObject\",\"inLanguage\":\"de\",\"@id\":\"https:\/\/www.ile-blanche.com\/de\/eigentuemer-werden\/#primaryimage\",\"url\":\"https:\/\/www.ile-blanche.com\/wp-content\/uploads\/2022\/08\/acheter-mobil-home-ile-de-re-1.jpg\",\"contentUrl\":\"https:\/\/www.ile-blanche.com\/wp-content\/uploads\/2022\/08\/acheter-mobil-home-ile-de-re-1.jpg\",\"width\":1900,\"height\":480,\"caption\":\"acheter mobil home ile de re\"},{\"@type\":\"BreadcrumbList\",\"@id\":\"https:\/\/www.ile-blanche.com\/de\/eigentuemer-werden\/#breadcrumb\",\"itemListElement\":[{\"@type\":\"ListItem\",\"position\":1,\"name\":\"Campingplatz \u00cele de R\u00e9\",\"item\":\"https:\/\/www.ile-blanche.com\/de\/\"},{\"@type\":\"ListItem\",\"position\":2,\"name\":\"Verkauf Mobilheim Ile de R\u00e9\"}]},{\"@type\":\"WebSite\",\"@id\":\"https:\/\/www.ile-blanche.com\/de\/#website\",\"url\":\"https:\/\/www.ile-blanche.com\/de\/\",\"name\":\"L'\u00cele Blanche\",\"description\":\"\",\"publisher\":{\"@id\":\"https:\/\/www.ile-blanche.com\/de\/#organization\"},\"potentialAction\":[{\"@type\":\"SearchAction\",\"target\":{\"@type\":\"EntryPoint\",\"urlTemplate\":\"https:\/\/www.ile-blanche.com\/de\/?s={search_term_string}\"},\"query-input\":{\"@type\":\"PropertyValueSpecification\",\"valueRequired\":true,\"valueName\":\"search_term_string\"}}],\"inLanguage\":\"de\"},{\"@type\":\"Organization\",\"@id\":\"https:\/\/www.ile-blanche.com\/de\/#organization\",\"name\":\"L'\u00cele Blanche\",\"url\":\"https:\/\/www.ile-blanche.com\/de\/\",\"logo\":{\"@type\":\"ImageObject\",\"inLanguage\":\"de\",\"@id\":\"https:\/\/www.ile-blanche.com\/de\/#\/schema\/logo\/image\/\",\"url\":\"https:\/\/www.ile-blanche.com\/wp-content\/uploads\/2022\/06\/cropped-logo-alt-ile-blanche.png\",\"contentUrl\":\"https:\/\/www.ile-blanche.com\/wp-content\/uploads\/2022\/06\/cropped-logo-alt-ile-blanche.png\",\"width\":512,\"height\":512,\"caption\":\"L'\u00cele Blanche\"},\"image\":{\"@id\":\"https:\/\/www.ile-blanche.com\/de\/#\/schema\/logo\/image\/\"}}]}<\/script>\n<!-- \/ Yoast SEO plugin. -->","yoast_head_json":{"title":"Verkauf von gebrauchten Mobilheimen Charente-Maritime | Kauf von Mobilheimen Ile de R\u00e9","description":"Erfahren Sie mehr \u00fcber den Kauf eines Mobilheims auf dem Campingplatz Ile Blanche in La Flotte en R\u00e9: Werden Sie Eigent\u00fcmer Ihres eigenen Mobilheims, hier erfahren Sie alles!","robots":{"index":"index","follow":"follow","max-snippet":"max-snippet:-1","max-image-preview":"max-image-preview:large","max-video-preview":"max-video-preview:-1"},"canonical":"https:\/\/www.ile-blanche.com\/de\/eigentuemer-werden\/","og_locale":"de_DE","og_type":"article","og_title":"Verkauf von gebrauchten Mobilheimen Charente-Maritime | Kauf von Mobilheimen Ile de R\u00e9","og_description":"Erfahren Sie mehr \u00fcber den Kauf eines Mobilheims auf dem Campingplatz Ile Blanche in La Flotte en R\u00e9: Werden Sie Eigent\u00fcmer Ihres eigenen Mobilheims, hier erfahren Sie alles!","og_url":"https:\/\/www.ile-blanche.com\/de\/eigentuemer-werden\/","og_site_name":"L&#039;\u00cele Blanche","article_modified_time":"2022-11-10T16:32:26+00:00","og_image":[{"width":1900,"height":480,"url":"https:\/\/www.ile-blanche.com\/wp-content\/uploads\/2022\/08\/acheter-mobil-home-ile-de-re-1.jpg","type":"image\/jpeg"}],"twitter_card":"summary_large_image","twitter_misc":{"Gesch\u00e4tzte Lesezeit":"5\u00a0Minuten"},"schema":{"@context":"https:\/\/schema.org","@graph":[{"@type":"WebPage","@id":"https:\/\/www.ile-blanche.com\/de\/eigentuemer-werden\/","url":"https:\/\/www.ile-blanche.com\/de\/eigentuemer-werden\/","name":"Verkauf von gebrauchten Mobilheimen Charente-Maritime | Kauf von Mobilheimen Ile de R\u00e9","isPartOf":{"@id":"https:\/\/www.ile-blanche.com\/de\/#website"},"primaryImageOfPage":{"@id":"https:\/\/www.ile-blanche.com\/de\/eigentuemer-werden\/#primaryimage"},"image":{"@id":"https:\/\/www.ile-blanche.com\/de\/eigentuemer-werden\/#primaryimage"},"thumbnailUrl":"https:\/\/www.ile-blanche.com\/wp-content\/uploads\/2022\/08\/acheter-mobil-home-ile-de-re-1.jpg","datePublished":"2022-11-04T10:56:54+00:00","dateModified":"2022-11-10T16:32:26+00:00","description":"Erfahren Sie mehr \u00fcber den Kauf eines Mobilheims auf dem Campingplatz Ile Blanche in La Flotte en R\u00e9: Werden Sie Eigent\u00fcmer Ihres eigenen Mobilheims, hier erfahren Sie alles!","breadcrumb":{"@id":"https:\/\/www.ile-blanche.com\/de\/eigentuemer-werden\/#breadcrumb"},"inLanguage":"de","potentialAction":[{"@type":"ReadAction","target":["https:\/\/www.ile-blanche.com\/de\/eigentuemer-werden\/"]}]},{"@type":"ImageObject","inLanguage":"de","@id":"https:\/\/www.ile-blanche.com\/de\/eigentuemer-werden\/#primaryimage","url":"https:\/\/www.ile-blanche.com\/wp-content\/uploads\/2022\/08\/acheter-mobil-home-ile-de-re-1.jpg","contentUrl":"https:\/\/www.ile-blanche.com\/wp-content\/uploads\/2022\/08\/acheter-mobil-home-ile-de-re-1.jpg","width":1900,"height":480,"caption":"acheter mobil home ile de re"},{"@type":"BreadcrumbList","@id":"https:\/\/www.ile-blanche.com\/de\/eigentuemer-werden\/#breadcrumb","itemListElement":[{"@type":"ListItem","position":1,"name":"Campingplatz \u00cele de R\u00e9","item":"https:\/\/www.ile-blanche.com\/de\/"},{"@type":"ListItem","position":2,"name":"Verkauf Mobilheim Ile de R\u00e9"}]},{"@type":"WebSite","@id":"https:\/\/www.ile-blanche.com\/de\/#website","url":"https:\/\/www.ile-blanche.com\/de\/","name":"L'\u00cele Blanche","description":"","publisher":{"@id":"https:\/\/www.ile-blanche.com\/de\/#organization"},"potentialAction":[{"@type":"SearchAction","target":{"@type":"EntryPoint","urlTemplate":"https:\/\/www.ile-blanche.com\/de\/?s={search_term_string}"},"query-input":{"@type":"PropertyValueSpecification","valueRequired":true,"valueName":"search_term_string"}}],"inLanguage":"de"},{"@type":"Organization","@id":"https:\/\/www.ile-blanche.com\/de\/#organization","name":"L'\u00cele Blanche","url":"https:\/\/www.ile-blanche.com\/de\/","logo":{"@type":"ImageObject","inLanguage":"de","@id":"https:\/\/www.ile-blanche.com\/de\/#\/schema\/logo\/image\/","url":"https:\/\/www.ile-blanche.com\/wp-content\/uploads\/2022\/06\/cropped-logo-alt-ile-blanche.png","contentUrl":"https:\/\/www.ile-blanche.com\/wp-content\/uploads\/2022\/06\/cropped-logo-alt-ile-blanche.png","width":512,"height":512,"caption":"L'\u00cele Blanche"},"image":{"@id":"https:\/\/www.ile-blanche.com\/de\/#\/schema\/logo\/image\/"}}]}},"_links":{"self":[{"href":"https:\/\/www.ile-blanche.com\/de\/wp-json\/wp\/v2\/pages\/14828","targetHints":{"allow":["GET"]}}],"collection":[{"href":"https:\/\/www.ile-blanche.com\/de\/wp-json\/wp\/v2\/pages"}],"about":[{"href":"https:\/\/www.ile-blanche.com\/de\/wp-json\/wp\/v2\/types\/page"}],"author":[{"embeddable":true,"href":"https:\/\/www.ile-blanche.com\/de\/wp-json\/wp\/v2\/users\/1"}],"replies":[{"embeddable":true,"href":"https:\/\/www.ile-blanche.com\/de\/wp-json\/wp\/v2\/comments?post=14828"}],"version-history":[{"count":9,"href":"https:\/\/www.ile-blanche.com\/de\/wp-json\/wp\/v2\/pages\/14828\/revisions"}],"predecessor-version":[{"id":16459,"href":"https:\/\/www.ile-blanche.com\/de\/wp-json\/wp\/v2\/pages\/14828\/revisions\/16459"}],"wp:featuredmedia":[{"embeddable":true,"href":"https:\/\/www.ile-blanche.com\/de\/wp-json\/wp\/v2\/media\/11298"}],"wp:attachment":[{"href":"https:\/\/www.ile-blanche.com\/de\/wp-json\/wp\/v2\/media?parent=14828"}],"wp:term":[{"taxonomy":"sujet","embeddable":true,"href":"https:\/\/www.ile-blanche.com\/de\/wp-json\/wp\/v2\/sujet?post=14828"}],"curies":[{"name":"wp","href":"https:\/\/api.w.org\/{rel}","templated":true}]}}