{"id":14824,"date":"2022-11-04T11:46:39","date_gmt":"2022-11-04T10:46:39","guid":{"rendered":"https:\/\/www.ile-blanche.com\/la-flotte-en-re\/"},"modified":"2022-11-10T17:33:04","modified_gmt":"2022-11-10T16:33:04","slug":"la-flotte-en-re","status":"publish","type":"page","link":"https:\/\/www.ile-blanche.com\/de\/la-flotte-en-re\/","title":{"rendered":"La Flotte en R\u00e9"},"content":{"rendered":"<section id=\"ls-section-block_81e02e8f3d08512d0d3dadf62fdba8cd\" class=\"ls-section  page-one home-fourth m-b-0\" >\n        <div class=\"container container--wide\">\n        \n\n<div class=\"wp-block-columns is-layout-flex wp-container-core-columns-is-layout-9d6595d7 wp-block-columns-is-layout-flex\">\n<div class=\"wp-block-column is-vertically-aligned-center is-layout-flow wp-block-column-is-layout-flow\">\n<figure class=\"wp-block-image size-full\"><a href=\"https:\/\/www.ile-blanche.com\/wp-content\/uploads\/2022\/08\/port-de-la-flotte-en-re.jpg\"><img decoding=\"async\" width=\"900\" height=\"506\" src=\"https:\/\/www.ile-blanche.com\/wp-content\/uploads\/2022\/08\/port-de-la-flotte-en-re.jpg\" alt=\"Flottenport in re\" class=\"wp-image-12145\" srcset=\"https:\/\/www.ile-blanche.com\/wp-content\/uploads\/2022\/08\/port-de-la-flotte-en-re.jpg 900w, https:\/\/www.ile-blanche.com\/wp-content\/uploads\/2022\/08\/port-de-la-flotte-en-re-300x169.jpg 300w, https:\/\/www.ile-blanche.com\/wp-content\/uploads\/2022\/08\/port-de-la-flotte-en-re-768x432.jpg 768w\" sizes=\"(max-width: 900px) 100vw, 900px\" \/><\/a><\/figure>\n<\/div>\n\n\n\n<div class=\"wp-block-column is-vertically-aligned-center is-layout-flow wp-block-column-is-layout-flow\">\n<h1 class=\"ls-heading wp-block-heading\">DIE FLOTTE AUF DER R\u00dcCKFAHRT BESUCHEN<\/h1>\n\n\n\n<h2 class=\"ls-heading wp-block-heading\">Urlaub in La Flotte en R\u00e9<\/h2>\n\n\n\n<p class=\"ls-paragraph\">Das Dorf La Flotte en R\u00e9, das zu einem der sch\u00f6nsten D\u00f6rfer Frankreichs gew\u00e4hlt wurde, ist ein Muss f\u00fcr Ihren Besuch auf der \u00cele de R\u00e9 und wird f\u00fcr Sie und Ihre Familie eine au\u00dfergew\u00f6hnliche Entdeckung sein.<\/p>\n\n\n\n<p class=\"ls-paragraph\">Nutzen Sie die Gelegenheit, auf der \u00cele de R\u00e9 <a href=\"\/de\/vermietung-fahrrad\/\">ein Fahrrad zu mieten<\/a>, und entdecken Sie das charmante Dorf La Flotte-en-R\u00e9 im D\u00e9partement Charente-Maritime.<\/p>\n\n\n\n<p class=\"ls-paragraph\">Der ideale Hafen, um sich an einem Aperitiftisch zu treffen und dabei von den <strong>zahlreichen Veranstaltungen<\/strong> zu profitieren: Nachtm\u00e4rkte, Konzerte und Auff\u00fchrungen.<\/p>\n<\/div>\n<\/div>\n\n\n    <\/div>\n<\/section>\n\n<section id=\"ls-section-block_8f58aeae67e9c28cc0be30f8f1d8c386\" class=\"ls-section  p-t-0 m-b-0 p-b-0\" >\n        <div class=\"container container--full\">\n        \n\n<div class=\"wp-block-columns is-layout-flex wp-container-core-columns-is-layout-9d6595d7 wp-block-columns-is-layout-flex\">\n<div class=\"wp-block-column is-vertically-aligned-center column-left is-layout-flow wp-block-column-is-layout-flow\" style=\"flex-basis:50%\">\n<p class=\"ls-paragraph\">Die Gemeinde, in der sich unser <a href=\"\/de\/\">Campingplatz in La Flotte-en-R\u00e9<\/a> befindet, ist <strong>eines der \u00e4ltesten D\u00f6rfer auf der \u00cele de R\u00e9<\/strong>.<\/p>\n\n\n\n<p class=\"ls-paragraph\">Sie k\u00f6nnen einen Spaziergang durch den alten Hafen machen, ein Glas auf einer Terrasse trinken, \u00fcber den ber\u00fchmten mittelalterlichen Markt gehen und wieder zur\u00fcckkehren, um den Hafen und seinen Nachtmarkt zu genie\u00dfen, der zwischen Juli und August jeden Abend ge\u00f6ffnet ist. Bei Ausfl\u00fcgen auf den Radwegen k\u00f6nnen Sie an der Atlantikk\u00fcste entlangfahren, bevor Sie im Dorfzentrum wieder Austern probieren.<\/p>\n\n\n\n<p class=\"ls-paragraph\">La Flotte verf\u00fcgt \u00fcber ein reiches Erbe, das es wert ist, entdeckt zu werden. Zu den Sehensw\u00fcrdigkeiten in La Flotte-en-R\u00e9 geh\u00f6ren :<\/p>\n\n\n\n<ul class=\"ls-list wp-block-list\">\n<li><strong>Die Abtei Les Ch\u00e2teliers<\/strong><\/li>\n\n\n\n<li><strong>Das Haus von Plantin<\/strong><\/li>\n\n\n\n<li><strong>Sein mittelalterlicher Markt<\/strong><\/li>\n\n\n\n<li><strong>Das Fort de la Pr\u00e9e<\/strong><\/li>\n\n\n\n<li><strong>Die Kirche der Heiligen Katharina<\/strong><\/li>\n<\/ul>\n<\/div>\n\n\n\n<div class=\"wp-block-column is-vertically-aligned-center is-layout-flow wp-block-column-is-layout-flow\" style=\"flex-basis:50%\">\n<figure class=\"wp-block-image size-full\"><img decoding=\"async\" width=\"990\" height=\"634\" src=\"https:\/\/www.ile-blanche.com\/wp-content\/uploads\/2022\/08\/vieux-port-flotte-en-re.jpg\" alt=\"alter hafen schwimmt in re\" class=\"wp-image-12139\" srcset=\"https:\/\/www.ile-blanche.com\/wp-content\/uploads\/2022\/08\/vieux-port-flotte-en-re.jpg 990w, https:\/\/www.ile-blanche.com\/wp-content\/uploads\/2022\/08\/vieux-port-flotte-en-re-300x192.jpg 300w, https:\/\/www.ile-blanche.com\/wp-content\/uploads\/2022\/08\/vieux-port-flotte-en-re-768x492.jpg 768w\" sizes=\"(max-width: 990px) 100vw, 990px\" \/><\/figure>\n<\/div>\n<\/div>\n\n\n    <\/div>\n<\/section>\n\n<section id=\"ls-section-block_a4128edef17187ad7a049641c882f97d\" class=\"ls-section  m-b-0 p-b-0\" >\n        <div class=\"container container--full\">\n        \n\n<div class=\"wp-block-columns m-b-8 is-layout-flex wp-container-core-columns-is-layout-9d6595d7 wp-block-columns-is-layout-flex\">\n<div class=\"wp-block-column is-vertically-aligned-center is-layout-flow wp-block-column-is-layout-flow\" style=\"flex-basis:100%\">\n<iframe src=\"https:\/\/www.google.com\/maps\/embed?pb=!1m14!1m8!1m3!1d88396.36473295861!2d-1.31943!3d46.182869!3m2!1i1024!2i768!4f13.1!3m3!1m2!1s0x4803ff4059e6b539%3A0x4e7edfcf66b85c00!2sLa%20Flotte!5e0!3m2!1sfr!2sfr!4v1661153635405!5m2!1sfr!2sfr\" width=\"100%\" height=\"450\" style=\"border:0;\" allowfullscreen=\"\" loading=\"lazy\" referrerpolicy=\"no-referrer-when-downgrade\"><\/iframe>\n<\/div>\n<\/div>\n\n\n    <\/div>\n<\/section>\n\n<section id=\"ls-section-block_5f4cf248bc60e65d9ffb9680ca2cf0f7\" class=\"ls-section  m-t-0 p-t-0 m-b-0 p-b-0\" >\n        <div class=\"container container--full\">\n        \n\n<div class=\"wp-block-columns is-layout-flex wp-container-core-columns-is-layout-9d6595d7 wp-block-columns-is-layout-flex\">\n<div class=\"wp-block-column is-vertically-aligned-top is-layout-flow wp-block-column-is-layout-flow\" style=\"flex-basis:50%\">\n<figure class=\"wp-block-image size-full\"><img decoding=\"async\" width=\"990\" height=\"634\" src=\"https:\/\/www.ile-blanche.com\/wp-content\/uploads\/2022\/08\/decouverte-village-flotte-en-re.jpg\" alt=\"decouverte village flotte en re\" class=\"wp-image-12132\" srcset=\"https:\/\/www.ile-blanche.com\/wp-content\/uploads\/2022\/08\/decouverte-village-flotte-en-re.jpg 990w, https:\/\/www.ile-blanche.com\/wp-content\/uploads\/2022\/08\/decouverte-village-flotte-en-re-300x192.jpg 300w, https:\/\/www.ile-blanche.com\/wp-content\/uploads\/2022\/08\/decouverte-village-flotte-en-re-768x492.jpg 768w\" sizes=\"(max-width: 990px) 100vw, 990px\" \/><\/figure>\n<\/div>\n\n\n\n<div class=\"wp-block-column is-vertically-aligned-center column-right is-layout-flow wp-block-column-is-layout-flow\" style=\"flex-basis:50%\">\n<h2 class=\"ls-heading wp-block-heading\">Das Dorf La Flotte-en-R\u00e9<\/h2>\n\n\n\n<p class=\"ls-paragraph\">La Flotte verf\u00fchrt seine Besucher mit seinem authentischen Charme, der Qualit\u00e4t seines Lebensraums und seiner idyllischen Umgebung. Diese ehemalige kleine Kaufmannsstadt geh\u00f6rt heute zu den sch\u00f6nsten D\u00f6rfern Frankreichs.<\/p>\n\n\n\n<p class=\"ls-paragraph\">Das Dorf verf\u00fcgt \u00fcber ein au\u00dfergew\u00f6hnliches historisches und kulturelles Erbe. Zu den Sehensw\u00fcrdigkeiten, die einen Besuch wert sind, geh\u00f6ren u. a. die Kirche Sainte-Catherine, die Abtei Les Ch\u00e2teliers, das Fort la Pr\u00e9e&#8230;<\/p>\n\n\n\n<p class=\"ls-paragraph\">Die Entdeckung von La Flotte erm\u00f6glicht in gewisser Weise auch einen gewaltigen Sprung in die Vergangenheit der \u00cele de R\u00e9, sei es bei einem Besuch im Mus\u00e9e du Platin oder im Rahmen einer F\u00fchrung durch die Stra\u00dfen des Dorfes.<\/p>\n<\/div>\n<\/div>\n\n\n    <\/div>\n<\/section>\n\n<section id=\"ls-section-block_2e9fa0806b6ba7f3de337de8d0bec3d4\" class=\"ls-section  m-t-0 p-t-0 m-b-0 p-b-0 has-m-t m-t-10 has-m-b m-b-10\" >\n        <div class=\"container container--full\">\n        \n\n<div class=\"wp-block-columns is-layout-flex wp-container-core-columns-is-layout-9d6595d7 wp-block-columns-is-layout-flex\">\n<div class=\"wp-block-column is-vertically-aligned-center column-left is-layout-flow wp-block-column-is-layout-flow\" style=\"flex-basis:50%\">\n<p class=\"ls-paragraph\">Es gibt nichts Besseres, um einen Tag mit der Erkundung von La Flotte-en-R\u00e9 zu beginnen, als die Terrasse eines Caf\u00e9s am Hafen. Die Umgebung ist atemberaubend und die Atmosph\u00e4re friedlich. Der Spaziergang wird dann durch einen unumg\u00e4nglichen Halt am Marktplatz unterbrochen. Es ist schwer, den vielen lokalen Produkten zu widerstehen, die von den f\u00fcr ihren herzlichen Empfang bekannten H\u00e4ndlern angeboten werden.<\/p>\n\n\n\n<p class=\"ls-paragraph\">Besucher nutzen ihren Aufenthalt auch, um den Strand von Arn\u00e9rault zu genie\u00dfen, der nur wenige Schritte vom Hafen entfernt liegt. Der Ort ist perfekt, um sich dem Baden hinzugeben oder im Schatten der B\u00e4ume am Strand eine Pause einzulegen. Nach dieser wohlverdienten Pause wird in den Einkaufsstra\u00dfen des Dorfes ein Eis genossen.<\/p>\n<\/div>\n\n\n\n<div class=\"wp-block-column is-vertically-aligned-top is-layout-flow wp-block-column-is-layout-flow\" style=\"flex-basis:50%\"><div class=\"wp-block-image\">\n<figure class=\"aligncenter size-full\"><img decoding=\"async\" width=\"990\" height=\"634\" src=\"https:\/\/www.ile-blanche.com\/wp-content\/uploads\/2022\/08\/cafe-terrasse-flotte-en-re.jpg\" alt=\"cafe terrasse flotte en re\" class=\"wp-image-12124\" srcset=\"https:\/\/www.ile-blanche.com\/wp-content\/uploads\/2022\/08\/cafe-terrasse-flotte-en-re.jpg 990w, https:\/\/www.ile-blanche.com\/wp-content\/uploads\/2022\/08\/cafe-terrasse-flotte-en-re-300x192.jpg 300w, https:\/\/www.ile-blanche.com\/wp-content\/uploads\/2022\/08\/cafe-terrasse-flotte-en-re-768x492.jpg 768w\" sizes=\"(max-width: 990px) 100vw, 990px\" \/><\/figure>\n<\/div><\/div>\n<\/div>\n\n\n    <\/div>\n<\/section>\n\n<section id=\"ls-section-block_bd80783dbf474ca5f00e6052d7c40379\" class=\"ls-section  m-t-0 p-t-0 m-b-0 p-b-0 has-m-b m-b-10 has-p-b p-b-5\" >\n        <div class=\"container container--full\">\n        \n\n<div class=\"wp-block-columns is-layout-flex wp-container-core-columns-is-layout-9d6595d7 wp-block-columns-is-layout-flex\">\n<div class=\"wp-block-column is-vertically-aligned-top is-layout-flow wp-block-column-is-layout-flow\" style=\"flex-basis:50%\">\n<figure class=\"wp-block-image size-full\"><img decoding=\"async\" width=\"990\" height=\"634\" src=\"https:\/\/www.ile-blanche.com\/wp-content\/uploads\/2022\/08\/port-flotte-en-re.jpg\" alt=\"port flotte in re\" class=\"wp-image-12118\" srcset=\"https:\/\/www.ile-blanche.com\/wp-content\/uploads\/2022\/08\/port-flotte-en-re.jpg 990w, https:\/\/www.ile-blanche.com\/wp-content\/uploads\/2022\/08\/port-flotte-en-re-300x192.jpg 300w, https:\/\/www.ile-blanche.com\/wp-content\/uploads\/2022\/08\/port-flotte-en-re-768x492.jpg 768w\" sizes=\"(max-width: 990px) 100vw, 990px\" \/><\/figure>\n<\/div>\n\n\n\n<div class=\"wp-block-column is-vertically-aligned-center column-right is-layout-flow wp-block-column-is-layout-flow\" style=\"flex-basis:50%\">\n<p class=\"ls-paragraph\">Der Tag endet meist am Hafen, wo man die letzten Boote bewundern kann, die vom Meer zur\u00fcckkehren. Man kommt hierher, um mit der Familie oder Freunden etwas zu trinken oder um in einer der vielen Gastst\u00e4tten im Hafen oder am Wasser lokale Spezialit\u00e4ten zu genie\u00dfen.<\/p>\n\n\n\n<p class=\"ls-paragraph\">Im Juli und August k\u00f6nnen Besucher und Einheimische jeden Abend \u00fcber den Nachtmarkt auf dem Cours F\u00e9lix Faure schlendern und ein Konzert auf der gro\u00dfen B\u00fchne neben dem Touristeninformationsb\u00fcro genie\u00dfen.<\/p>\n<\/div>\n<\/div>\n\n\n    <\/div>\n<\/section>\n\n<section id=\"ls-section-block_c5b6c78a87d1d365be5d7331c076dfb6\" class=\"ls-section  page-four has-background-image\" >\n    <div class=\"ls-section__background-image opacity-100\"><img decoding=\"async\" src=\"https:\/\/www.ile-blanche.com\/wp-content\/uploads\/2022\/08\/plage-arnerault-flotte-en-re.jpg\" alt=\"plage arnerault flotte en re\"><\/div>    <div class=\"container container--wide\">\n        \n\n<h2 class=\"ls-heading wp-block-heading\"><strong>Unumg\u00e4ngliche Aktivit\u00e4ten in La Flotte en R\u00e9<\/strong><\/h2>\n\n\n\n<p class=\"ls-paragraph\"><strong>Der<\/strong> <strong>Strand von Arn\u00e9rault<\/strong> ist ein Muss f\u00fcr jeden Campingplatz in La Flotte-en-R\u00e9. Hier k\u00f6nnen Sie sich mit der Familie oder mit Freunden in reinster Urlaubsfreude auf der \u00cele de R\u00e9 entspannen. Der Strand von L&#8217;Arn\u00e9rault ist vor allem der einzige Strand des Dorfes La Flotte. Sie ist vom Stadtzentrum aus in wenigen Schritten zu erreichen und erstreckt sich \u00fcber fast einen Kilometer gegen\u00fcber dem Hafen.<\/p>\n\n\n    <\/div>\n<\/section>\n\n<section id=\"ls-section-block_5f4cf248bc60e65d9ffb9680ca2cf0f7\" class=\"ls-section  m-t-0 p-t-0 m-b-0 p-b-0\" >\n        <div class=\"container container--full\">\n        \n\n<div class=\"wp-block-columns is-layout-flex wp-container-core-columns-is-layout-9d6595d7 wp-block-columns-is-layout-flex\">\n<div class=\"wp-block-column is-vertically-aligned-center column-left is-layout-flow wp-block-column-is-layout-flow\" style=\"flex-basis:50%\">\n<p class=\"ls-paragraph\">Genie\u00dfen Sie die Gischt des Atlantiks und verbringen Sie wunderbare Momente zwischen Schwimmen und Sonnenbaden an den feinen Sandstr\u00e4nden, w\u00e4hrend die Kinder Sandburgen bauen.<\/p>\n\n\n\n<p class=\"ls-paragraph\">Wer es <strong>sportlicher<\/strong> mag, kann sich an zahlreichen Wassersportarten wie Kajakfahren, Surfen oder Strandsegeln versuchen.<\/p>\n\n\n\n<p class=\"ls-paragraph\">An der Atlantikk\u00fcste mangelt es nicht an Spazierg\u00e4ngen entlang der K\u00fcste. Nehmen Sie sich die Zeit, um mit Ihren Kindern am Strand spazieren zu gehen.<\/p>\n<\/div>\n\n\n\n<div class=\"wp-block-column is-vertically-aligned-top is-layout-flow wp-block-column-is-layout-flow\" style=\"flex-basis:50%\"><div class=\"wp-block-image\">\n<figure class=\"aligncenter size-full\"><img decoding=\"async\" width=\"990\" height=\"634\" src=\"https:\/\/www.ile-blanche.com\/wp-content\/uploads\/2022\/08\/kayak-flotte-en-re.jpg\" alt=\"kajak schwimmt in re\" class=\"wp-image-12106\" srcset=\"https:\/\/www.ile-blanche.com\/wp-content\/uploads\/2022\/08\/kayak-flotte-en-re.jpg 990w, https:\/\/www.ile-blanche.com\/wp-content\/uploads\/2022\/08\/kayak-flotte-en-re-300x192.jpg 300w, https:\/\/www.ile-blanche.com\/wp-content\/uploads\/2022\/08\/kayak-flotte-en-re-768x492.jpg 768w\" sizes=\"(max-width: 990px) 100vw, 990px\" \/><\/figure>\n<\/div><\/div>\n<\/div>\n\n\n    <\/div>\n<\/section>\n\n<section id=\"ls-section-block_098a6cfa01efc95fd98a7ad4a7148764\" class=\"ls-section  home-eighth m-b-0\" >\n        <div class=\"container container--wide\">\n        \n\n<div id=\"ls-heading ls-titre-div-block_ae6a5444d3ac6d459760f1b1bf238b48\" class=\"ls-titre-div aligncenter h2-like\" >\n    Zu entdecken in der Umgebung von La Flotte<\/div>\n\n\n<div id=\"ls-maillage-block_b37e062c8ee4615c01fd7dc30f07f215\" class=\"ls-maillage cta-style-normal\" data-rows=\"3\">\r\n    <div class=\"wp-block-columns\"><div class=\"wp-block-column\"><div class=\"ls-cta\">\n\n<a href=\"https:\/\/www.ile-blanche.com\/de\/aktivitaeten-auf-der-insel-von-re\/\" target=\"\" rel=\"noopener\" class=\"ls-cta__link\">\n\n\t<div class=\"ls-cta__image\"><img decoding=\"async\" src=\"https:\/\/www.ile-blanche.com\/wp-content\/uploads\/2022\/09\/decouvrir-st-clement-baleines-a-re.jpg\" alt=\"decouvrir st clement-baleines a re\"><\/div>\t<span class=\"ile-blanche-right-arrow\"><\/span>\n\t<div class=\"ls-cta__title\">\n\t\t> Ile de R\u00e9 Aktivit\u00e4ten\t<\/div>\n\n\t\n<\/a><\/div><\/div><div class=\"wp-block-column\"><div class=\"ls-cta\">\n\n<a href=\"https:\/\/www.ile-blanche.com\/de\/ile-de-re\/\" target=\"\" rel=\"noopener\" class=\"ls-cta__link\">\n\n\t<div class=\"ls-cta__image\"><img decoding=\"async\" src=\"https:\/\/www.ile-blanche.com\/wp-content\/uploads\/2022\/09\/ile-de-re-vacances-et-tourisme.jpg\" alt=\"ile de re vacances et tourisme\"><\/div>\t<span class=\"ile-blanche-right-arrow\"><\/span>\n\t<div class=\"ls-cta__title\">\n\t\t> Tourismus \u00eele de R\u00e9\t<\/div>\n\n\t\n<\/a><\/div><\/div><\/div><\/div>\n\n    <\/div>\n<\/section>","protected":false},"excerpt":{"rendered":"","protected":false},"author":1,"featured_media":12153,"parent":0,"menu_order":0,"comment_status":"closed","ping_status":"closed","template":"","meta":{"_acf_changed":false,"footnotes":""},"sujet":[],"class_list":["post-14824","page","type-page","status-publish","has-post-thumbnail","hentry"],"acf":[],"yoast_head":"<!-- This site is optimized with the Yoast SEO plugin v25.3 - https:\/\/yoast.com\/wordpress\/plugins\/seo\/ -->\n<title>Tourismus La Flotte en R\u00e9: Was gibt es in La Flotte en R\u00e9 zu sehen und zu erleben?<\/title>\n<meta name=\"description\" content=\"Wenn Sie vor Ihrem Urlaub auf dem campingplatz Ile Blanche alles \u00fcber La Flotte en R\u00e9 wissen m\u00f6chten: Entdecken Sie alle touristischen Aktivit\u00e4ten in La Flotte en R\u00e9.\" \/>\n<meta name=\"robots\" content=\"index, follow, max-snippet:-1, max-image-preview:large, max-video-preview:-1\" \/>\n<link rel=\"canonical\" href=\"https:\/\/www.ile-blanche.com\/de\/la-flotte-en-re\/\" \/>\n<meta property=\"og:locale\" content=\"de_DE\" \/>\n<meta property=\"og:type\" content=\"article\" \/>\n<meta property=\"og:title\" content=\"Tourismus La Flotte en R\u00e9: Was gibt es in La Flotte en R\u00e9 zu sehen und zu erleben?\" \/>\n<meta property=\"og:description\" content=\"Wenn Sie vor Ihrem Urlaub auf dem campingplatz Ile Blanche alles \u00fcber La Flotte en R\u00e9 wissen m\u00f6chten: Entdecken Sie alle touristischen Aktivit\u00e4ten in La Flotte en R\u00e9.\" \/>\n<meta property=\"og:url\" content=\"https:\/\/www.ile-blanche.com\/de\/la-flotte-en-re\/\" \/>\n<meta property=\"og:site_name\" content=\"L&#039;\u00cele Blanche\" \/>\n<meta property=\"article:modified_time\" content=\"2022-11-10T16:33:04+00:00\" \/>\n<meta property=\"og:image\" content=\"https:\/\/www.ile-blanche.com\/wp-content\/uploads\/2022\/08\/vacances-famille-flotte-en-re.jpg\" \/>\n\t<meta property=\"og:image:width\" content=\"1920\" \/>\n\t<meta property=\"og:image:height\" content=\"480\" \/>\n\t<meta property=\"og:image:type\" content=\"image\/jpeg\" \/>\n<meta name=\"twitter:card\" content=\"summary_large_image\" \/>\n<meta name=\"twitter:label1\" content=\"Gesch\u00e4tzte Lesezeit\" \/>\n\t<meta name=\"twitter:data1\" content=\"5\u00a0Minuten\" \/>\n<script type=\"application\/ld+json\" class=\"yoast-schema-graph\">{\"@context\":\"https:\/\/schema.org\",\"@graph\":[{\"@type\":\"WebPage\",\"@id\":\"https:\/\/www.ile-blanche.com\/de\/la-flotte-en-re\/\",\"url\":\"https:\/\/www.ile-blanche.com\/de\/la-flotte-en-re\/\",\"name\":\"Tourismus La Flotte en R\u00e9: Was gibt es in La Flotte en R\u00e9 zu sehen und zu erleben?\",\"isPartOf\":{\"@id\":\"https:\/\/www.ile-blanche.com\/de\/#website\"},\"primaryImageOfPage\":{\"@id\":\"https:\/\/www.ile-blanche.com\/de\/la-flotte-en-re\/#primaryimage\"},\"image\":{\"@id\":\"https:\/\/www.ile-blanche.com\/de\/la-flotte-en-re\/#primaryimage\"},\"thumbnailUrl\":\"https:\/\/www.ile-blanche.com\/wp-content\/uploads\/2022\/08\/vacances-famille-flotte-en-re.jpg\",\"datePublished\":\"2022-11-04T10:46:39+00:00\",\"dateModified\":\"2022-11-10T16:33:04+00:00\",\"description\":\"Wenn Sie vor Ihrem Urlaub auf dem campingplatz Ile Blanche alles \u00fcber La Flotte en R\u00e9 wissen m\u00f6chten: Entdecken Sie alle touristischen Aktivit\u00e4ten in La Flotte en R\u00e9.\",\"breadcrumb\":{\"@id\":\"https:\/\/www.ile-blanche.com\/de\/la-flotte-en-re\/#breadcrumb\"},\"inLanguage\":\"de\",\"potentialAction\":[{\"@type\":\"ReadAction\",\"target\":[\"https:\/\/www.ile-blanche.com\/de\/la-flotte-en-re\/\"]}]},{\"@type\":\"ImageObject\",\"inLanguage\":\"de\",\"@id\":\"https:\/\/www.ile-blanche.com\/de\/la-flotte-en-re\/#primaryimage\",\"url\":\"https:\/\/www.ile-blanche.com\/wp-content\/uploads\/2022\/08\/vacances-famille-flotte-en-re.jpg\",\"contentUrl\":\"https:\/\/www.ile-blanche.com\/wp-content\/uploads\/2022\/08\/vacances-famille-flotte-en-re.jpg\",\"width\":1920,\"height\":480,\"caption\":\"vacances famille flotte en re\"},{\"@type\":\"BreadcrumbList\",\"@id\":\"https:\/\/www.ile-blanche.com\/de\/la-flotte-en-re\/#breadcrumb\",\"itemListElement\":[{\"@type\":\"ListItem\",\"position\":1,\"name\":\"Campingplatz \u00cele de R\u00e9\",\"item\":\"https:\/\/www.ile-blanche.com\/de\/\"},{\"@type\":\"ListItem\",\"position\":2,\"name\":\"La Flotte en R\u00e9\"}]},{\"@type\":\"WebSite\",\"@id\":\"https:\/\/www.ile-blanche.com\/de\/#website\",\"url\":\"https:\/\/www.ile-blanche.com\/de\/\",\"name\":\"L'\u00cele Blanche\",\"description\":\"\",\"publisher\":{\"@id\":\"https:\/\/www.ile-blanche.com\/de\/#organization\"},\"potentialAction\":[{\"@type\":\"SearchAction\",\"target\":{\"@type\":\"EntryPoint\",\"urlTemplate\":\"https:\/\/www.ile-blanche.com\/de\/?s={search_term_string}\"},\"query-input\":{\"@type\":\"PropertyValueSpecification\",\"valueRequired\":true,\"valueName\":\"search_term_string\"}}],\"inLanguage\":\"de\"},{\"@type\":\"Organization\",\"@id\":\"https:\/\/www.ile-blanche.com\/de\/#organization\",\"name\":\"L'\u00cele Blanche\",\"url\":\"https:\/\/www.ile-blanche.com\/de\/\",\"logo\":{\"@type\":\"ImageObject\",\"inLanguage\":\"de\",\"@id\":\"https:\/\/www.ile-blanche.com\/de\/#\/schema\/logo\/image\/\",\"url\":\"https:\/\/www.ile-blanche.com\/wp-content\/uploads\/2022\/06\/cropped-logo-alt-ile-blanche.png\",\"contentUrl\":\"https:\/\/www.ile-blanche.com\/wp-content\/uploads\/2022\/06\/cropped-logo-alt-ile-blanche.png\",\"width\":512,\"height\":512,\"caption\":\"L'\u00cele Blanche\"},\"image\":{\"@id\":\"https:\/\/www.ile-blanche.com\/de\/#\/schema\/logo\/image\/\"}}]}<\/script>\n<!-- \/ Yoast SEO plugin. -->","yoast_head_json":{"title":"Tourismus La Flotte en R\u00e9: Was gibt es in La Flotte en R\u00e9 zu sehen und zu erleben?","description":"Wenn Sie vor Ihrem Urlaub auf dem campingplatz Ile Blanche alles \u00fcber La Flotte en R\u00e9 wissen m\u00f6chten: Entdecken Sie alle touristischen Aktivit\u00e4ten in La Flotte en R\u00e9.","robots":{"index":"index","follow":"follow","max-snippet":"max-snippet:-1","max-image-preview":"max-image-preview:large","max-video-preview":"max-video-preview:-1"},"canonical":"https:\/\/www.ile-blanche.com\/de\/la-flotte-en-re\/","og_locale":"de_DE","og_type":"article","og_title":"Tourismus La Flotte en R\u00e9: Was gibt es in La Flotte en R\u00e9 zu sehen und zu erleben?","og_description":"Wenn Sie vor Ihrem Urlaub auf dem campingplatz Ile Blanche alles \u00fcber La Flotte en R\u00e9 wissen m\u00f6chten: Entdecken Sie alle touristischen Aktivit\u00e4ten in La Flotte en R\u00e9.","og_url":"https:\/\/www.ile-blanche.com\/de\/la-flotte-en-re\/","og_site_name":"L&#039;\u00cele Blanche","article_modified_time":"2022-11-10T16:33:04+00:00","og_image":[{"width":1920,"height":480,"url":"https:\/\/www.ile-blanche.com\/wp-content\/uploads\/2022\/08\/vacances-famille-flotte-en-re.jpg","type":"image\/jpeg"}],"twitter_card":"summary_large_image","twitter_misc":{"Gesch\u00e4tzte Lesezeit":"5\u00a0Minuten"},"schema":{"@context":"https:\/\/schema.org","@graph":[{"@type":"WebPage","@id":"https:\/\/www.ile-blanche.com\/de\/la-flotte-en-re\/","url":"https:\/\/www.ile-blanche.com\/de\/la-flotte-en-re\/","name":"Tourismus La Flotte en R\u00e9: Was gibt es in La Flotte en R\u00e9 zu sehen und zu erleben?","isPartOf":{"@id":"https:\/\/www.ile-blanche.com\/de\/#website"},"primaryImageOfPage":{"@id":"https:\/\/www.ile-blanche.com\/de\/la-flotte-en-re\/#primaryimage"},"image":{"@id":"https:\/\/www.ile-blanche.com\/de\/la-flotte-en-re\/#primaryimage"},"thumbnailUrl":"https:\/\/www.ile-blanche.com\/wp-content\/uploads\/2022\/08\/vacances-famille-flotte-en-re.jpg","datePublished":"2022-11-04T10:46:39+00:00","dateModified":"2022-11-10T16:33:04+00:00","description":"Wenn Sie vor Ihrem Urlaub auf dem campingplatz Ile Blanche alles \u00fcber La Flotte en R\u00e9 wissen m\u00f6chten: Entdecken Sie alle touristischen Aktivit\u00e4ten in La Flotte en R\u00e9.","breadcrumb":{"@id":"https:\/\/www.ile-blanche.com\/de\/la-flotte-en-re\/#breadcrumb"},"inLanguage":"de","potentialAction":[{"@type":"ReadAction","target":["https:\/\/www.ile-blanche.com\/de\/la-flotte-en-re\/"]}]},{"@type":"ImageObject","inLanguage":"de","@id":"https:\/\/www.ile-blanche.com\/de\/la-flotte-en-re\/#primaryimage","url":"https:\/\/www.ile-blanche.com\/wp-content\/uploads\/2022\/08\/vacances-famille-flotte-en-re.jpg","contentUrl":"https:\/\/www.ile-blanche.com\/wp-content\/uploads\/2022\/08\/vacances-famille-flotte-en-re.jpg","width":1920,"height":480,"caption":"vacances famille flotte en re"},{"@type":"BreadcrumbList","@id":"https:\/\/www.ile-blanche.com\/de\/la-flotte-en-re\/#breadcrumb","itemListElement":[{"@type":"ListItem","position":1,"name":"Campingplatz \u00cele de R\u00e9","item":"https:\/\/www.ile-blanche.com\/de\/"},{"@type":"ListItem","position":2,"name":"La Flotte en R\u00e9"}]},{"@type":"WebSite","@id":"https:\/\/www.ile-blanche.com\/de\/#website","url":"https:\/\/www.ile-blanche.com\/de\/","name":"L'\u00cele Blanche","description":"","publisher":{"@id":"https:\/\/www.ile-blanche.com\/de\/#organization"},"potentialAction":[{"@type":"SearchAction","target":{"@type":"EntryPoint","urlTemplate":"https:\/\/www.ile-blanche.com\/de\/?s={search_term_string}"},"query-input":{"@type":"PropertyValueSpecification","valueRequired":true,"valueName":"search_term_string"}}],"inLanguage":"de"},{"@type":"Organization","@id":"https:\/\/www.ile-blanche.com\/de\/#organization","name":"L'\u00cele Blanche","url":"https:\/\/www.ile-blanche.com\/de\/","logo":{"@type":"ImageObject","inLanguage":"de","@id":"https:\/\/www.ile-blanche.com\/de\/#\/schema\/logo\/image\/","url":"https:\/\/www.ile-blanche.com\/wp-content\/uploads\/2022\/06\/cropped-logo-alt-ile-blanche.png","contentUrl":"https:\/\/www.ile-blanche.com\/wp-content\/uploads\/2022\/06\/cropped-logo-alt-ile-blanche.png","width":512,"height":512,"caption":"L'\u00cele Blanche"},"image":{"@id":"https:\/\/www.ile-blanche.com\/de\/#\/schema\/logo\/image\/"}}]}},"_links":{"self":[{"href":"https:\/\/www.ile-blanche.com\/de\/wp-json\/wp\/v2\/pages\/14824","targetHints":{"allow":["GET"]}}],"collection":[{"href":"https:\/\/www.ile-blanche.com\/de\/wp-json\/wp\/v2\/pages"}],"about":[{"href":"https:\/\/www.ile-blanche.com\/de\/wp-json\/wp\/v2\/types\/page"}],"author":[{"embeddable":true,"href":"https:\/\/www.ile-blanche.com\/de\/wp-json\/wp\/v2\/users\/1"}],"replies":[{"embeddable":true,"href":"https:\/\/www.ile-blanche.com\/de\/wp-json\/wp\/v2\/comments?post=14824"}],"version-history":[{"count":13,"href":"https:\/\/www.ile-blanche.com\/de\/wp-json\/wp\/v2\/pages\/14824\/revisions"}],"predecessor-version":[{"id":16461,"href":"https:\/\/www.ile-blanche.com\/de\/wp-json\/wp\/v2\/pages\/14824\/revisions\/16461"}],"wp:featuredmedia":[{"embeddable":true,"href":"https:\/\/www.ile-blanche.com\/de\/wp-json\/wp\/v2\/media\/12153"}],"wp:attachment":[{"href":"https:\/\/www.ile-blanche.com\/de\/wp-json\/wp\/v2\/media?parent=14824"}],"wp:term":[{"taxonomy":"sujet","embeddable":true,"href":"https:\/\/www.ile-blanche.com\/de\/wp-json\/wp\/v2\/sujet?post=14824"}],"curies":[{"name":"wp","href":"https:\/\/api.w.org\/{rel}","templated":true}]}}